{"id":25983,"date":"2026-09-01T17:33:40","date_gmt":"2026-09-01T17:33:40","guid":{"rendered":"https:\/\/lequartierimmobilier.com\/property\/studio-clichy-dernier-etage\/"},"modified":"2026-09-02T05:33:42","modified_gmt":"2026-09-02T05:33:42","slug":"studio-clichy-dernier-etage","status":"publish","type":"property","link":"https:\/\/lequartierimmobilier.com\/es\/property\/studio-clichy-dernier-etage\/","title":{"rendered":"STUDIO &#8211; CLICHY &#8211; DERNIER ETAGE"},"content":{"rendered":"<p>IDEAL INVESTISSEUR ou PRIMO ACCEDANT<\/p>\n<p>Situ\u00e9 au pied du m\u00e9tro Saint Ouen (Ligne 14), votre agence LE QUARTIER IMMOBILIER vous propose ce superbe studio nich\u00e9 au 6e et dernier \u00e9tage de cette r\u00e9sidence.<\/p>\n<p>Ce bien vous offre : une entr\u00e9e avec de nombreux rangements, un espace de vie ouvrant sur un spacieux balcon expos\u00e9 SUD-EST, une cuisine semi-ouverte donnant \u00e9galement acc\u00e8s au balcon et une salle d&#8217;eau avec WC.<\/p>\n<p>Ce produit est id\u00e9al pour un primo-acc\u00e9dant ou pour un investisseur.<\/p>\n","protected":false},"excerpt":{"rendered":"<p>IDEAL INVESTISSEUR ou PRIMO ACCEDANT Situ\u00e9 au pied du m\u00e9tro Saint Ouen (Ligne 14), votre agence LE QUARTIER IMMOBILIER vous propose ce superbe studio nich\u00e9 au 6e et dernier \u00e9tage de cette r\u00e9sidence. Ce bien vous offre : une entr\u00e9e avec de nombreux rangements, un espace de vie ouvrant sur un spacieux balcon expos\u00e9 SUD-EST, [&hellip;]<\/p>\n","protected":false},"author":1,"featured_media":25998,"parent":0,"menu_order":0,"template":"","property_type":[14],"property_status":[115],"property_feature":[170,141,117,177,164],"property_label":[116],"property_country":[111,128],"property_state":[],"property_city":[245],"property_area":[215],"class_list":["post-25983","property","type-property","status-publish","has-post-thumbnail","hentry","property_type-apartamento","property_status-en-venta","property_feature-ascensor","property_feature-balcon","property_feature-calefaccion","property_feature-codigo-de-acceso","property_feature-concierge","property_label-exclusiva","property_country-fr","property_city-clichy","property_area-hauts-de-seine"],"property_meta":{"_yoast_indexnow_last_ping":["1788327223"],"_alp_processed":["1788327223"],"reference":["87304647"],"fave_property_id":["87304647"],"fave_property_price":["199000"],"fave_property_price_postfix":[""],"fave_property_size":["26.66"],"fave_property_size_prefix":["m\u00b2"],"fave_property_land_postfix":[""],"fave_property_land":[""],"fave_property_rooms":["1"],"fave_property_bedrooms":[""],"fave_property_bathrooms":[""],"fave_property_garage":[""],"fave_property_year":["2001"],"fave_property_garage_size":[""],"fave_taxe-foncic3a8re":[""],"fave_charges-de-copropric3a9tc3a9":[""],"fave_estimation-coc3bbts-annuels-d-c3a9nergie-min":["690\u20ac"],"fave_estimation-coc3bbts-annuels-d-c3a9nergie-max":["970\u20ac"],"fave_c3a9tage":["6"],"fave_parking":[""],"fave_nombre-d-c3a9tages":["6"],"fave_wc":[""],"fave_nombre-de-lots-au-sein-de-la-copropric3a9tc3a9":["263"],"fave_assainissement":[""],"fave_balcon":["s\u00ed"],"fave_surface-du-sc3a9jour":[""],"fave_honoraires-c3a0-la-charge-du-vendeur":[""],"fave_numc3a9ro-de-mandat":[""],"fave_honoraires-c3a0-la-charge-de-l-acquc3a9reur":[""],"fave_charges-locatives-mensuelles":[""],"fave_loyer-mensuel-charges-comprises":[""],"fave_dc3a9pc3b4t-de-garantie":[""],"fave_honoraires-c3a0-la-charge-du-locataire":[""],"fave_honoraires-c3a0-la-charge-du-propric3a9taire":[""],"fave_date-de-disponibilitc3a9":[""],"fave_salle-s-d-eau":[""],"fave_nb_salle_totale":["0"],"fave_property_map_address":["92110, Clichy, FR"],"fave_property_map":["1"],"fave_property_address":[""],"fave_property_zip":["92110"],"fave_property_country":["FR"],"fave_property_location":["48.90176,2.31877,14"],"houzez_geolocation_lat":["48.90176"],"houzez_geolocation_long":["2.31877"],"fave_energy_class":["D"],"fave_energy_global_index":["248"],"fave_ghg_emissions_class":["D"],"fave_ghg_emissions_index":["9"],"fave_diagnostic_date":["2026-07-03"],"fave_featured":[""],"houzez_featured_listing_date":[""],"fave_agent_display_option":["agent_info"],"fave_agents":["23087"],"fave_property_agency":["22635"],"_thumbnail_id":["25998"],"images":["6"],"_wpml_word_count":["87"],"houzez_total_property_views":["10"],"houzez_views_by_date":["a:2:{s:10:\"09-01-2026\";i:5;s:10:\"09-02-2026\";i:5;}"],"houzez_recently_viewed":["2026-09-02 05:41:32"],"_elementor_page_assets":["a:0:{}"],"fave_property_images":["25998","25999","26000","26001","26002","26003"]},"yoast_head":"<!-- This site is optimized with the Yoast SEO Premium plugin v27.2 (Yoast SEO v27.2) - https:\/\/yoast.com\/product\/yoast-seo-premium-wordpress\/ -->\n<title>STUDIO - CLICHY - DERNIER ETAGE - Le Quartier Immobilier<\/title>\n<meta name=\"description\" content=\"IDEAL INVESTISSEUR ou PRIMO ACCEDANT Situ\u00e9 au pied du m\u00e9tro Saint Ouen (Ligne 14), votre agence LE QUARTIER IMMOBILIER vous propose ce superbe studio\" \/>\n<meta name=\"robots\" content=\"index, follow, max-snippet:-1, max-image-preview:large, max-video-preview:-1\" \/>\n<link rel=\"canonical\" href=\"https:\/\/lequartierimmobilier.com\/es\/property\/studio-clichy-dernier-etage\/\" \/>\n<meta property=\"og:locale\" content=\"es_ES\" \/>\n<meta property=\"og:type\" content=\"article\" \/>\n<meta property=\"og:title\" content=\"STUDIO - CLICHY - DERNIER ETAGE\" \/>\n<meta property=\"og:description\" content=\"IDEAL INVESTISSEUR ou PRIMO ACCEDANT Situ\u00e9 au pied du m\u00e9tro Saint Ouen (Ligne 14), votre agence LE QUARTIER IMMOBILIER vous propose ce superbe studio\" \/>\n<meta property=\"og:url\" content=\"https:\/\/lequartierimmobilier.com\/es\/property\/studio-clichy-dernier-etage\/\" \/>\n<meta property=\"og:site_name\" content=\"Le Quartier Immobilier\" \/>\n<meta property=\"article:publisher\" content=\"https:\/\/www.facebook.com\/profile.php?id=100091943688290\" \/>\n<meta property=\"article:modified_time\" content=\"2026-09-02T05:33:42+00:00\" \/>\n<meta property=\"og:image\" content=\"https:\/\/lequartierimmobilier.com\/wp-content\/uploads\/2026\/09\/394ae634663133f4649729382b68a7d6_965fbc2c03_1448-original-25981-0.jpg\" \/>\n\t<meta property=\"og:image:width\" content=\"1448\" \/>\n\t<meta property=\"og:image:height\" content=\"1086\" \/>\n\t<meta property=\"og:image:type\" content=\"image\/jpeg\" \/>\n<meta name=\"twitter:card\" content=\"summary_large_image\" \/>\n<script type=\"application\/ld+json\" class=\"yoast-schema-graph\">{\"@context\":\"https:\/\/schema.org\",\"@graph\":[{\"@type\":\"WebPage\",\"@id\":\"https:\/\/lequartierimmobilier.com\/es\/property\/studio-clichy-dernier-etage\/\",\"url\":\"https:\/\/lequartierimmobilier.com\/es\/property\/studio-clichy-dernier-etage\/\",\"name\":\"STUDIO - CLICHY - DERNIER ETAGE - Le Quartier Immobilier\",\"isPartOf\":{\"@id\":\"https:\/\/lequartierimmobilier.com\/es\/#website\"},\"primaryImageOfPage\":{\"@id\":\"https:\/\/lequartierimmobilier.com\/es\/property\/studio-clichy-dernier-etage\/#primaryimage\"},\"image\":{\"@id\":\"https:\/\/lequartierimmobilier.com\/es\/property\/studio-clichy-dernier-etage\/#primaryimage\"},\"thumbnailUrl\":\"https:\/\/lequartierimmobilier.com\/wp-content\/uploads\/2026\/09\/394ae634663133f4649729382b68a7d6_965fbc2c03_1448-original-25981-0.jpg\",\"datePublished\":\"2026-09-01T17:33:40+00:00\",\"dateModified\":\"2026-09-02T05:33:42+00:00\",\"description\":\"IDEAL INVESTISSEUR ou PRIMO ACCEDANT Situ\u00e9 au pied du m\u00e9tro Saint Ouen (Ligne 14), votre agence LE QUARTIER IMMOBILIER vous propose ce superbe studio\",\"breadcrumb\":{\"@id\":\"https:\/\/lequartierimmobilier.com\/es\/property\/studio-clichy-dernier-etage\/#breadcrumb\"},\"inLanguage\":\"es\",\"potentialAction\":[{\"@type\":\"ReadAction\",\"target\":[\"https:\/\/lequartierimmobilier.com\/es\/property\/studio-clichy-dernier-etage\/\"]}]},{\"@type\":\"ImageObject\",\"inLanguage\":\"es\",\"@id\":\"https:\/\/lequartierimmobilier.com\/es\/property\/studio-clichy-dernier-etage\/#primaryimage\",\"url\":\"https:\/\/lequartierimmobilier.com\/wp-content\/uploads\/2026\/09\/394ae634663133f4649729382b68a7d6_965fbc2c03_1448-original-25981-0.jpg\",\"contentUrl\":\"https:\/\/lequartierimmobilier.com\/wp-content\/uploads\/2026\/09\/394ae634663133f4649729382b68a7d6_965fbc2c03_1448-original-25981-0.jpg\",\"width\":1448,\"height\":1086},{\"@type\":\"BreadcrumbList\",\"@id\":\"https:\/\/lequartierimmobilier.com\/es\/property\/studio-clichy-dernier-etage\/#breadcrumb\",\"itemListElement\":[{\"@type\":\"ListItem\",\"position\":1,\"name\":\"Accueil\",\"item\":\"https:\/\/lequartierimmobilier.com\/es\/inicio\/\"},{\"@type\":\"ListItem\",\"position\":2,\"name\":\"Propiedades\",\"item\":\"https:\/\/lequartierimmobilier.com\/es\/property\/\"},{\"@type\":\"ListItem\",\"position\":3,\"name\":\"STUDIO &#8211; CLICHY &#8211; DERNIER ETAGE\"}]},{\"@type\":\"WebSite\",\"@id\":\"https:\/\/lequartierimmobilier.com\/es\/#website\",\"url\":\"https:\/\/lequartierimmobilier.com\/es\/\",\"name\":\"Le Quartier Immobilier\",\"description\":\"Agence immobili\u00e8re Paris 15e\",\"publisher\":{\"@id\":\"https:\/\/lequartierimmobilier.com\/es\/#organization\"},\"alternateName\":\"LQI\",\"potentialAction\":[{\"@type\":\"SearchAction\",\"target\":{\"@type\":\"EntryPoint\",\"urlTemplate\":\"https:\/\/lequartierimmobilier.com\/es\/?s={search_term_string}\"},\"query-input\":{\"@type\":\"PropertyValueSpecification\",\"valueRequired\":true,\"valueName\":\"search_term_string\"}}],\"inLanguage\":\"es\"},{\"@type\":[\"Organization\",\"Place\"],\"@id\":\"https:\/\/lequartierimmobilier.com\/es\/#organization\",\"name\":\"Le Quartier Immobilier\",\"url\":\"https:\/\/lequartierimmobilier.com\/es\/\",\"logo\":{\"@id\":\"https:\/\/lequartierimmobilier.com\/es\/property\/studio-clichy-dernier-etage\/#local-main-organization-logo\"},\"image\":{\"@id\":\"https:\/\/lequartierimmobilier.com\/es\/property\/studio-clichy-dernier-etage\/#local-main-organization-logo\"},\"sameAs\":[\"https:\/\/www.facebook.com\/profile.php?id=100091943688290\",\"https:\/\/www.instagram.com\/le_quartier_immobilier\/\"],\"description\":\"Agence immobili\u00e8re bas\u00e9e dans le 15\u00e8me arrondissement, \u00e0 Paris.\",\"legalName\":\"AVENIR IMMOBILIER\",\"foundingDate\":\"2015-07-08\",\"numberOfEmployees\":{\"@type\":\"QuantitativeValue\",\"minValue\":\"1\",\"maxValue\":\"10\"},\"address\":{\"@id\":\"https:\/\/lequartierimmobilier.com\/es\/property\/studio-clichy-dernier-etage\/#local-main-place-address\"},\"geo\":{\"@type\":\"GeoCoordinates\",\"latitude\":\"48.845620802643225\",\"longitude\":\"2.2844735210014395\"},\"telephone\":[\"01 87 75 50 00\"],\"contactPoint\":{\"@type\":\"ContactPoint\",\"telephone\":\"01 87 75 50 00\",\"email\":\"contact@lequartierimmobilier.com\"},\"openingHoursSpecification\":[{\"@type\":\"OpeningHoursSpecification\",\"dayOfWeek\":[\"Monday\",\"Tuesday\",\"Wednesday\",\"Thursday\",\"Friday\"],\"opens\":\"10:00\",\"closes\":\"19:00\"},{\"@type\":\"OpeningHoursSpecification\",\"dayOfWeek\":[\"Saturday\"],\"opens\":\"10:00\",\"closes\":\"18:00\"},{\"@type\":\"OpeningHoursSpecification\",\"dayOfWeek\":[\"Sunday\"],\"opens\":\"00:00\",\"closes\":\"00:00\"}],\"email\":\"contact@lequartierimmobilier.com\",\"vatID\":\"FR67812477321\",\"taxID\":\"81247732100028\"},{\"@type\":\"PostalAddress\",\"@id\":\"https:\/\/lequartierimmobilier.com\/es\/property\/studio-clichy-dernier-etage\/#local-main-place-address\",\"streetAddress\":\"98 RUE SAINT-CHARLES\",\"addressLocality\":\"PARIS\",\"postalCode\":\"75015\",\"addressCountry\":\"FR\"},{\"@type\":\"ImageObject\",\"inLanguage\":\"es\",\"@id\":\"https:\/\/lequartierimmobilier.com\/es\/property\/studio-clichy-dernier-etage\/#local-main-organization-logo\",\"url\":\"https:\/\/lequartierimmobilier.com\/wp-content\/uploads\/2025\/11\/logo-dore-Virginie-1-e1763134176550.png\",\"contentUrl\":\"https:\/\/lequartierimmobilier.com\/wp-content\/uploads\/2025\/11\/logo-dore-Virginie-1-e1763134176550.png\",\"width\":1024,\"height\":280,\"caption\":\"Le Quartier Immobilier\"}]}<\/script>\n<meta name=\"geo.placename\" content=\"PARIS\" \/>\n<meta name=\"geo.position\" content=\"48.845620802643225;2.2844735210014395\" \/>\n<meta name=\"geo.region\" content=\"Francia\" \/>\n<!-- \/ Yoast SEO Premium plugin. -->","yoast_head_json":{"title":"STUDIO - CLICHY - DERNIER ETAGE - Le Quartier Immobilier","description":"IDEAL INVESTISSEUR ou PRIMO ACCEDANT Situ\u00e9 au pied du m\u00e9tro Saint Ouen (Ligne 14), votre agence LE QUARTIER IMMOBILIER vous propose ce superbe studio","robots":{"index":"index","follow":"follow","max-snippet":"max-snippet:-1","max-image-preview":"max-image-preview:large","max-video-preview":"max-video-preview:-1"},"canonical":"https:\/\/lequartierimmobilier.com\/es\/property\/studio-clichy-dernier-etage\/","og_locale":"es_ES","og_type":"article","og_title":"STUDIO - CLICHY - DERNIER ETAGE","og_description":"IDEAL INVESTISSEUR ou PRIMO ACCEDANT Situ\u00e9 au pied du m\u00e9tro Saint Ouen (Ligne 14), votre agence LE QUARTIER IMMOBILIER vous propose ce superbe studio","og_url":"https:\/\/lequartierimmobilier.com\/es\/property\/studio-clichy-dernier-etage\/","og_site_name":"Le Quartier Immobilier","article_publisher":"https:\/\/www.facebook.com\/profile.php?id=100091943688290","article_modified_time":"2026-09-02T05:33:42+00:00","og_image":[{"width":1448,"height":1086,"url":"https:\/\/lequartierimmobilier.com\/wp-content\/uploads\/2026\/09\/394ae634663133f4649729382b68a7d6_965fbc2c03_1448-original-25981-0.jpg","type":"image\/jpeg"}],"twitter_card":"summary_large_image","schema":{"@context":"https:\/\/schema.org","@graph":[{"@type":"WebPage","@id":"https:\/\/lequartierimmobilier.com\/es\/property\/studio-clichy-dernier-etage\/","url":"https:\/\/lequartierimmobilier.com\/es\/property\/studio-clichy-dernier-etage\/","name":"STUDIO - CLICHY - DERNIER ETAGE - Le Quartier Immobilier","isPartOf":{"@id":"https:\/\/lequartierimmobilier.com\/es\/#website"},"primaryImageOfPage":{"@id":"https:\/\/lequartierimmobilier.com\/es\/property\/studio-clichy-dernier-etage\/#primaryimage"},"image":{"@id":"https:\/\/lequartierimmobilier.com\/es\/property\/studio-clichy-dernier-etage\/#primaryimage"},"thumbnailUrl":"https:\/\/lequartierimmobilier.com\/wp-content\/uploads\/2026\/09\/394ae634663133f4649729382b68a7d6_965fbc2c03_1448-original-25981-0.jpg","datePublished":"2026-09-01T17:33:40+00:00","dateModified":"2026-09-02T05:33:42+00:00","description":"IDEAL INVESTISSEUR ou PRIMO ACCEDANT Situ\u00e9 au pied du m\u00e9tro Saint Ouen (Ligne 14), votre agence LE QUARTIER IMMOBILIER vous propose ce superbe studio","breadcrumb":{"@id":"https:\/\/lequartierimmobilier.com\/es\/property\/studio-clichy-dernier-etage\/#breadcrumb"},"inLanguage":"es","potentialAction":[{"@type":"ReadAction","target":["https:\/\/lequartierimmobilier.com\/es\/property\/studio-clichy-dernier-etage\/"]}]},{"@type":"ImageObject","inLanguage":"es","@id":"https:\/\/lequartierimmobilier.com\/es\/property\/studio-clichy-dernier-etage\/#primaryimage","url":"https:\/\/lequartierimmobilier.com\/wp-content\/uploads\/2026\/09\/394ae634663133f4649729382b68a7d6_965fbc2c03_1448-original-25981-0.jpg","contentUrl":"https:\/\/lequartierimmobilier.com\/wp-content\/uploads\/2026\/09\/394ae634663133f4649729382b68a7d6_965fbc2c03_1448-original-25981-0.jpg","width":1448,"height":1086},{"@type":"BreadcrumbList","@id":"https:\/\/lequartierimmobilier.com\/es\/property\/studio-clichy-dernier-etage\/#breadcrumb","itemListElement":[{"@type":"ListItem","position":1,"name":"Accueil","item":"https:\/\/lequartierimmobilier.com\/es\/inicio\/"},{"@type":"ListItem","position":2,"name":"Propiedades","item":"https:\/\/lequartierimmobilier.com\/es\/property\/"},{"@type":"ListItem","position":3,"name":"STUDIO &#8211; CLICHY &#8211; DERNIER ETAGE"}]},{"@type":"WebSite","@id":"https:\/\/lequartierimmobilier.com\/es\/#website","url":"https:\/\/lequartierimmobilier.com\/es\/","name":"Le Quartier Immobilier","description":"Agence immobili\u00e8re Paris 15e","publisher":{"@id":"https:\/\/lequartierimmobilier.com\/es\/#organization"},"alternateName":"LQI","potentialAction":[{"@type":"SearchAction","target":{"@type":"EntryPoint","urlTemplate":"https:\/\/lequartierimmobilier.com\/es\/?s={search_term_string}"},"query-input":{"@type":"PropertyValueSpecification","valueRequired":true,"valueName":"search_term_string"}}],"inLanguage":"es"},{"@type":["Organization","Place"],"@id":"https:\/\/lequartierimmobilier.com\/es\/#organization","name":"Le Quartier Immobilier","url":"https:\/\/lequartierimmobilier.com\/es\/","logo":{"@id":"https:\/\/lequartierimmobilier.com\/es\/property\/studio-clichy-dernier-etage\/#local-main-organization-logo"},"image":{"@id":"https:\/\/lequartierimmobilier.com\/es\/property\/studio-clichy-dernier-etage\/#local-main-organization-logo"},"sameAs":["https:\/\/www.facebook.com\/profile.php?id=100091943688290","https:\/\/www.instagram.com\/le_quartier_immobilier\/"],"description":"Agence immobili\u00e8re bas\u00e9e dans le 15\u00e8me arrondissement, \u00e0 Paris.","legalName":"AVENIR IMMOBILIER","foundingDate":"2015-07-08","numberOfEmployees":{"@type":"QuantitativeValue","minValue":"1","maxValue":"10"},"address":{"@id":"https:\/\/lequartierimmobilier.com\/es\/property\/studio-clichy-dernier-etage\/#local-main-place-address"},"geo":{"@type":"GeoCoordinates","latitude":"48.845620802643225","longitude":"2.2844735210014395"},"telephone":["01 87 75 50 00"],"contactPoint":{"@type":"ContactPoint","telephone":"01 87 75 50 00","email":"contact@lequartierimmobilier.com"},"openingHoursSpecification":[{"@type":"OpeningHoursSpecification","dayOfWeek":["Monday","Tuesday","Wednesday","Thursday","Friday"],"opens":"10:00","closes":"19:00"},{"@type":"OpeningHoursSpecification","dayOfWeek":["Saturday"],"opens":"10:00","closes":"18:00"},{"@type":"OpeningHoursSpecification","dayOfWeek":["Sunday"],"opens":"00:00","closes":"00:00"}],"email":"contact@lequartierimmobilier.com","vatID":"FR67812477321","taxID":"81247732100028"},{"@type":"PostalAddress","@id":"https:\/\/lequartierimmobilier.com\/es\/property\/studio-clichy-dernier-etage\/#local-main-place-address","streetAddress":"98 RUE SAINT-CHARLES","addressLocality":"PARIS","postalCode":"75015","addressCountry":"FR"},{"@type":"ImageObject","inLanguage":"es","@id":"https:\/\/lequartierimmobilier.com\/es\/property\/studio-clichy-dernier-etage\/#local-main-organization-logo","url":"https:\/\/lequartierimmobilier.com\/wp-content\/uploads\/2025\/11\/logo-dore-Virginie-1-e1763134176550.png","contentUrl":"https:\/\/lequartierimmobilier.com\/wp-content\/uploads\/2025\/11\/logo-dore-Virginie-1-e1763134176550.png","width":1024,"height":280,"caption":"Le Quartier Immobilier"}]},"geo.placename":"PARIS","geo.position":{"lat":"48.845620802643225","long":"2.2844735210014395"},"geo.region":"Francia"},"_links":{"self":[{"href":"https:\/\/lequartierimmobilier.com\/es\/wp-json\/wp\/v2\/propiedades\/25983","targetHints":{"allow":["GET"]}}],"collection":[{"href":"https:\/\/lequartierimmobilier.com\/es\/wp-json\/wp\/v2\/propiedades"}],"about":[{"href":"https:\/\/lequartierimmobilier.com\/es\/wp-json\/wp\/v2\/types\/property"}],"author":[{"embeddable":true,"href":"https:\/\/lequartierimmobilier.com\/es\/wp-json\/wp\/v2\/users\/1"}],"version-history":[{"count":1,"href":"https:\/\/lequartierimmobilier.com\/es\/wp-json\/wp\/v2\/propiedades\/25983\/revisions"}],"predecessor-version":[{"id":26004,"href":"https:\/\/lequartierimmobilier.com\/es\/wp-json\/wp\/v2\/propiedades\/25983\/revisions\/26004"}],"wp:featuredmedia":[{"embeddable":true,"href":"https:\/\/lequartierimmobilier.com\/es\/wp-json\/wp\/v2\/media\/25998"}],"wp:attachment":[{"href":"https:\/\/lequartierimmobilier.com\/es\/wp-json\/wp\/v2\/media?parent=25983"}],"wp:term":[{"taxonomy":"property_type","embeddable":true,"href":"https:\/\/lequartierimmobilier.com\/es\/wp-json\/wp\/v2\/property_type?post=25983"},{"taxonomy":"property_status","embeddable":true,"href":"https:\/\/lequartierimmobilier.com\/es\/wp-json\/wp\/v2\/property_status?post=25983"},{"taxonomy":"property_feature","embeddable":true,"href":"https:\/\/lequartierimmobilier.com\/es\/wp-json\/wp\/v2\/property_feature?post=25983"},{"taxonomy":"property_label","embeddable":true,"href":"https:\/\/lequartierimmobilier.com\/es\/wp-json\/wp\/v2\/property_label?post=25983"},{"taxonomy":"property_country","embeddable":true,"href":"https:\/\/lequartierimmobilier.com\/es\/wp-json\/wp\/v2\/property_country?post=25983"},{"taxonomy":"property_state","embeddable":true,"href":"https:\/\/lequartierimmobilier.com\/es\/wp-json\/wp\/v2\/property_state?post=25983"},{"taxonomy":"property_city","embeddable":true,"href":"https:\/\/lequartierimmobilier.com\/es\/wp-json\/wp\/v2\/property_city?post=25983"},{"taxonomy":"property_area","embeddable":true,"href":"https:\/\/lequartierimmobilier.com\/es\/wp-json\/wp\/v2\/property_area?post=25983"}],"curies":[{"name":"wp","href":"https:\/\/api.w.org\/{rel}","templated":true}]}}