{"id":24397,"date":"2026-04-02T19:34:47","date_gmt":"2026-04-02T19:34:47","guid":{"rendered":"https:\/\/lequartierimmobilier.com\/property\/appartement-4-pieces-secteur-exelmans-charmant-et-fonctionnel\/"},"modified":"2026-04-28T20:33:40","modified_gmt":"2026-04-28T20:33:40","slug":"appartement-4-pieces-secteur-exelmans-charmant-et-fonctionnel","status":"publish","type":"property","link":"https:\/\/lequartierimmobilier.com\/es\/property\/appartement-4-pieces-secteur-exelmans-charmant-et-fonctionnel\/","title":{"rendered":"APPARTEMENT 4 PI\u00c8CES \u2013 SECTEUR EXELMANS \u2013 CHARMANT ET FONCTIONNEL"},"content":{"rendered":"<p>Votre agence LE QUARTIER IMMOBILIER vous propose ce bien id\u00e9alement situ\u00e9 au pied du m\u00e9tro Exelmans, au sein d\u2019un environnement pris\u00e9 du 16\u1d49 arrondissement, cet appartement de 4 pi\u00e8ces offre un potentiel rare pour une r\u00e9novation de standing.<br \/>\nNich\u00e9 en \u00e9tage \u00e9lev\u00e9 d\u2019un immeuble de belle tenue, ce bien b\u00e9n\u00e9ficie d\u2019une luminosit\u00e9 remarquable et d\u2019une vue d\u00e9gag\u00e9e. Il se compose d\u2019un double s\u00e9jour spacieux ouvrant sur un balcon filant, de deux grandes chambres, d\u2019une cuisine ind\u00e9pendante, d\u2019une salle de bains et de toilettes s\u00e9par\u00e9es<br \/>\nEnti\u00e8rement \u00e0 r\u00e9nover, cet appartement constitue une opportunit\u00e9 id\u00e9ale pour concevoir un lieu de vie sur mesure, alliant confort moderne et valorisation patrimoniale.<br \/>\nUne cave en sous-sol vient compl\u00e9ter ce bien.<\/p>\n","protected":false},"excerpt":{"rendered":"<p>Votre agence LE QUARTIER IMMOBILIER vous propose ce bien id\u00e9alement situ\u00e9 au pied du m\u00e9tro Exelmans, au sein d\u2019un environnement pris\u00e9 du 16\u1d49 arrondissement, cet appartement de 4 pi\u00e8ces offre un potentiel rare pour une r\u00e9novation de standing. Nich\u00e9 en \u00e9tage \u00e9lev\u00e9 d\u2019un immeuble de belle tenue, ce bien b\u00e9n\u00e9ficie d\u2019une luminosit\u00e9 remarquable et d\u2019une [&hellip;]<\/p>\n","protected":false},"author":1,"featured_media":24487,"parent":0,"menu_order":0,"template":"","property_type":[14],"property_status":[115],"property_feature":[170,117,177,172,178],"property_label":[],"property_country":[111,128],"property_state":[],"property_city":[147],"property_area":[217],"class_list":{"0":"post-24397","1":"property","2":"type-property","3":"status-publish","4":"has-post-thumbnail","5":"hentry","6":"property_type-apartamento","7":"property_status-en-venta","8":"property_feature-ascensor","9":"property_feature-calefaccion","10":"property_feature-codigo-de-acceso","11":"property_feature-interfono","12":"property_feature-portero","13":"property_country-fr","15":"property_city-paris-16eme","16":"property_area-auteuil"},"property_meta":{"_yoast_indexnow_last_ping":["1777408421"],"_alp_processed":["1777408421"],"reference":["86875730"],"fave_property_id":["86875730"],"fave_property_price":["769000"],"fave_property_price_postfix":[""],"fave_property_size":["83.14"],"fave_property_size_prefix":["m\u00b2"],"fave_property_land_postfix":[""],"fave_property_land":[""],"fave_property_rooms":["4"],"fave_property_bedrooms":["2"],"fave_property_bathrooms":["1"],"fave_property_garage":[""],"fave_property_year":["1932"],"fave_property_garage_size":[""],"fave_taxe-foncic3a8re":[""],"fave_charges-de-copropric3a9tc3a9":[""],"fave_estimation-coc3bbts-annuels-d-c3a9nergie-min":[""],"fave_estimation-coc3bbts-annuels-d-c3a9nergie-max":[""],"fave_c3a9tage":["7"],"fave_parking":[""],"fave_nombre-d-c3a9tages":["8"],"fave_wc":["1"],"fave_nombre-de-lots-au-sein-de-la-copropric3a9tc3a9":["58"],"fave_assainissement":[""],"fave_surface-du-sc3a9jour":["27m\u00b2"],"fave_honoraires-c3a0-la-charge-du-vendeur":[""],"fave_numc3a9ro-de-mandat":[""],"fave_honoraires-c3a0-la-charge-de-l-acquc3a9reur":[""],"fave_loyer-mensuel-hors-charges":[""],"fave_charges-locatives-mensuelles":[""],"fave_loyer-mensuel-charges-comprises":[""],"fave_dc3a9pc3b4t-de-garantie":[""],"fave_honoraires-c3a0-la-charge-du-locataire":[""],"fave_honoraires-c3a0-la-charge-du-propric3a9taire":[""],"fave_date-de-disponibilitc3a9":[""],"fave_salles-d-eau":[""],"fave_property_map_address":["75016, Paris 16\u00e8me, FR"],"fave_property_map":["1"],"fave_property_address":[""],"fave_property_zip":["75016"],"fave_property_country":["FR"],"fave_property_location":["48.84475,2.25682,14"],"houzez_geolocation_lat":["48.84475"],"houzez_geolocation_long":["2.25682"],"fave_energy_class":[""],"fave_energy_global_index":[""],"fave_ghg_emissions_class":[""],"fave_ghg_emissions_index":[""],"fave_diagnostic_date":[""],"fave_featured":[""],"houzez_featured_listing_date":[""],"fave_agent_display_option":["agent_info"],"fave_agents":["23087"],"fave_property_agency":["22635"],"_thumbnail_id":["24487"],"images":["10"],"_wpml_word_count":["146"],"houzez_total_property_views":["84"],"houzez_views_by_date":["a:26:{s:10:\"04-02-2026\";i:2;s:10:\"04-03-2026\";i:4;s:10:\"04-04-2026\";i:1;s:10:\"04-05-2026\";i:5;s:10:\"04-06-2026\";i:3;s:10:\"04-07-2026\";i:1;s:10:\"04-08-2026\";i:6;s:10:\"04-09-2026\";i:5;s:10:\"04-10-2026\";i:1;s:10:\"04-11-2026\";i:5;s:10:\"04-12-2026\";i:2;s:10:\"04-13-2026\";i:1;s:10:\"04-14-2026\";i:1;s:10:\"04-15-2026\";i:5;s:10:\"04-16-2026\";i:1;s:10:\"04-18-2026\";i:3;s:10:\"04-19-2026\";i:20;s:10:\"04-20-2026\";i:7;s:10:\"04-21-2026\";i:1;s:10:\"04-22-2026\";i:1;s:10:\"04-23-2026\";i:1;s:10:\"04-24-2026\";i:2;s:10:\"04-25-2026\";i:1;s:10:\"04-26-2026\";i:1;s:10:\"04-27-2026\";i:1;s:10:\"04-28-2026\";i:3;}"],"houzez_recently_viewed":["2026-04-28 19:44:38"],"fave_salle-s-d-eau":[""],"_wpml_media_has_media":["1"],"fave_nb_salle_totale":["1"],"_elementor_page_assets":["a:0:{}"],"fave_property_images":["24487","24509","24510","24511","24512","24491","24492","24493","24496","24497"]},"yoast_head":"<!-- This site is optimized with the Yoast SEO Premium plugin v27.2 (Yoast SEO v27.2) - https:\/\/yoast.com\/product\/yoast-seo-premium-wordpress\/ -->\n<title>APPARTEMENT 4 PI\u00c8CES \u2013 SECTEUR EXELMANS \u2013 CHARMANT ET FONCTIONNEL - Le Quartier Immobilier<\/title>\n<meta name=\"description\" content=\"Votre agence LE QUARTIER IMMOBILIER vous propose ce bien id\u00e9alement situ\u00e9 au pied du m\u00e9tro Exelmans, au sein d\u2019un environnement pris\u00e9 du 16\u1d49\" \/>\n<meta name=\"robots\" content=\"index, follow, max-snippet:-1, max-image-preview:large, max-video-preview:-1\" \/>\n<link rel=\"canonical\" href=\"https:\/\/lequartierimmobilier.com\/es\/property\/appartement-4-pieces-secteur-exelmans-charmant-et-fonctionnel\/\" \/>\n<meta property=\"og:locale\" content=\"es_ES\" \/>\n<meta property=\"og:type\" content=\"article\" \/>\n<meta property=\"og:title\" content=\"APPARTEMENT 4 PI\u00c8CES \u2013 SECTEUR EXELMANS \u2013 CHARMANT ET FONCTIONNEL\" \/>\n<meta property=\"og:description\" content=\"Votre agence LE QUARTIER IMMOBILIER vous propose ce bien id\u00e9alement situ\u00e9 au pied du m\u00e9tro Exelmans, au sein d\u2019un environnement pris\u00e9 du 16\u1d49\" \/>\n<meta property=\"og:url\" content=\"https:\/\/lequartierimmobilier.com\/es\/property\/appartement-4-pieces-secteur-exelmans-charmant-et-fonctionnel\/\" \/>\n<meta property=\"og:site_name\" content=\"Le Quartier Immobilier\" \/>\n<meta property=\"article:publisher\" content=\"https:\/\/www.facebook.com\/profile.php?id=100091943688290\" \/>\n<meta property=\"article:modified_time\" content=\"2026-04-28T20:33:40+00:00\" \/>\n<meta property=\"og:image\" content=\"https:\/\/lequartierimmobilier.com\/wp-content\/uploads\/2026\/04\/e2ca2e4bfcbb3b0ec28a2d6d4fde1506_487b72a35f_4096-original-24395-0-1024x683.jpg\" \/>\n\t<meta property=\"og:image:width\" content=\"1024\" \/>\n\t<meta property=\"og:image:height\" content=\"683\" \/>\n\t<meta property=\"og:image:type\" content=\"image\/jpeg\" \/>\n<meta name=\"twitter:card\" content=\"summary_large_image\" \/>\n<meta name=\"twitter:label1\" content=\"Tiempo de lectura\" \/>\n\t<meta name=\"twitter:data1\" content=\"1 minuto\" \/>\n<script type=\"application\/ld+json\" class=\"yoast-schema-graph\">{\"@context\":\"https:\/\/schema.org\",\"@graph\":[{\"@type\":\"WebPage\",\"@id\":\"https:\/\/lequartierimmobilier.com\/es\/property\/appartement-4-pieces-secteur-exelmans-charmant-et-fonctionnel\/\",\"url\":\"https:\/\/lequartierimmobilier.com\/es\/property\/appartement-4-pieces-secteur-exelmans-charmant-et-fonctionnel\/\",\"name\":\"APPARTEMENT 4 PI\u00c8CES \u2013 SECTEUR EXELMANS \u2013 CHARMANT ET FONCTIONNEL - Le Quartier Immobilier\",\"isPartOf\":{\"@id\":\"https:\/\/lequartierimmobilier.com\/es\/#website\"},\"primaryImageOfPage\":{\"@id\":\"https:\/\/lequartierimmobilier.com\/es\/property\/appartement-4-pieces-secteur-exelmans-charmant-et-fonctionnel\/#primaryimage\"},\"image\":{\"@id\":\"https:\/\/lequartierimmobilier.com\/es\/property\/appartement-4-pieces-secteur-exelmans-charmant-et-fonctionnel\/#primaryimage\"},\"thumbnailUrl\":\"https:\/\/lequartierimmobilier.com\/wp-content\/uploads\/2026\/04\/e2ca2e4bfcbb3b0ec28a2d6d4fde1506_487b72a35f_4096-original-24395-0-scaled.jpg\",\"datePublished\":\"2026-04-02T19:34:47+00:00\",\"dateModified\":\"2026-04-28T20:33:40+00:00\",\"description\":\"Votre agence LE QUARTIER IMMOBILIER vous propose ce bien id\u00e9alement situ\u00e9 au pied du m\u00e9tro Exelmans, au sein d\u2019un environnement pris\u00e9 du 16\u1d49\",\"breadcrumb\":{\"@id\":\"https:\/\/lequartierimmobilier.com\/es\/property\/appartement-4-pieces-secteur-exelmans-charmant-et-fonctionnel\/#breadcrumb\"},\"inLanguage\":\"es\",\"potentialAction\":[{\"@type\":\"ReadAction\",\"target\":[\"https:\/\/lequartierimmobilier.com\/es\/property\/appartement-4-pieces-secteur-exelmans-charmant-et-fonctionnel\/\"]}]},{\"@type\":\"ImageObject\",\"inLanguage\":\"es\",\"@id\":\"https:\/\/lequartierimmobilier.com\/es\/property\/appartement-4-pieces-secteur-exelmans-charmant-et-fonctionnel\/#primaryimage\",\"url\":\"https:\/\/lequartierimmobilier.com\/wp-content\/uploads\/2026\/04\/e2ca2e4bfcbb3b0ec28a2d6d4fde1506_487b72a35f_4096-original-24395-0-scaled.jpg\",\"contentUrl\":\"https:\/\/lequartierimmobilier.com\/wp-content\/uploads\/2026\/04\/e2ca2e4bfcbb3b0ec28a2d6d4fde1506_487b72a35f_4096-original-24395-0-scaled.jpg\",\"width\":2560,\"height\":1707},{\"@type\":\"BreadcrumbList\",\"@id\":\"https:\/\/lequartierimmobilier.com\/es\/property\/appartement-4-pieces-secteur-exelmans-charmant-et-fonctionnel\/#breadcrumb\",\"itemListElement\":[{\"@type\":\"ListItem\",\"position\":1,\"name\":\"Accueil\",\"item\":\"https:\/\/lequartierimmobilier.com\/es\/inicio\/\"},{\"@type\":\"ListItem\",\"position\":2,\"name\":\"Propiedades\",\"item\":\"https:\/\/lequartierimmobilier.com\/es\/property\/\"},{\"@type\":\"ListItem\",\"position\":3,\"name\":\"APPARTEMENT 4 PI\u00c8CES \u2013 SECTEUR EXELMANS \u2013 CHARMANT ET FONCTIONNEL\"}]},{\"@type\":\"WebSite\",\"@id\":\"https:\/\/lequartierimmobilier.com\/es\/#website\",\"url\":\"https:\/\/lequartierimmobilier.com\/es\/\",\"name\":\"Le Quartier Immobilier\",\"description\":\"Agence immobili\u00e8re Paris 15e\",\"publisher\":{\"@id\":\"https:\/\/lequartierimmobilier.com\/es\/#organization\"},\"alternateName\":\"LQI\",\"potentialAction\":[{\"@type\":\"SearchAction\",\"target\":{\"@type\":\"EntryPoint\",\"urlTemplate\":\"https:\/\/lequartierimmobilier.com\/es\/?s={search_term_string}\"},\"query-input\":{\"@type\":\"PropertyValueSpecification\",\"valueRequired\":true,\"valueName\":\"search_term_string\"}}],\"inLanguage\":\"es\"},{\"@type\":[\"Organization\",\"Place\"],\"@id\":\"https:\/\/lequartierimmobilier.com\/es\/#organization\",\"name\":\"Le Quartier Immobilier\",\"url\":\"https:\/\/lequartierimmobilier.com\/es\/\",\"logo\":{\"@id\":\"https:\/\/lequartierimmobilier.com\/es\/property\/appartement-4-pieces-secteur-exelmans-charmant-et-fonctionnel\/#local-main-organization-logo\"},\"image\":{\"@id\":\"https:\/\/lequartierimmobilier.com\/es\/property\/appartement-4-pieces-secteur-exelmans-charmant-et-fonctionnel\/#local-main-organization-logo\"},\"sameAs\":[\"https:\/\/www.facebook.com\/profile.php?id=100091943688290\",\"https:\/\/www.instagram.com\/le_quartier_immobilier\/\"],\"description\":\"Agence immobili\u00e8re bas\u00e9e dans le 15\u00e8me arrondissement, \u00e0 Paris.\",\"legalName\":\"AVENIR IMMOBILIER\",\"foundingDate\":\"2015-07-08\",\"numberOfEmployees\":{\"@type\":\"QuantitativeValue\",\"minValue\":\"1\",\"maxValue\":\"10\"},\"address\":{\"@id\":\"https:\/\/lequartierimmobilier.com\/es\/property\/appartement-4-pieces-secteur-exelmans-charmant-et-fonctionnel\/#local-main-place-address\"},\"geo\":{\"@type\":\"GeoCoordinates\",\"latitude\":\"48.845620802643225\",\"longitude\":\"2.2844735210014395\"},\"telephone\":[\"01 87 75 50 00\"],\"contactPoint\":{\"@type\":\"ContactPoint\",\"telephone\":\"01 87 75 50 00\",\"email\":\"contact@lequartierimmobilier.com\"},\"openingHoursSpecification\":[{\"@type\":\"OpeningHoursSpecification\",\"dayOfWeek\":[\"Monday\",\"Tuesday\",\"Wednesday\",\"Thursday\",\"Friday\"],\"opens\":\"10:00\",\"closes\":\"19:00\"},{\"@type\":\"OpeningHoursSpecification\",\"dayOfWeek\":[\"Saturday\"],\"opens\":\"10:00\",\"closes\":\"18:00\"},{\"@type\":\"OpeningHoursSpecification\",\"dayOfWeek\":[\"Sunday\"],\"opens\":\"00:00\",\"closes\":\"00:00\"}],\"email\":\"contact@lequartierimmobilier.com\",\"vatID\":\"FR67812477321\",\"taxID\":\"81247732100028\"},{\"@type\":\"PostalAddress\",\"@id\":\"https:\/\/lequartierimmobilier.com\/es\/property\/appartement-4-pieces-secteur-exelmans-charmant-et-fonctionnel\/#local-main-place-address\",\"streetAddress\":\"98 RUE SAINT-CHARLES\",\"addressLocality\":\"PARIS\",\"postalCode\":\"75015\",\"addressCountry\":\"FR\"},{\"@type\":\"ImageObject\",\"inLanguage\":\"es\",\"@id\":\"https:\/\/lequartierimmobilier.com\/es\/property\/appartement-4-pieces-secteur-exelmans-charmant-et-fonctionnel\/#local-main-organization-logo\",\"url\":\"https:\/\/lequartierimmobilier.com\/wp-content\/uploads\/2025\/11\/logo-dore-Virginie-1-e1763134176550.png\",\"contentUrl\":\"https:\/\/lequartierimmobilier.com\/wp-content\/uploads\/2025\/11\/logo-dore-Virginie-1-e1763134176550.png\",\"width\":1024,\"height\":280,\"caption\":\"Le Quartier Immobilier\"}]}<\/script>\n<meta name=\"geo.placename\" content=\"PARIS\" \/>\n<meta name=\"geo.position\" content=\"48.845620802643225;2.2844735210014395\" \/>\n<meta name=\"geo.region\" content=\"Francia\" \/>\n<!-- \/ Yoast SEO Premium plugin. -->","yoast_head_json":{"title":"APPARTEMENT 4 PI\u00c8CES \u2013 SECTEUR EXELMANS \u2013 CHARMANT ET FONCTIONNEL - Le Quartier Immobilier","description":"Votre agence LE QUARTIER IMMOBILIER vous propose ce bien id\u00e9alement situ\u00e9 au pied du m\u00e9tro Exelmans, au sein d\u2019un environnement pris\u00e9 du 16\u1d49","robots":{"index":"index","follow":"follow","max-snippet":"max-snippet:-1","max-image-preview":"max-image-preview:large","max-video-preview":"max-video-preview:-1"},"canonical":"https:\/\/lequartierimmobilier.com\/es\/property\/appartement-4-pieces-secteur-exelmans-charmant-et-fonctionnel\/","og_locale":"es_ES","og_type":"article","og_title":"APPARTEMENT 4 PI\u00c8CES \u2013 SECTEUR EXELMANS \u2013 CHARMANT ET FONCTIONNEL","og_description":"Votre agence LE QUARTIER IMMOBILIER vous propose ce bien id\u00e9alement situ\u00e9 au pied du m\u00e9tro Exelmans, au sein d\u2019un environnement pris\u00e9 du 16\u1d49","og_url":"https:\/\/lequartierimmobilier.com\/es\/property\/appartement-4-pieces-secteur-exelmans-charmant-et-fonctionnel\/","og_site_name":"Le Quartier Immobilier","article_publisher":"https:\/\/www.facebook.com\/profile.php?id=100091943688290","article_modified_time":"2026-04-28T20:33:40+00:00","og_image":[{"width":1024,"height":683,"url":"https:\/\/lequartierimmobilier.com\/wp-content\/uploads\/2026\/04\/e2ca2e4bfcbb3b0ec28a2d6d4fde1506_487b72a35f_4096-original-24395-0-1024x683.jpg","type":"image\/jpeg"}],"twitter_card":"summary_large_image","twitter_misc":{"Tiempo de lectura":"1 minuto"},"schema":{"@context":"https:\/\/schema.org","@graph":[{"@type":"WebPage","@id":"https:\/\/lequartierimmobilier.com\/es\/property\/appartement-4-pieces-secteur-exelmans-charmant-et-fonctionnel\/","url":"https:\/\/lequartierimmobilier.com\/es\/property\/appartement-4-pieces-secteur-exelmans-charmant-et-fonctionnel\/","name":"APPARTEMENT 4 PI\u00c8CES \u2013 SECTEUR EXELMANS \u2013 CHARMANT ET FONCTIONNEL - Le Quartier Immobilier","isPartOf":{"@id":"https:\/\/lequartierimmobilier.com\/es\/#website"},"primaryImageOfPage":{"@id":"https:\/\/lequartierimmobilier.com\/es\/property\/appartement-4-pieces-secteur-exelmans-charmant-et-fonctionnel\/#primaryimage"},"image":{"@id":"https:\/\/lequartierimmobilier.com\/es\/property\/appartement-4-pieces-secteur-exelmans-charmant-et-fonctionnel\/#primaryimage"},"thumbnailUrl":"https:\/\/lequartierimmobilier.com\/wp-content\/uploads\/2026\/04\/e2ca2e4bfcbb3b0ec28a2d6d4fde1506_487b72a35f_4096-original-24395-0-scaled.jpg","datePublished":"2026-04-02T19:34:47+00:00","dateModified":"2026-04-28T20:33:40+00:00","description":"Votre agence LE QUARTIER IMMOBILIER vous propose ce bien id\u00e9alement situ\u00e9 au pied du m\u00e9tro Exelmans, au sein d\u2019un environnement pris\u00e9 du 16\u1d49","breadcrumb":{"@id":"https:\/\/lequartierimmobilier.com\/es\/property\/appartement-4-pieces-secteur-exelmans-charmant-et-fonctionnel\/#breadcrumb"},"inLanguage":"es","potentialAction":[{"@type":"ReadAction","target":["https:\/\/lequartierimmobilier.com\/es\/property\/appartement-4-pieces-secteur-exelmans-charmant-et-fonctionnel\/"]}]},{"@type":"ImageObject","inLanguage":"es","@id":"https:\/\/lequartierimmobilier.com\/es\/property\/appartement-4-pieces-secteur-exelmans-charmant-et-fonctionnel\/#primaryimage","url":"https:\/\/lequartierimmobilier.com\/wp-content\/uploads\/2026\/04\/e2ca2e4bfcbb3b0ec28a2d6d4fde1506_487b72a35f_4096-original-24395-0-scaled.jpg","contentUrl":"https:\/\/lequartierimmobilier.com\/wp-content\/uploads\/2026\/04\/e2ca2e4bfcbb3b0ec28a2d6d4fde1506_487b72a35f_4096-original-24395-0-scaled.jpg","width":2560,"height":1707},{"@type":"BreadcrumbList","@id":"https:\/\/lequartierimmobilier.com\/es\/property\/appartement-4-pieces-secteur-exelmans-charmant-et-fonctionnel\/#breadcrumb","itemListElement":[{"@type":"ListItem","position":1,"name":"Accueil","item":"https:\/\/lequartierimmobilier.com\/es\/inicio\/"},{"@type":"ListItem","position":2,"name":"Propiedades","item":"https:\/\/lequartierimmobilier.com\/es\/property\/"},{"@type":"ListItem","position":3,"name":"APPARTEMENT 4 PI\u00c8CES \u2013 SECTEUR EXELMANS \u2013 CHARMANT ET FONCTIONNEL"}]},{"@type":"WebSite","@id":"https:\/\/lequartierimmobilier.com\/es\/#website","url":"https:\/\/lequartierimmobilier.com\/es\/","name":"Le Quartier Immobilier","description":"Agence immobili\u00e8re Paris 15e","publisher":{"@id":"https:\/\/lequartierimmobilier.com\/es\/#organization"},"alternateName":"LQI","potentialAction":[{"@type":"SearchAction","target":{"@type":"EntryPoint","urlTemplate":"https:\/\/lequartierimmobilier.com\/es\/?s={search_term_string}"},"query-input":{"@type":"PropertyValueSpecification","valueRequired":true,"valueName":"search_term_string"}}],"inLanguage":"es"},{"@type":["Organization","Place"],"@id":"https:\/\/lequartierimmobilier.com\/es\/#organization","name":"Le Quartier Immobilier","url":"https:\/\/lequartierimmobilier.com\/es\/","logo":{"@id":"https:\/\/lequartierimmobilier.com\/es\/property\/appartement-4-pieces-secteur-exelmans-charmant-et-fonctionnel\/#local-main-organization-logo"},"image":{"@id":"https:\/\/lequartierimmobilier.com\/es\/property\/appartement-4-pieces-secteur-exelmans-charmant-et-fonctionnel\/#local-main-organization-logo"},"sameAs":["https:\/\/www.facebook.com\/profile.php?id=100091943688290","https:\/\/www.instagram.com\/le_quartier_immobilier\/"],"description":"Agence immobili\u00e8re bas\u00e9e dans le 15\u00e8me arrondissement, \u00e0 Paris.","legalName":"AVENIR IMMOBILIER","foundingDate":"2015-07-08","numberOfEmployees":{"@type":"QuantitativeValue","minValue":"1","maxValue":"10"},"address":{"@id":"https:\/\/lequartierimmobilier.com\/es\/property\/appartement-4-pieces-secteur-exelmans-charmant-et-fonctionnel\/#local-main-place-address"},"geo":{"@type":"GeoCoordinates","latitude":"48.845620802643225","longitude":"2.2844735210014395"},"telephone":["01 87 75 50 00"],"contactPoint":{"@type":"ContactPoint","telephone":"01 87 75 50 00","email":"contact@lequartierimmobilier.com"},"openingHoursSpecification":[{"@type":"OpeningHoursSpecification","dayOfWeek":["Monday","Tuesday","Wednesday","Thursday","Friday"],"opens":"10:00","closes":"19:00"},{"@type":"OpeningHoursSpecification","dayOfWeek":["Saturday"],"opens":"10:00","closes":"18:00"},{"@type":"OpeningHoursSpecification","dayOfWeek":["Sunday"],"opens":"00:00","closes":"00:00"}],"email":"contact@lequartierimmobilier.com","vatID":"FR67812477321","taxID":"81247732100028"},{"@type":"PostalAddress","@id":"https:\/\/lequartierimmobilier.com\/es\/property\/appartement-4-pieces-secteur-exelmans-charmant-et-fonctionnel\/#local-main-place-address","streetAddress":"98 RUE SAINT-CHARLES","addressLocality":"PARIS","postalCode":"75015","addressCountry":"FR"},{"@type":"ImageObject","inLanguage":"es","@id":"https:\/\/lequartierimmobilier.com\/es\/property\/appartement-4-pieces-secteur-exelmans-charmant-et-fonctionnel\/#local-main-organization-logo","url":"https:\/\/lequartierimmobilier.com\/wp-content\/uploads\/2025\/11\/logo-dore-Virginie-1-e1763134176550.png","contentUrl":"https:\/\/lequartierimmobilier.com\/wp-content\/uploads\/2025\/11\/logo-dore-Virginie-1-e1763134176550.png","width":1024,"height":280,"caption":"Le Quartier Immobilier"}]},"geo.placename":"PARIS","geo.position":{"lat":"48.845620802643225","long":"2.2844735210014395"},"geo.region":"Francia"},"_links":{"self":[{"href":"https:\/\/lequartierimmobilier.com\/es\/wp-json\/wp\/v2\/propiedades\/24397","targetHints":{"allow":["GET"]}}],"collection":[{"href":"https:\/\/lequartierimmobilier.com\/es\/wp-json\/wp\/v2\/propiedades"}],"about":[{"href":"https:\/\/lequartierimmobilier.com\/es\/wp-json\/wp\/v2\/types\/property"}],"author":[{"embeddable":true,"href":"https:\/\/lequartierimmobilier.com\/es\/wp-json\/wp\/v2\/users\/1"}],"version-history":[{"count":2,"href":"https:\/\/lequartierimmobilier.com\/es\/wp-json\/wp\/v2\/propiedades\/24397\/revisions"}],"predecessor-version":[{"id":24500,"href":"https:\/\/lequartierimmobilier.com\/es\/wp-json\/wp\/v2\/propiedades\/24397\/revisions\/24500"}],"wp:featuredmedia":[{"embeddable":true,"href":"https:\/\/lequartierimmobilier.com\/es\/wp-json\/wp\/v2\/media\/24487"}],"wp:attachment":[{"href":"https:\/\/lequartierimmobilier.com\/es\/wp-json\/wp\/v2\/media?parent=24397"}],"wp:term":[{"taxonomy":"property_type","embeddable":true,"href":"https:\/\/lequartierimmobilier.com\/es\/wp-json\/wp\/v2\/property_type?post=24397"},{"taxonomy":"property_status","embeddable":true,"href":"https:\/\/lequartierimmobilier.com\/es\/wp-json\/wp\/v2\/property_status?post=24397"},{"taxonomy":"property_feature","embeddable":true,"href":"https:\/\/lequartierimmobilier.com\/es\/wp-json\/wp\/v2\/property_feature?post=24397"},{"taxonomy":"property_label","embeddable":true,"href":"https:\/\/lequartierimmobilier.com\/es\/wp-json\/wp\/v2\/property_label?post=24397"},{"taxonomy":"property_country","embeddable":true,"href":"https:\/\/lequartierimmobilier.com\/es\/wp-json\/wp\/v2\/property_country?post=24397"},{"taxonomy":"property_state","embeddable":true,"href":"https:\/\/lequartierimmobilier.com\/es\/wp-json\/wp\/v2\/property_state?post=24397"},{"taxonomy":"property_city","embeddable":true,"href":"https:\/\/lequartierimmobilier.com\/es\/wp-json\/wp\/v2\/property_city?post=24397"},{"taxonomy":"property_area","embeddable":true,"href":"https:\/\/lequartierimmobilier.com\/es\/wp-json\/wp\/v2\/property_area?post=24397"}],"curies":[{"name":"wp","href":"https:\/\/api.w.org\/{rel}","templated":true}]}}