{"id":23148,"date":"2026-03-03T12:43:57","date_gmt":"2026-03-03T12:43:57","guid":{"rendered":"https:\/\/lequartierimmobilier.fr\/property\/appartement-5136-m2-2-pieces-la-muette\/"},"modified":"2026-04-28T22:33:35","modified_gmt":"2026-04-28T22:33:35","slug":"la-muette-grand-2-pieces-lumineux","status":"publish","type":"property","link":"https:\/\/lequartierimmobilier.com\/es\/property\/la-muette-grand-2-pieces-lumineux\/","title":{"rendered":"LA MUETTE &#8211; GRAND 2 pi\u00e8ces &#8211; LUMINEUX"},"content":{"rendered":"<p>Le Quartier Immobilier vous propose \u00e0 la vente ce 2 pi\u00e8ces lumineux de 51 m\u00b2, situ\u00e9 au 3e \u00e9tage d\u2019un immeuble de standing avec gardien et ascenseur.<\/p>\n<p>L&#8217;appartement est en bon \u00e9tat g\u00e9n\u00e9ral et moderne.<\/p>\n<p>Un int\u00e9rieur optimis\u00e9 et chaleureux<br \/>\nD\u00e8s l\u2019entr\u00e9e, l\u2019appartement s\u00e9duit par sa configuration fonctionnelle et son atmosph\u00e8re accueillante. Le s\u00e9jour offre un espace de vie lumineux et confortable, id\u00e9al pour installer salon et salle \u00e0 manger. La cuisine \u00e9quip\u00e9e semi-ouverte s\u2019ouvre directement sur la pi\u00e8ce principale, favorisant convivialit\u00e9 et fluidit\u00e9 des espaces.<\/p>\n<p>Une chambre bien pens\u00e9e<br \/>\nLa chambre, am\u00e9nag\u00e9e en alc\u00f4ve de 8 m\u00b2, est parfaitement int\u00e9gr\u00e9e \u00e0 l\u2019appartement, offrant un coin nuit intime tout en conservant une belle circulation dans l\u2019ensemble du logement.<\/p>\n<p>Emplacement recherch\u00e9<br \/>\nSitu\u00e9 dans un quartier vivant et pris\u00e9 du 16e arrondissement, l\u2019appartement se trouve \u00e0 deux pas du RER Boulainvilliers et du m\u00e9tro La Muette, avec commerces, \u00e9coles et espaces verts \u00e0 proximit\u00e9.<\/p>\n<p>Un bien rare dans un secteur tr\u00e8s recherch\u00e9, parfait pour primo-acc\u00e9dants, couples ou pied-\u00e0-terre parisien.<\/p>\n<p>Contactez Le Quartier Immobilier pour organiser une visite !<\/p>\n","protected":false},"excerpt":{"rendered":"<p>Le Quartier Immobilier vous propose \u00e0 la vente ce 2 pi\u00e8ces lumineux de 51 m\u00b2, situ\u00e9 au 3e \u00e9tage d\u2019un immeuble de standing avec gardien et ascenseur. L&#8217;appartement est en bon \u00e9tat g\u00e9n\u00e9ral et moderne. Un int\u00e9rieur optimis\u00e9 et chaleureux D\u00e8s l\u2019entr\u00e9e, l\u2019appartement s\u00e9duit par sa configuration fonctionnelle et son atmosph\u00e8re accueillante. Le s\u00e9jour offre [&hellip;]<\/p>\n","protected":false},"author":1,"featured_media":24029,"parent":0,"menu_order":0,"template":"","property_type":[14],"property_status":[115],"property_feature":[170,117,179,161,178,180],"property_label":[],"property_country":[111,128],"property_state":[],"property_city":[147],"property_area":[146],"class_list":{"0":"post-23148","1":"property","2":"type-property","3":"status-publish","4":"has-post-thumbnail","5":"hentry","6":"property_type-apartamento","7":"property_status-en-venta","8":"property_feature-ascensor","9":"property_feature-calefaccion","10":"property_feature-double-vitrage","11":"property_feature-fenetres-coulissantes","12":"property_feature-portero","13":"property_feature-video-surveillance","14":"property_country-fr","16":"property_city-paris-16eme","17":"property_area-muette"},"property_meta":{"_alp_processed":["1777415616"],"reference":["86755023"],"fave_property_id":["86755023"],"fave_property_price":["455000"],"fave_property_price_postfix":[""],"fave_property_size":["51.36"],"fave_property_size_prefix":["m\u00b2"],"fave_property_land_postfix":[""],"fave_property_land":[""],"fave_property_rooms":["2"],"fave_property_bedrooms":["1"],"fave_property_bathrooms":[""],"fave_property_garage":[""],"fave_property_year":[""],"fave_property_garage_size":[""],"fave_taxe-foncic3a8re":[""],"fave_charges-de-copropric3a9tc3a9":[""],"fave_estimation-coc3bbts-annuels-d-c3a9nergie-min":[""],"fave_estimation-coc3bbts-annuels-d-c3a9nergie-max":[""],"fave_c3a9tage":["3"],"fave_parking":[""],"fave_nombre-d-c3a9tages":["7"],"fave_wc":[""],"fave_nombre-de-lots-au-sein-de-la-copropric3a9tc3a9":["508"],"fave_assainissement":[""],"fave_surface-du-sc3a9jour":[""],"fave_honoraires-c3a0-la-charge-du-vendeur":[""],"fave_numc3a9ro-de-mandat":["4147"],"fave_honoraires-c3a0-la-charge-de-l-acquc3a9reur":[""],"fave_loyer-mensuel-hors-charges":[""],"fave_charges-locatives-mensuelles":[""],"fave_loyer-mensuel-charges-comprises":[""],"fave_dc3a9pc3b4t-de-garantie":[""],"fave_honoraires-c3a0-la-charge-du-locataire":[""],"fave_honoraires-c3a0-la-charge-du-propric3a9taire":[""],"fave_date-de-disponibilitc3a9":[""],"fave_salles-d-eau":[""],"fave_property_map_address":["75016, Paris 16\u00e8me, FR"],"fave_property_map":["1"],"fave_property_address":[""],"fave_property_zip":["75016"],"fave_property_country":["FR"],"fave_property_location":["48.85816,2.27405,14"],"houzez_geolocation_lat":["48.85816"],"houzez_geolocation_long":["2.27405"],"fave_energy_class":[""],"fave_energy_global_index":["236"],"fave_ghg_emissions_class":[""],"fave_ghg_emissions_index":["51"],"fave_diagnostic_date":["2026-02-26"],"fave_featured":[""],"houzez_featured_listing_date":[""],"fave_agent_display_option":["agent_info"],"fave_agents":["23149"],"fave_property_agency":["22635"],"_thumbnail_id":["24029"],"images":["4"],"_wpml_word_count":["213"],"houzez_total_property_views":["153"],"houzez_views_by_date":["a:47:{s:10:\"03-04-2026\";i:2;s:10:\"03-05-2026\";i:2;s:10:\"03-12-2026\";i:1;s:10:\"03-13-2026\";i:3;s:10:\"03-14-2026\";i:7;s:10:\"03-15-2026\";i:2;s:10:\"03-16-2026\";i:12;s:10:\"03-17-2026\";i:4;s:10:\"03-18-2026\";i:6;s:10:\"03-19-2026\";i:2;s:10:\"03-20-2026\";i:5;s:10:\"03-21-2026\";i:2;s:10:\"03-22-2026\";i:2;s:10:\"03-23-2026\";i:5;s:10:\"03-24-2026\";i:5;s:10:\"03-25-2026\";i:3;s:10:\"03-26-2026\";i:2;s:10:\"03-27-2026\";i:2;s:10:\"03-28-2026\";i:1;s:10:\"03-29-2026\";i:3;s:10:\"03-30-2026\";i:1;s:10:\"03-31-2026\";i:1;s:10:\"04-02-2026\";i:1;s:10:\"04-03-2026\";i:4;s:10:\"04-04-2026\";i:3;s:10:\"04-05-2026\";i:3;s:10:\"04-06-2026\";i:1;s:10:\"04-07-2026\";i:4;s:10:\"04-08-2026\";i:3;s:10:\"04-09-2026\";i:2;s:10:\"04-10-2026\";i:2;s:10:\"04-11-2026\";i:2;s:10:\"04-12-2026\";i:5;s:10:\"04-13-2026\";i:3;s:10:\"04-14-2026\";i:1;s:10:\"04-15-2026\";i:1;s:10:\"04-16-2026\";i:2;s:10:\"04-18-2026\";i:1;s:10:\"04-19-2026\";i:13;s:10:\"04-20-2026\";i:15;s:10:\"04-21-2026\";i:3;s:10:\"04-22-2026\";i:2;s:10:\"04-24-2026\";i:2;s:10:\"04-25-2026\";i:3;s:10:\"04-26-2026\";i:1;s:10:\"04-27-2026\";i:1;s:10:\"04-28-2026\";i:2;}"],"houzez_recently_viewed":["2026-04-28 23:25:02"],"_yoast_indexnow_last_ping":["1777415616"],"_wpml_media_has_media":["1"],"fave_salle-s-d-eau":[""],"fave_nb_salle_totale":["0"],"_elementor_page_assets":["a:0:{}"],"fave_property_images":["24029","24030","23266","23267"]},"yoast_head":"<!-- This site is optimized with the Yoast SEO Premium plugin v27.2 (Yoast SEO v27.2) - https:\/\/yoast.com\/product\/yoast-seo-premium-wordpress\/ -->\n<title>LA MUETTE - GRAND 2 pi\u00e8ces - LUMINEUX - Le Quartier Immobilier<\/title>\n<meta name=\"description\" content=\"Le Quartier Immobilier vous propose \u00e0 la vente ce 2 pi\u00e8ces lumineux de 51 m\u00b2, situ\u00e9 au 3e \u00e9tage d\u2019un immeuble de standing avec gardien et ascenseur.\" \/>\n<meta name=\"robots\" content=\"index, follow, max-snippet:-1, max-image-preview:large, max-video-preview:-1\" \/>\n<link rel=\"canonical\" href=\"https:\/\/lequartierimmobilier.com\/es\/property\/la-muette-grand-2-pieces-lumineux\/\" \/>\n<meta property=\"og:locale\" content=\"es_ES\" \/>\n<meta property=\"og:type\" content=\"article\" \/>\n<meta property=\"og:title\" content=\"LA MUETTE - GRAND 2 pi\u00e8ces - LUMINEUX\" \/>\n<meta property=\"og:description\" content=\"Le Quartier Immobilier vous propose \u00e0 la vente ce 2 pi\u00e8ces lumineux de 51 m\u00b2, situ\u00e9 au 3e \u00e9tage d\u2019un immeuble de standing avec gardien et ascenseur.\" \/>\n<meta property=\"og:url\" content=\"https:\/\/lequartierimmobilier.com\/es\/property\/la-muette-grand-2-pieces-lumineux\/\" \/>\n<meta property=\"og:site_name\" content=\"Le Quartier Immobilier\" \/>\n<meta property=\"article:publisher\" content=\"https:\/\/www.facebook.com\/profile.php?id=100091943688290\" \/>\n<meta property=\"article:modified_time\" content=\"2026-04-28T22:33:35+00:00\" \/>\n<meta property=\"og:image\" content=\"https:\/\/lequartierimmobilier.com\/wp-content\/uploads\/2026\/03\/ff1c86e97d9404d1f3185c0a37c7f667_124bc26934_1264-original-23146-0.jpg\" \/>\n\t<meta property=\"og:image:width\" content=\"1264\" \/>\n\t<meta property=\"og:image:height\" content=\"816\" \/>\n\t<meta property=\"og:image:type\" content=\"image\/jpeg\" \/>\n<meta name=\"twitter:card\" content=\"summary_large_image\" \/>\n<meta name=\"twitter:label1\" content=\"Tiempo de lectura\" \/>\n\t<meta name=\"twitter:data1\" content=\"1 minuto\" \/>\n<script type=\"application\/ld+json\" class=\"yoast-schema-graph\">{\"@context\":\"https:\/\/schema.org\",\"@graph\":[{\"@type\":\"WebPage\",\"@id\":\"https:\/\/lequartierimmobilier.com\/es\/property\/la-muette-grand-2-pieces-lumineux\/\",\"url\":\"https:\/\/lequartierimmobilier.com\/es\/property\/la-muette-grand-2-pieces-lumineux\/\",\"name\":\"LA MUETTE - GRAND 2 pi\u00e8ces - LUMINEUX - Le Quartier Immobilier\",\"isPartOf\":{\"@id\":\"https:\/\/lequartierimmobilier.com\/es\/#website\"},\"primaryImageOfPage\":{\"@id\":\"https:\/\/lequartierimmobilier.com\/es\/property\/la-muette-grand-2-pieces-lumineux\/#primaryimage\"},\"image\":{\"@id\":\"https:\/\/lequartierimmobilier.com\/es\/property\/la-muette-grand-2-pieces-lumineux\/#primaryimage\"},\"thumbnailUrl\":\"https:\/\/lequartierimmobilier.com\/wp-content\/uploads\/2026\/03\/ff1c86e97d9404d1f3185c0a37c7f667_124bc26934_1264-original-23146-0.jpg\",\"datePublished\":\"2026-03-03T12:43:57+00:00\",\"dateModified\":\"2026-04-28T22:33:35+00:00\",\"description\":\"Le Quartier Immobilier vous propose \u00e0 la vente ce 2 pi\u00e8ces lumineux de 51 m\u00b2, situ\u00e9 au 3e \u00e9tage d\u2019un immeuble de standing avec gardien et ascenseur.\",\"breadcrumb\":{\"@id\":\"https:\/\/lequartierimmobilier.com\/es\/property\/la-muette-grand-2-pieces-lumineux\/#breadcrumb\"},\"inLanguage\":\"es\",\"potentialAction\":[{\"@type\":\"ReadAction\",\"target\":[\"https:\/\/lequartierimmobilier.com\/es\/property\/la-muette-grand-2-pieces-lumineux\/\"]}]},{\"@type\":\"ImageObject\",\"inLanguage\":\"es\",\"@id\":\"https:\/\/lequartierimmobilier.com\/es\/property\/la-muette-grand-2-pieces-lumineux\/#primaryimage\",\"url\":\"https:\/\/lequartierimmobilier.com\/wp-content\/uploads\/2026\/03\/ff1c86e97d9404d1f3185c0a37c7f667_124bc26934_1264-original-23146-0.jpg\",\"contentUrl\":\"https:\/\/lequartierimmobilier.com\/wp-content\/uploads\/2026\/03\/ff1c86e97d9404d1f3185c0a37c7f667_124bc26934_1264-original-23146-0.jpg\",\"width\":1264,\"height\":816},{\"@type\":\"BreadcrumbList\",\"@id\":\"https:\/\/lequartierimmobilier.com\/es\/property\/la-muette-grand-2-pieces-lumineux\/#breadcrumb\",\"itemListElement\":[{\"@type\":\"ListItem\",\"position\":1,\"name\":\"Accueil\",\"item\":\"https:\/\/lequartierimmobilier.com\/es\/inicio\/\"},{\"@type\":\"ListItem\",\"position\":2,\"name\":\"Propiedades\",\"item\":\"https:\/\/lequartierimmobilier.com\/es\/property\/\"},{\"@type\":\"ListItem\",\"position\":3,\"name\":\"LA MUETTE &#8211; GRAND 2 pi\u00e8ces &#8211; LUMINEUX\"}]},{\"@type\":\"WebSite\",\"@id\":\"https:\/\/lequartierimmobilier.com\/es\/#website\",\"url\":\"https:\/\/lequartierimmobilier.com\/es\/\",\"name\":\"Le Quartier Immobilier\",\"description\":\"Agence immobili\u00e8re Paris 15e\",\"publisher\":{\"@id\":\"https:\/\/lequartierimmobilier.com\/es\/#organization\"},\"alternateName\":\"LQI\",\"potentialAction\":[{\"@type\":\"SearchAction\",\"target\":{\"@type\":\"EntryPoint\",\"urlTemplate\":\"https:\/\/lequartierimmobilier.com\/es\/?s={search_term_string}\"},\"query-input\":{\"@type\":\"PropertyValueSpecification\",\"valueRequired\":true,\"valueName\":\"search_term_string\"}}],\"inLanguage\":\"es\"},{\"@type\":[\"Organization\",\"Place\"],\"@id\":\"https:\/\/lequartierimmobilier.com\/es\/#organization\",\"name\":\"Le Quartier Immobilier\",\"url\":\"https:\/\/lequartierimmobilier.com\/es\/\",\"logo\":{\"@id\":\"https:\/\/lequartierimmobilier.com\/es\/property\/la-muette-grand-2-pieces-lumineux\/#local-main-organization-logo\"},\"image\":{\"@id\":\"https:\/\/lequartierimmobilier.com\/es\/property\/la-muette-grand-2-pieces-lumineux\/#local-main-organization-logo\"},\"sameAs\":[\"https:\/\/www.facebook.com\/profile.php?id=100091943688290\",\"https:\/\/www.instagram.com\/le_quartier_immobilier\/\"],\"description\":\"Agence immobili\u00e8re bas\u00e9e dans le 15\u00e8me arrondissement, \u00e0 Paris.\",\"legalName\":\"AVENIR IMMOBILIER\",\"foundingDate\":\"2015-07-08\",\"numberOfEmployees\":{\"@type\":\"QuantitativeValue\",\"minValue\":\"1\",\"maxValue\":\"10\"},\"address\":{\"@id\":\"https:\/\/lequartierimmobilier.com\/es\/property\/la-muette-grand-2-pieces-lumineux\/#local-main-place-address\"},\"geo\":{\"@type\":\"GeoCoordinates\",\"latitude\":\"48.845620802643225\",\"longitude\":\"2.2844735210014395\"},\"telephone\":[\"01 87 75 50 00\"],\"contactPoint\":{\"@type\":\"ContactPoint\",\"telephone\":\"01 87 75 50 00\",\"email\":\"contact@lequartierimmobilier.com\"},\"openingHoursSpecification\":[{\"@type\":\"OpeningHoursSpecification\",\"dayOfWeek\":[\"Monday\",\"Tuesday\",\"Wednesday\",\"Thursday\",\"Friday\"],\"opens\":\"10:00\",\"closes\":\"19:00\"},{\"@type\":\"OpeningHoursSpecification\",\"dayOfWeek\":[\"Saturday\"],\"opens\":\"10:00\",\"closes\":\"18:00\"},{\"@type\":\"OpeningHoursSpecification\",\"dayOfWeek\":[\"Sunday\"],\"opens\":\"00:00\",\"closes\":\"00:00\"}],\"email\":\"contact@lequartierimmobilier.com\",\"vatID\":\"FR67812477321\",\"taxID\":\"81247732100028\"},{\"@type\":\"PostalAddress\",\"@id\":\"https:\/\/lequartierimmobilier.com\/es\/property\/la-muette-grand-2-pieces-lumineux\/#local-main-place-address\",\"streetAddress\":\"98 RUE SAINT-CHARLES\",\"addressLocality\":\"PARIS\",\"postalCode\":\"75015\",\"addressCountry\":\"FR\"},{\"@type\":\"ImageObject\",\"inLanguage\":\"es\",\"@id\":\"https:\/\/lequartierimmobilier.com\/es\/property\/la-muette-grand-2-pieces-lumineux\/#local-main-organization-logo\",\"url\":\"https:\/\/lequartierimmobilier.com\/wp-content\/uploads\/2025\/11\/logo-dore-Virginie-1-e1763134176550.png\",\"contentUrl\":\"https:\/\/lequartierimmobilier.com\/wp-content\/uploads\/2025\/11\/logo-dore-Virginie-1-e1763134176550.png\",\"width\":1024,\"height\":280,\"caption\":\"Le Quartier Immobilier\"}]}<\/script>\n<meta name=\"geo.placename\" content=\"PARIS\" \/>\n<meta name=\"geo.position\" content=\"48.845620802643225;2.2844735210014395\" \/>\n<meta name=\"geo.region\" content=\"Francia\" \/>\n<!-- \/ Yoast SEO Premium plugin. -->","yoast_head_json":{"title":"LA MUETTE - GRAND 2 pi\u00e8ces - LUMINEUX - Le Quartier Immobilier","description":"Le Quartier Immobilier vous propose \u00e0 la vente ce 2 pi\u00e8ces lumineux de 51 m\u00b2, situ\u00e9 au 3e \u00e9tage d\u2019un immeuble de standing avec gardien et ascenseur.","robots":{"index":"index","follow":"follow","max-snippet":"max-snippet:-1","max-image-preview":"max-image-preview:large","max-video-preview":"max-video-preview:-1"},"canonical":"https:\/\/lequartierimmobilier.com\/es\/property\/la-muette-grand-2-pieces-lumineux\/","og_locale":"es_ES","og_type":"article","og_title":"LA MUETTE - GRAND 2 pi\u00e8ces - LUMINEUX","og_description":"Le Quartier Immobilier vous propose \u00e0 la vente ce 2 pi\u00e8ces lumineux de 51 m\u00b2, situ\u00e9 au 3e \u00e9tage d\u2019un immeuble de standing avec gardien et ascenseur.","og_url":"https:\/\/lequartierimmobilier.com\/es\/property\/la-muette-grand-2-pieces-lumineux\/","og_site_name":"Le Quartier Immobilier","article_publisher":"https:\/\/www.facebook.com\/profile.php?id=100091943688290","article_modified_time":"2026-04-28T22:33:35+00:00","og_image":[{"width":1264,"height":816,"url":"https:\/\/lequartierimmobilier.com\/wp-content\/uploads\/2026\/03\/ff1c86e97d9404d1f3185c0a37c7f667_124bc26934_1264-original-23146-0.jpg","type":"image\/jpeg"}],"twitter_card":"summary_large_image","twitter_misc":{"Tiempo de lectura":"1 minuto"},"schema":{"@context":"https:\/\/schema.org","@graph":[{"@type":"WebPage","@id":"https:\/\/lequartierimmobilier.com\/es\/property\/la-muette-grand-2-pieces-lumineux\/","url":"https:\/\/lequartierimmobilier.com\/es\/property\/la-muette-grand-2-pieces-lumineux\/","name":"LA MUETTE - GRAND 2 pi\u00e8ces - LUMINEUX - Le Quartier Immobilier","isPartOf":{"@id":"https:\/\/lequartierimmobilier.com\/es\/#website"},"primaryImageOfPage":{"@id":"https:\/\/lequartierimmobilier.com\/es\/property\/la-muette-grand-2-pieces-lumineux\/#primaryimage"},"image":{"@id":"https:\/\/lequartierimmobilier.com\/es\/property\/la-muette-grand-2-pieces-lumineux\/#primaryimage"},"thumbnailUrl":"https:\/\/lequartierimmobilier.com\/wp-content\/uploads\/2026\/03\/ff1c86e97d9404d1f3185c0a37c7f667_124bc26934_1264-original-23146-0.jpg","datePublished":"2026-03-03T12:43:57+00:00","dateModified":"2026-04-28T22:33:35+00:00","description":"Le Quartier Immobilier vous propose \u00e0 la vente ce 2 pi\u00e8ces lumineux de 51 m\u00b2, situ\u00e9 au 3e \u00e9tage d\u2019un immeuble de standing avec gardien et ascenseur.","breadcrumb":{"@id":"https:\/\/lequartierimmobilier.com\/es\/property\/la-muette-grand-2-pieces-lumineux\/#breadcrumb"},"inLanguage":"es","potentialAction":[{"@type":"ReadAction","target":["https:\/\/lequartierimmobilier.com\/es\/property\/la-muette-grand-2-pieces-lumineux\/"]}]},{"@type":"ImageObject","inLanguage":"es","@id":"https:\/\/lequartierimmobilier.com\/es\/property\/la-muette-grand-2-pieces-lumineux\/#primaryimage","url":"https:\/\/lequartierimmobilier.com\/wp-content\/uploads\/2026\/03\/ff1c86e97d9404d1f3185c0a37c7f667_124bc26934_1264-original-23146-0.jpg","contentUrl":"https:\/\/lequartierimmobilier.com\/wp-content\/uploads\/2026\/03\/ff1c86e97d9404d1f3185c0a37c7f667_124bc26934_1264-original-23146-0.jpg","width":1264,"height":816},{"@type":"BreadcrumbList","@id":"https:\/\/lequartierimmobilier.com\/es\/property\/la-muette-grand-2-pieces-lumineux\/#breadcrumb","itemListElement":[{"@type":"ListItem","position":1,"name":"Accueil","item":"https:\/\/lequartierimmobilier.com\/es\/inicio\/"},{"@type":"ListItem","position":2,"name":"Propiedades","item":"https:\/\/lequartierimmobilier.com\/es\/property\/"},{"@type":"ListItem","position":3,"name":"LA MUETTE &#8211; GRAND 2 pi\u00e8ces &#8211; LUMINEUX"}]},{"@type":"WebSite","@id":"https:\/\/lequartierimmobilier.com\/es\/#website","url":"https:\/\/lequartierimmobilier.com\/es\/","name":"Le Quartier Immobilier","description":"Agence immobili\u00e8re Paris 15e","publisher":{"@id":"https:\/\/lequartierimmobilier.com\/es\/#organization"},"alternateName":"LQI","potentialAction":[{"@type":"SearchAction","target":{"@type":"EntryPoint","urlTemplate":"https:\/\/lequartierimmobilier.com\/es\/?s={search_term_string}"},"query-input":{"@type":"PropertyValueSpecification","valueRequired":true,"valueName":"search_term_string"}}],"inLanguage":"es"},{"@type":["Organization","Place"],"@id":"https:\/\/lequartierimmobilier.com\/es\/#organization","name":"Le Quartier Immobilier","url":"https:\/\/lequartierimmobilier.com\/es\/","logo":{"@id":"https:\/\/lequartierimmobilier.com\/es\/property\/la-muette-grand-2-pieces-lumineux\/#local-main-organization-logo"},"image":{"@id":"https:\/\/lequartierimmobilier.com\/es\/property\/la-muette-grand-2-pieces-lumineux\/#local-main-organization-logo"},"sameAs":["https:\/\/www.facebook.com\/profile.php?id=100091943688290","https:\/\/www.instagram.com\/le_quartier_immobilier\/"],"description":"Agence immobili\u00e8re bas\u00e9e dans le 15\u00e8me arrondissement, \u00e0 Paris.","legalName":"AVENIR IMMOBILIER","foundingDate":"2015-07-08","numberOfEmployees":{"@type":"QuantitativeValue","minValue":"1","maxValue":"10"},"address":{"@id":"https:\/\/lequartierimmobilier.com\/es\/property\/la-muette-grand-2-pieces-lumineux\/#local-main-place-address"},"geo":{"@type":"GeoCoordinates","latitude":"48.845620802643225","longitude":"2.2844735210014395"},"telephone":["01 87 75 50 00"],"contactPoint":{"@type":"ContactPoint","telephone":"01 87 75 50 00","email":"contact@lequartierimmobilier.com"},"openingHoursSpecification":[{"@type":"OpeningHoursSpecification","dayOfWeek":["Monday","Tuesday","Wednesday","Thursday","Friday"],"opens":"10:00","closes":"19:00"},{"@type":"OpeningHoursSpecification","dayOfWeek":["Saturday"],"opens":"10:00","closes":"18:00"},{"@type":"OpeningHoursSpecification","dayOfWeek":["Sunday"],"opens":"00:00","closes":"00:00"}],"email":"contact@lequartierimmobilier.com","vatID":"FR67812477321","taxID":"81247732100028"},{"@type":"PostalAddress","@id":"https:\/\/lequartierimmobilier.com\/es\/property\/la-muette-grand-2-pieces-lumineux\/#local-main-place-address","streetAddress":"98 RUE SAINT-CHARLES","addressLocality":"PARIS","postalCode":"75015","addressCountry":"FR"},{"@type":"ImageObject","inLanguage":"es","@id":"https:\/\/lequartierimmobilier.com\/es\/property\/la-muette-grand-2-pieces-lumineux\/#local-main-organization-logo","url":"https:\/\/lequartierimmobilier.com\/wp-content\/uploads\/2025\/11\/logo-dore-Virginie-1-e1763134176550.png","contentUrl":"https:\/\/lequartierimmobilier.com\/wp-content\/uploads\/2025\/11\/logo-dore-Virginie-1-e1763134176550.png","width":1024,"height":280,"caption":"Le Quartier Immobilier"}]},"geo.placename":"PARIS","geo.position":{"lat":"48.845620802643225","long":"2.2844735210014395"},"geo.region":"Francia"},"_links":{"self":[{"href":"https:\/\/lequartierimmobilier.com\/es\/wp-json\/wp\/v2\/propiedades\/23148","targetHints":{"allow":["GET"]}}],"collection":[{"href":"https:\/\/lequartierimmobilier.com\/es\/wp-json\/wp\/v2\/propiedades"}],"about":[{"href":"https:\/\/lequartierimmobilier.com\/es\/wp-json\/wp\/v2\/types\/property"}],"author":[{"embeddable":true,"href":"https:\/\/lequartierimmobilier.com\/es\/wp-json\/wp\/v2\/users\/1"}],"version-history":[{"count":2,"href":"https:\/\/lequartierimmobilier.com\/es\/wp-json\/wp\/v2\/propiedades\/23148\/revisions"}],"predecessor-version":[{"id":23974,"href":"https:\/\/lequartierimmobilier.com\/es\/wp-json\/wp\/v2\/propiedades\/23148\/revisions\/23974"}],"wp:featuredmedia":[{"embeddable":true,"href":"https:\/\/lequartierimmobilier.com\/es\/wp-json\/wp\/v2\/media\/24029"}],"wp:attachment":[{"href":"https:\/\/lequartierimmobilier.com\/es\/wp-json\/wp\/v2\/media?parent=23148"}],"wp:term":[{"taxonomy":"property_type","embeddable":true,"href":"https:\/\/lequartierimmobilier.com\/es\/wp-json\/wp\/v2\/property_type?post=23148"},{"taxonomy":"property_status","embeddable":true,"href":"https:\/\/lequartierimmobilier.com\/es\/wp-json\/wp\/v2\/property_status?post=23148"},{"taxonomy":"property_feature","embeddable":true,"href":"https:\/\/lequartierimmobilier.com\/es\/wp-json\/wp\/v2\/property_feature?post=23148"},{"taxonomy":"property_label","embeddable":true,"href":"https:\/\/lequartierimmobilier.com\/es\/wp-json\/wp\/v2\/property_label?post=23148"},{"taxonomy":"property_country","embeddable":true,"href":"https:\/\/lequartierimmobilier.com\/es\/wp-json\/wp\/v2\/property_country?post=23148"},{"taxonomy":"property_state","embeddable":true,"href":"https:\/\/lequartierimmobilier.com\/es\/wp-json\/wp\/v2\/property_state?post=23148"},{"taxonomy":"property_city","embeddable":true,"href":"https:\/\/lequartierimmobilier.com\/es\/wp-json\/wp\/v2\/property_city?post=23148"},{"taxonomy":"property_area","embeddable":true,"href":"https:\/\/lequartierimmobilier.com\/es\/wp-json\/wp\/v2\/property_area?post=23148"}],"curies":[{"name":"wp","href":"https:\/\/api.w.org\/{rel}","templated":true}]}}