{"id":23110,"date":"2026-03-02T11:01:04","date_gmt":"2026-03-02T11:01:04","guid":{"rendered":"https:\/\/lequartierimmobilier.fr\/property\/adresse-dexception-art-de-vivre-parisien-2\/"},"modified":"2026-04-28T22:33:26","modified_gmt":"2026-04-28T22:33:26","slug":"adresse-dexception-art-de-vivre-parisien","status":"publish","type":"property","link":"https:\/\/lequartierimmobilier.com\/es\/property\/adresse-dexception-art-de-vivre-parisien\/","title":{"rendered":"Adresse d\u2019exception \u2013 Art de vivre parisien"},"content":{"rendered":"<p>Votre agence Le Quartier Immobilier vous propose, au c\u0153ur de l\u2019avenue de Suffren et \u00e0 deux pas de la Tour Eiffel, un bien rare offrant un cadre de vie \u00e0 la fois paisible et prestigieux.<\/p>\n<p>Situ\u00e9 en rez-de-chauss\u00e9e sur un vaste jardin ferm\u00e9 et s\u00e9curis\u00e9, cet appartement b\u00e9n\u00e9ficie d\u2019une luminosit\u00e9 remarquable gr\u00e2ce \u00e0 son exposition Ouest et \u00e0 ses larges baies vitr\u00e9es dans chaque pi\u00e8ce de vie. Le vis-\u00e0-vis \u00e9loign\u00e9 et de faible hauteur permet un ensoleillement direct remarquable.<\/p>\n<p>R\u00e9nov\u00e9 r\u00e9cemment, ce bien s\u00e9duit par la qualit\u00e9 de ses prestations et le soin apport\u00e9 \u00e0 chaque d\u00e9tail.<br \/>\nLe plan parfaitement optimis\u00e9, sans perte d\u2019espace, propose une cuisine ouverte sur le s\u00e9jour, cr\u00e9ant un espace de vie convivial et harmonieux.<\/p>\n<p>L\u2019espace nuit se compose de deux chambres spacieuses et lumineuses, mises en valeur par un \u00e9l\u00e9gant parquet.<\/p>\n<p>Une salle de douche moderne, des toilettes s\u00e9par\u00e9s avec vasque ainsi que de nombreux rangements sur mesure compl\u00e8tent ce bien fonctionnel et raffin\u00e9.<\/p>\n<p>La copropri\u00e9t\u00e9 s\u00e9curis\u00e9e et gardienn\u00e9e offre une s\u00e9r\u00e9nit\u00e9 rare en plein Paris. En toile de fond, la vue sur la Tour Eiffel rappelle chaque jour le privil\u00e8ge de cette adresse unique.<\/p>\n<p>Un appartement de charme, lumineux et \u00e9l\u00e9gant, o\u00f9 le jardin devient le prolongement naturel de l\u2019espace de vie.<br \/>\nUne opportunit\u00e9 rare sur le march\u00e9.<\/p>\n","protected":false},"excerpt":{"rendered":"<p>Votre agence Le Quartier Immobilier vous propose, au c\u0153ur de l\u2019avenue de Suffren et \u00e0 deux pas de la Tour Eiffel, un bien rare offrant un cadre de vie \u00e0 la fois paisible et prestigieux. Situ\u00e9 en rez-de-chauss\u00e9e sur un vaste jardin ferm\u00e9 et s\u00e9curis\u00e9, cet appartement b\u00e9n\u00e9ficie d\u2019une luminosit\u00e9 remarquable gr\u00e2ce \u00e0 son exposition [&hellip;]<\/p>\n","protected":false},"author":1,"featured_media":23356,"parent":0,"menu_order":0,"template":"","property_type":[14],"property_status":[115],"property_feature":[196,193,170,117,164,179,190,160,171,172,181,191,194,178,162],"property_label":[154,116],"property_country":[111,128],"property_state":[],"property_city":[110,133],"property_area":[152],"class_list":{"0":"post-23110","1":"property","2":"type-property","3":"status-publish","4":"has-post-thumbnail","5":"hentry","6":"property_type-apartamento","7":"property_status-en-venta","8":"property_feature-acceso-para-discapacitados","9":"property_feature-alarme-incendie","10":"property_feature-ascensor","11":"property_feature-calefaccion","12":"property_feature-concierge","13":"property_feature-double-vitrage","14":"property_feature-eclairage-exterieur","15":"property_feature-fenetre-aluminium","16":"property_feature-fibra-optica","17":"property_feature-interfono","18":"property_feature-internet","19":"property_feature-jardin-en-copropriete","20":"property_feature-maison-de-gardien","21":"property_feature-portero","22":"property_feature-volets-roulants-electriques","23":"property_label-destacado","24":"property_label-exclusiva","25":"property_country-fr","27":"property_city-paris-15eme","29":"property_area-necker"},"property_meta":{"_alp_processed":["1777415606"],"reference":["86755041"],"fave_property_id":["86755041"],"fave_property_price":["560000"],"fave_property_price_postfix":[""],"fave_property_size":["51.51"],"fave_property_size_prefix":["m\u00b2"],"fave_property_land_postfix":[""],"fave_property_land":[""],"fave_property_rooms":["3"],"fave_property_bedrooms":["2"],"fave_property_bathrooms":[""],"fave_property_garage":[""],"fave_property_year":["1960"],"fave_property_garage_size":[""],"fave_taxe-foncic3a8re":["1200\u20ac"],"fave_charges-de-copropric3a9tc3a9":[""],"fave_estimation-coc3bbts-annuels-d-c3a9nergie-min":["770\u20ac"],"fave_estimation-coc3bbts-annuels-d-c3a9nergie-max":["1050\u20ac"],"fave_c3a9tage":[""],"fave_parking":[""],"fave_nombre-d-c3a9tages":["9"],"fave_wc":["1"],"fave_nombre-de-lots-au-sein-de-la-copropric3a9tc3a9":[""],"fave_assainissement":[""],"fave_surface-du-sc3a9jour":[""],"fave_honoraires-c3a0-la-charge-du-vendeur":[""],"fave_numc3a9ro-de-mandat":[""],"fave_honoraires-c3a0-la-charge-de-l-acquc3a9reur":[""],"fave_loyer-mensuel-hors-charges":[""],"fave_charges-locatives-mensuelles":[""],"fave_loyer-mensuel-charges-comprises":[""],"fave_dc3a9pc3b4t-de-garantie":[""],"fave_honoraires-c3a0-la-charge-du-locataire":[""],"fave_honoraires-c3a0-la-charge-du-propric3a9taire":[""],"fave_date-de-disponibilitc3a9":[""],"fave_salles-d-eau":["1"],"fave_property_map_address":["75015, Paris 15\u00e8me, FR"],"fave_property_map":["1"],"fave_property_address":[""],"fave_property_zip":["75015"],"fave_property_country":["FR"],"fave_property_location":["48.85497,2.2935,14"],"houzez_geolocation_lat":["48.85497"],"houzez_geolocation_long":["2.2935"],"fave_energy_class":[""],"fave_energy_global_index":["192"],"fave_ghg_emissions_class":[""],"fave_ghg_emissions_index":["33"],"fave_diagnostic_date":["2026-01-16"],"fave_featured":["1"],"houzez_featured_listing_date":["2026-03-02 11:01:05"],"fave_agent_display_option":["agent_info"],"fave_agents":["22634"],"fave_property_agency":["22635"],"_thumbnail_id":["23356"],"images":["9"],"_wpml_word_count":["240"],"houzez_total_property_views":["137"],"houzez_views_by_date":["a:44:{s:10:\"03-03-2026\";i:2;s:10:\"03-05-2026\";i:2;s:10:\"03-09-2026\";i:1;s:10:\"03-13-2026\";i:2;s:10:\"03-14-2026\";i:5;s:10:\"03-16-2026\";i:8;s:10:\"03-20-2026\";i:2;s:10:\"03-21-2026\";i:3;s:10:\"03-22-2026\";i:1;s:10:\"03-23-2026\";i:3;s:10:\"03-24-2026\";i:3;s:10:\"03-25-2026\";i:2;s:10:\"03-26-2026\";i:2;s:10:\"03-27-2026\";i:1;s:10:\"03-28-2026\";i:2;s:10:\"03-29-2026\";i:1;s:10:\"03-30-2026\";i:2;s:10:\"03-31-2026\";i:2;s:10:\"04-02-2026\";i:1;s:10:\"04-03-2026\";i:3;s:10:\"04-04-2026\";i:2;s:10:\"04-05-2026\";i:3;s:10:\"04-06-2026\";i:1;s:10:\"04-07-2026\";i:2;s:10:\"04-08-2026\";i:2;s:10:\"04-09-2026\";i:3;s:10:\"04-10-2026\";i:1;s:10:\"04-11-2026\";i:3;s:10:\"04-12-2026\";i:6;s:10:\"04-13-2026\";i:3;s:10:\"04-14-2026\";i:1;s:10:\"04-15-2026\";i:2;s:10:\"04-16-2026\";i:1;s:10:\"04-17-2026\";i:3;s:10:\"04-18-2026\";i:5;s:10:\"04-19-2026\";i:26;s:10:\"04-20-2026\";i:9;s:10:\"04-21-2026\";i:1;s:10:\"04-22-2026\";i:1;s:10:\"04-23-2026\";i:1;s:10:\"04-24-2026\";i:6;s:10:\"04-26-2026\";i:2;s:10:\"04-27-2026\";i:1;s:10:\"04-28-2026\";i:4;}"],"houzez_recently_viewed":["2026-04-28 23:28:38"],"_wpml_media_has_media":["1"],"_yoast_indexnow_last_ping":["1777415606"],"fave_salle-s-d-eau":["1"],"fave_nb_salle_totale":["1"],"_elementor_page_assets":["a:0:{}"],"fave_property_images":["23356","23360","23364","23366","23367","23368","23369","23371","23372"]},"yoast_head":"<!-- This site is optimized with the Yoast SEO Premium plugin v27.2 (Yoast SEO v27.2) - https:\/\/yoast.com\/product\/yoast-seo-premium-wordpress\/ -->\n<title>Adresse d\u2019exception \u2013 Art de vivre parisien - Le Quartier Immobilier<\/title>\n<meta name=\"description\" content=\"Votre agence Le Quartier Immobilier vous propose, au c\u0153ur de l\u2019avenue de Suffren et \u00e0 deux pas de la Tour Eiffel, un bien rare offrant un cadre de vie \u00e0\" \/>\n<meta name=\"robots\" content=\"index, follow, max-snippet:-1, max-image-preview:large, max-video-preview:-1\" \/>\n<link rel=\"canonical\" href=\"https:\/\/lequartierimmobilier.com\/es\/property\/adresse-dexception-art-de-vivre-parisien\/\" \/>\n<meta property=\"og:locale\" content=\"es_ES\" \/>\n<meta property=\"og:type\" content=\"article\" \/>\n<meta property=\"og:title\" content=\"Adresse d\u2019exception \u2013 Art de vivre parisien\" \/>\n<meta property=\"og:description\" content=\"Votre agence Le Quartier Immobilier vous propose, au c\u0153ur de l\u2019avenue de Suffren et \u00e0 deux pas de la Tour Eiffel, un bien rare offrant un cadre de vie \u00e0\" \/>\n<meta property=\"og:url\" content=\"https:\/\/lequartierimmobilier.com\/es\/property\/adresse-dexception-art-de-vivre-parisien\/\" \/>\n<meta property=\"og:site_name\" content=\"Le Quartier Immobilier\" \/>\n<meta property=\"article:publisher\" content=\"https:\/\/www.facebook.com\/profile.php?id=100091943688290\" \/>\n<meta property=\"article:modified_time\" content=\"2026-04-28T22:33:26+00:00\" \/>\n<meta property=\"og:image\" content=\"https:\/\/lequartierimmobilier.com\/wp-content\/uploads\/2026\/03\/bce225be516c66df5665ca7e6be8b2ab_f884b7d885_3636-original-23108-0-1024x755.jpg\" \/>\n\t<meta property=\"og:image:width\" content=\"1024\" \/>\n\t<meta property=\"og:image:height\" content=\"755\" \/>\n\t<meta property=\"og:image:type\" content=\"image\/jpeg\" \/>\n<meta name=\"twitter:card\" content=\"summary_large_image\" \/>\n<meta name=\"twitter:label1\" content=\"Tiempo de lectura\" \/>\n\t<meta name=\"twitter:data1\" content=\"1 minuto\" \/>\n<script type=\"application\/ld+json\" class=\"yoast-schema-graph\">{\"@context\":\"https:\/\/schema.org\",\"@graph\":[{\"@type\":\"WebPage\",\"@id\":\"https:\/\/lequartierimmobilier.com\/es\/property\/adresse-dexception-art-de-vivre-parisien\/\",\"url\":\"https:\/\/lequartierimmobilier.com\/es\/property\/adresse-dexception-art-de-vivre-parisien\/\",\"name\":\"Adresse d\u2019exception \u2013 Art de vivre parisien - Le Quartier Immobilier\",\"isPartOf\":{\"@id\":\"https:\/\/lequartierimmobilier.com\/es\/#website\"},\"primaryImageOfPage\":{\"@id\":\"https:\/\/lequartierimmobilier.com\/es\/property\/adresse-dexception-art-de-vivre-parisien\/#primaryimage\"},\"image\":{\"@id\":\"https:\/\/lequartierimmobilier.com\/es\/property\/adresse-dexception-art-de-vivre-parisien\/#primaryimage\"},\"thumbnailUrl\":\"https:\/\/lequartierimmobilier.com\/wp-content\/uploads\/2026\/03\/bce225be516c66df5665ca7e6be8b2ab_f884b7d885_3636-original-23108-0-scaled.jpg\",\"datePublished\":\"2026-03-02T11:01:04+00:00\",\"dateModified\":\"2026-04-28T22:33:26+00:00\",\"description\":\"Votre agence Le Quartier Immobilier vous propose, au c\u0153ur de l\u2019avenue de Suffren et \u00e0 deux pas de la Tour Eiffel, un bien rare offrant un cadre de vie \u00e0\",\"breadcrumb\":{\"@id\":\"https:\/\/lequartierimmobilier.com\/es\/property\/adresse-dexception-art-de-vivre-parisien\/#breadcrumb\"},\"inLanguage\":\"es\",\"potentialAction\":[{\"@type\":\"ReadAction\",\"target\":[\"https:\/\/lequartierimmobilier.com\/es\/property\/adresse-dexception-art-de-vivre-parisien\/\"]}]},{\"@type\":\"ImageObject\",\"inLanguage\":\"es\",\"@id\":\"https:\/\/lequartierimmobilier.com\/es\/property\/adresse-dexception-art-de-vivre-parisien\/#primaryimage\",\"url\":\"https:\/\/lequartierimmobilier.com\/wp-content\/uploads\/2026\/03\/bce225be516c66df5665ca7e6be8b2ab_f884b7d885_3636-original-23108-0-scaled.jpg\",\"contentUrl\":\"https:\/\/lequartierimmobilier.com\/wp-content\/uploads\/2026\/03\/bce225be516c66df5665ca7e6be8b2ab_f884b7d885_3636-original-23108-0-scaled.jpg\",\"width\":2560,\"height\":1887},{\"@type\":\"BreadcrumbList\",\"@id\":\"https:\/\/lequartierimmobilier.com\/es\/property\/adresse-dexception-art-de-vivre-parisien\/#breadcrumb\",\"itemListElement\":[{\"@type\":\"ListItem\",\"position\":1,\"name\":\"Accueil\",\"item\":\"https:\/\/lequartierimmobilier.com\/es\/inicio\/\"},{\"@type\":\"ListItem\",\"position\":2,\"name\":\"Propiedades\",\"item\":\"https:\/\/lequartierimmobilier.com\/es\/property\/\"},{\"@type\":\"ListItem\",\"position\":3,\"name\":\"Adresse d\u2019exception \u2013 Art de vivre parisien\"}]},{\"@type\":\"WebSite\",\"@id\":\"https:\/\/lequartierimmobilier.com\/es\/#website\",\"url\":\"https:\/\/lequartierimmobilier.com\/es\/\",\"name\":\"Le Quartier Immobilier\",\"description\":\"Agence immobili\u00e8re Paris 15e\",\"publisher\":{\"@id\":\"https:\/\/lequartierimmobilier.com\/es\/#organization\"},\"alternateName\":\"LQI\",\"potentialAction\":[{\"@type\":\"SearchAction\",\"target\":{\"@type\":\"EntryPoint\",\"urlTemplate\":\"https:\/\/lequartierimmobilier.com\/es\/?s={search_term_string}\"},\"query-input\":{\"@type\":\"PropertyValueSpecification\",\"valueRequired\":true,\"valueName\":\"search_term_string\"}}],\"inLanguage\":\"es\"},{\"@type\":[\"Organization\",\"Place\"],\"@id\":\"https:\/\/lequartierimmobilier.com\/es\/#organization\",\"name\":\"Le Quartier Immobilier\",\"url\":\"https:\/\/lequartierimmobilier.com\/es\/\",\"logo\":{\"@id\":\"https:\/\/lequartierimmobilier.com\/es\/property\/adresse-dexception-art-de-vivre-parisien\/#local-main-organization-logo\"},\"image\":{\"@id\":\"https:\/\/lequartierimmobilier.com\/es\/property\/adresse-dexception-art-de-vivre-parisien\/#local-main-organization-logo\"},\"sameAs\":[\"https:\/\/www.facebook.com\/profile.php?id=100091943688290\",\"https:\/\/www.instagram.com\/le_quartier_immobilier\/\"],\"description\":\"Agence immobili\u00e8re bas\u00e9e dans le 15\u00e8me arrondissement, \u00e0 Paris.\",\"legalName\":\"AVENIR IMMOBILIER\",\"foundingDate\":\"2015-07-08\",\"numberOfEmployees\":{\"@type\":\"QuantitativeValue\",\"minValue\":\"1\",\"maxValue\":\"10\"},\"address\":{\"@id\":\"https:\/\/lequartierimmobilier.com\/es\/property\/adresse-dexception-art-de-vivre-parisien\/#local-main-place-address\"},\"geo\":{\"@type\":\"GeoCoordinates\",\"latitude\":\"48.845620802643225\",\"longitude\":\"2.2844735210014395\"},\"telephone\":[\"01 87 75 50 00\"],\"contactPoint\":{\"@type\":\"ContactPoint\",\"telephone\":\"01 87 75 50 00\",\"email\":\"contact@lequartierimmobilier.com\"},\"openingHoursSpecification\":[{\"@type\":\"OpeningHoursSpecification\",\"dayOfWeek\":[\"Monday\",\"Tuesday\",\"Wednesday\",\"Thursday\",\"Friday\"],\"opens\":\"10:00\",\"closes\":\"19:00\"},{\"@type\":\"OpeningHoursSpecification\",\"dayOfWeek\":[\"Saturday\"],\"opens\":\"10:00\",\"closes\":\"18:00\"},{\"@type\":\"OpeningHoursSpecification\",\"dayOfWeek\":[\"Sunday\"],\"opens\":\"00:00\",\"closes\":\"00:00\"}],\"email\":\"contact@lequartierimmobilier.com\",\"vatID\":\"FR67812477321\",\"taxID\":\"81247732100028\"},{\"@type\":\"PostalAddress\",\"@id\":\"https:\/\/lequartierimmobilier.com\/es\/property\/adresse-dexception-art-de-vivre-parisien\/#local-main-place-address\",\"streetAddress\":\"98 RUE SAINT-CHARLES\",\"addressLocality\":\"PARIS\",\"postalCode\":\"75015\",\"addressCountry\":\"FR\"},{\"@type\":\"ImageObject\",\"inLanguage\":\"es\",\"@id\":\"https:\/\/lequartierimmobilier.com\/es\/property\/adresse-dexception-art-de-vivre-parisien\/#local-main-organization-logo\",\"url\":\"https:\/\/lequartierimmobilier.com\/wp-content\/uploads\/2025\/11\/logo-dore-Virginie-1-e1763134176550.png\",\"contentUrl\":\"https:\/\/lequartierimmobilier.com\/wp-content\/uploads\/2025\/11\/logo-dore-Virginie-1-e1763134176550.png\",\"width\":1024,\"height\":280,\"caption\":\"Le Quartier Immobilier\"}]}<\/script>\n<meta name=\"geo.placename\" content=\"PARIS\" \/>\n<meta name=\"geo.position\" content=\"48.845620802643225;2.2844735210014395\" \/>\n<meta name=\"geo.region\" content=\"Francia\" \/>\n<!-- \/ Yoast SEO Premium plugin. -->","yoast_head_json":{"title":"Adresse d\u2019exception \u2013 Art de vivre parisien - Le Quartier Immobilier","description":"Votre agence Le Quartier Immobilier vous propose, au c\u0153ur de l\u2019avenue de Suffren et \u00e0 deux pas de la Tour Eiffel, un bien rare offrant un cadre de vie \u00e0","robots":{"index":"index","follow":"follow","max-snippet":"max-snippet:-1","max-image-preview":"max-image-preview:large","max-video-preview":"max-video-preview:-1"},"canonical":"https:\/\/lequartierimmobilier.com\/es\/property\/adresse-dexception-art-de-vivre-parisien\/","og_locale":"es_ES","og_type":"article","og_title":"Adresse d\u2019exception \u2013 Art de vivre parisien","og_description":"Votre agence Le Quartier Immobilier vous propose, au c\u0153ur de l\u2019avenue de Suffren et \u00e0 deux pas de la Tour Eiffel, un bien rare offrant un cadre de vie \u00e0","og_url":"https:\/\/lequartierimmobilier.com\/es\/property\/adresse-dexception-art-de-vivre-parisien\/","og_site_name":"Le Quartier Immobilier","article_publisher":"https:\/\/www.facebook.com\/profile.php?id=100091943688290","article_modified_time":"2026-04-28T22:33:26+00:00","og_image":[{"width":1024,"height":755,"url":"https:\/\/lequartierimmobilier.com\/wp-content\/uploads\/2026\/03\/bce225be516c66df5665ca7e6be8b2ab_f884b7d885_3636-original-23108-0-1024x755.jpg","type":"image\/jpeg"}],"twitter_card":"summary_large_image","twitter_misc":{"Tiempo de lectura":"1 minuto"},"schema":{"@context":"https:\/\/schema.org","@graph":[{"@type":"WebPage","@id":"https:\/\/lequartierimmobilier.com\/es\/property\/adresse-dexception-art-de-vivre-parisien\/","url":"https:\/\/lequartierimmobilier.com\/es\/property\/adresse-dexception-art-de-vivre-parisien\/","name":"Adresse d\u2019exception \u2013 Art de vivre parisien - Le Quartier Immobilier","isPartOf":{"@id":"https:\/\/lequartierimmobilier.com\/es\/#website"},"primaryImageOfPage":{"@id":"https:\/\/lequartierimmobilier.com\/es\/property\/adresse-dexception-art-de-vivre-parisien\/#primaryimage"},"image":{"@id":"https:\/\/lequartierimmobilier.com\/es\/property\/adresse-dexception-art-de-vivre-parisien\/#primaryimage"},"thumbnailUrl":"https:\/\/lequartierimmobilier.com\/wp-content\/uploads\/2026\/03\/bce225be516c66df5665ca7e6be8b2ab_f884b7d885_3636-original-23108-0-scaled.jpg","datePublished":"2026-03-02T11:01:04+00:00","dateModified":"2026-04-28T22:33:26+00:00","description":"Votre agence Le Quartier Immobilier vous propose, au c\u0153ur de l\u2019avenue de Suffren et \u00e0 deux pas de la Tour Eiffel, un bien rare offrant un cadre de vie \u00e0","breadcrumb":{"@id":"https:\/\/lequartierimmobilier.com\/es\/property\/adresse-dexception-art-de-vivre-parisien\/#breadcrumb"},"inLanguage":"es","potentialAction":[{"@type":"ReadAction","target":["https:\/\/lequartierimmobilier.com\/es\/property\/adresse-dexception-art-de-vivre-parisien\/"]}]},{"@type":"ImageObject","inLanguage":"es","@id":"https:\/\/lequartierimmobilier.com\/es\/property\/adresse-dexception-art-de-vivre-parisien\/#primaryimage","url":"https:\/\/lequartierimmobilier.com\/wp-content\/uploads\/2026\/03\/bce225be516c66df5665ca7e6be8b2ab_f884b7d885_3636-original-23108-0-scaled.jpg","contentUrl":"https:\/\/lequartierimmobilier.com\/wp-content\/uploads\/2026\/03\/bce225be516c66df5665ca7e6be8b2ab_f884b7d885_3636-original-23108-0-scaled.jpg","width":2560,"height":1887},{"@type":"BreadcrumbList","@id":"https:\/\/lequartierimmobilier.com\/es\/property\/adresse-dexception-art-de-vivre-parisien\/#breadcrumb","itemListElement":[{"@type":"ListItem","position":1,"name":"Accueil","item":"https:\/\/lequartierimmobilier.com\/es\/inicio\/"},{"@type":"ListItem","position":2,"name":"Propiedades","item":"https:\/\/lequartierimmobilier.com\/es\/property\/"},{"@type":"ListItem","position":3,"name":"Adresse d\u2019exception \u2013 Art de vivre parisien"}]},{"@type":"WebSite","@id":"https:\/\/lequartierimmobilier.com\/es\/#website","url":"https:\/\/lequartierimmobilier.com\/es\/","name":"Le Quartier Immobilier","description":"Agence immobili\u00e8re Paris 15e","publisher":{"@id":"https:\/\/lequartierimmobilier.com\/es\/#organization"},"alternateName":"LQI","potentialAction":[{"@type":"SearchAction","target":{"@type":"EntryPoint","urlTemplate":"https:\/\/lequartierimmobilier.com\/es\/?s={search_term_string}"},"query-input":{"@type":"PropertyValueSpecification","valueRequired":true,"valueName":"search_term_string"}}],"inLanguage":"es"},{"@type":["Organization","Place"],"@id":"https:\/\/lequartierimmobilier.com\/es\/#organization","name":"Le Quartier Immobilier","url":"https:\/\/lequartierimmobilier.com\/es\/","logo":{"@id":"https:\/\/lequartierimmobilier.com\/es\/property\/adresse-dexception-art-de-vivre-parisien\/#local-main-organization-logo"},"image":{"@id":"https:\/\/lequartierimmobilier.com\/es\/property\/adresse-dexception-art-de-vivre-parisien\/#local-main-organization-logo"},"sameAs":["https:\/\/www.facebook.com\/profile.php?id=100091943688290","https:\/\/www.instagram.com\/le_quartier_immobilier\/"],"description":"Agence immobili\u00e8re bas\u00e9e dans le 15\u00e8me arrondissement, \u00e0 Paris.","legalName":"AVENIR IMMOBILIER","foundingDate":"2015-07-08","numberOfEmployees":{"@type":"QuantitativeValue","minValue":"1","maxValue":"10"},"address":{"@id":"https:\/\/lequartierimmobilier.com\/es\/property\/adresse-dexception-art-de-vivre-parisien\/#local-main-place-address"},"geo":{"@type":"GeoCoordinates","latitude":"48.845620802643225","longitude":"2.2844735210014395"},"telephone":["01 87 75 50 00"],"contactPoint":{"@type":"ContactPoint","telephone":"01 87 75 50 00","email":"contact@lequartierimmobilier.com"},"openingHoursSpecification":[{"@type":"OpeningHoursSpecification","dayOfWeek":["Monday","Tuesday","Wednesday","Thursday","Friday"],"opens":"10:00","closes":"19:00"},{"@type":"OpeningHoursSpecification","dayOfWeek":["Saturday"],"opens":"10:00","closes":"18:00"},{"@type":"OpeningHoursSpecification","dayOfWeek":["Sunday"],"opens":"00:00","closes":"00:00"}],"email":"contact@lequartierimmobilier.com","vatID":"FR67812477321","taxID":"81247732100028"},{"@type":"PostalAddress","@id":"https:\/\/lequartierimmobilier.com\/es\/property\/adresse-dexception-art-de-vivre-parisien\/#local-main-place-address","streetAddress":"98 RUE SAINT-CHARLES","addressLocality":"PARIS","postalCode":"75015","addressCountry":"FR"},{"@type":"ImageObject","inLanguage":"es","@id":"https:\/\/lequartierimmobilier.com\/es\/property\/adresse-dexception-art-de-vivre-parisien\/#local-main-organization-logo","url":"https:\/\/lequartierimmobilier.com\/wp-content\/uploads\/2025\/11\/logo-dore-Virginie-1-e1763134176550.png","contentUrl":"https:\/\/lequartierimmobilier.com\/wp-content\/uploads\/2025\/11\/logo-dore-Virginie-1-e1763134176550.png","width":1024,"height":280,"caption":"Le Quartier Immobilier"}]},"geo.placename":"PARIS","geo.position":{"lat":"48.845620802643225","long":"2.2844735210014395"},"geo.region":"Francia"},"_links":{"self":[{"href":"https:\/\/lequartierimmobilier.com\/es\/wp-json\/wp\/v2\/propiedades\/23110","targetHints":{"allow":["GET"]}}],"collection":[{"href":"https:\/\/lequartierimmobilier.com\/es\/wp-json\/wp\/v2\/propiedades"}],"about":[{"href":"https:\/\/lequartierimmobilier.com\/es\/wp-json\/wp\/v2\/types\/property"}],"author":[{"embeddable":true,"href":"https:\/\/lequartierimmobilier.com\/es\/wp-json\/wp\/v2\/users\/1"}],"version-history":[{"count":1,"href":"https:\/\/lequartierimmobilier.com\/es\/wp-json\/wp\/v2\/propiedades\/23110\/revisions"}],"predecessor-version":[{"id":23215,"href":"https:\/\/lequartierimmobilier.com\/es\/wp-json\/wp\/v2\/propiedades\/23110\/revisions\/23215"}],"wp:featuredmedia":[{"embeddable":true,"href":"https:\/\/lequartierimmobilier.com\/es\/wp-json\/wp\/v2\/media\/23356"}],"wp:attachment":[{"href":"https:\/\/lequartierimmobilier.com\/es\/wp-json\/wp\/v2\/media?parent=23110"}],"wp:term":[{"taxonomy":"property_type","embeddable":true,"href":"https:\/\/lequartierimmobilier.com\/es\/wp-json\/wp\/v2\/property_type?post=23110"},{"taxonomy":"property_status","embeddable":true,"href":"https:\/\/lequartierimmobilier.com\/es\/wp-json\/wp\/v2\/property_status?post=23110"},{"taxonomy":"property_feature","embeddable":true,"href":"https:\/\/lequartierimmobilier.com\/es\/wp-json\/wp\/v2\/property_feature?post=23110"},{"taxonomy":"property_label","embeddable":true,"href":"https:\/\/lequartierimmobilier.com\/es\/wp-json\/wp\/v2\/property_label?post=23110"},{"taxonomy":"property_country","embeddable":true,"href":"https:\/\/lequartierimmobilier.com\/es\/wp-json\/wp\/v2\/property_country?post=23110"},{"taxonomy":"property_state","embeddable":true,"href":"https:\/\/lequartierimmobilier.com\/es\/wp-json\/wp\/v2\/property_state?post=23110"},{"taxonomy":"property_city","embeddable":true,"href":"https:\/\/lequartierimmobilier.com\/es\/wp-json\/wp\/v2\/property_city?post=23110"},{"taxonomy":"property_area","embeddable":true,"href":"https:\/\/lequartierimmobilier.com\/es\/wp-json\/wp\/v2\/property_area?post=23110"}],"curies":[{"name":"wp","href":"https:\/\/api.w.org\/{rel}","templated":true}]}}