{"id":23092,"date":"2026-03-02T11:00:33","date_gmt":"2026-03-02T11:00:33","guid":{"rendered":"https:\/\/lequartierimmobilier.fr\/property\/deux-pieces-avec-un-large-balcon-et-une-belle-vue-sur-la-tour-eiffel-contact-uniquement-par-mail\/"},"modified":"2026-04-28T23:33:11","modified_gmt":"2026-04-28T23:33:11","slug":"deux-pieces-avec-un-large-balcon-et-une-belle-vue-sur-la-tour-eiffel-contact-uniquement-par-mail","status":"publish","type":"property","link":"https:\/\/lequartierimmobilier.com\/es\/property\/deux-pieces-avec-un-large-balcon-et-une-belle-vue-sur-la-tour-eiffel-contact-uniquement-par-mail\/","title":{"rendered":"DEUX PI\u00c8CES AVEC UN LARGE BALCON ET UNE BELLE VUE SUR LA TOUR  EIFFEL! CONTACT UNIQUEMENT PAR MAIL!"},"content":{"rendered":"<p>Id\u00e9alement situ\u00e9 \u00e0 proximit\u00e9 de la rue Saint Charles, proche de toutes les commodit\u00e9s, dans un quartier convivial, Le Quartier Immobilier vous propose \u00e0 la location cet appartement de deux pi\u00e8ces.<\/p>\n<p>D\u00e8s le seuil franchi, vous serez imm\u00e9diatement charm\u00e9 par un s\u00e9jour lumineux avec une belle vue d\u00e9gag\u00e9e sur la Tour Eiffel et par sa cuisine am\u00e9ricaine qui n&#8217;attend que vous pour y concocter vos bons petits plats !<\/p>\n<p>Cet appartement propose \u00e9galement une chambre. Elle sera l&#8217;endroit id\u00e9al pour vous d\u00e9tendre apr\u00e8s une longue journ\u00e9e.<\/p>\n<p>L&#8217;appartement dispose \u00e9galement d&#8217;un large balcon filant.<\/p>\n<p>N&#8217;h\u00e9sitez pas \u00e0 nous contacter par mail pour plus informations!<\/p>\n","protected":false},"excerpt":{"rendered":"<p>Id\u00e9alement situ\u00e9 \u00e0 proximit\u00e9 de la rue Saint Charles, proche de toutes les commodit\u00e9s, dans un quartier convivial, Le Quartier Immobilier vous propose \u00e0 la location cet appartement de deux pi\u00e8ces. D\u00e8s le seuil franchi, vous serez imm\u00e9diatement charm\u00e9 par un s\u00e9jour lumineux avec une belle vue d\u00e9gag\u00e9e sur la Tour Eiffel et par sa [&hellip;]<\/p>\n","protected":false},"author":1,"featured_media":24263,"parent":0,"menu_order":0,"template":"","property_type":[14],"property_status":[145],"property_feature":[170,141,117,177,179,161,171,182,172,181,183,184,178,162],"property_label":[116],"property_country":[111,128],"property_state":[],"property_city":[110,133],"property_area":[109],"class_list":{"0":"post-23092","1":"property","2":"type-property","3":"status-publish","4":"has-post-thumbnail","5":"hentry","6":"property_type-apartamento","7":"property_status-en-alquiler","8":"property_feature-ascensor","9":"property_feature-balcon","10":"property_feature-calefaccion","11":"property_feature-codigo-de-acceso","12":"property_feature-double-vitrage","13":"property_feature-fenetres-coulissantes","14":"property_feature-fibra-optica","15":"property_feature-four","16":"property_feature-interfono","17":"property_feature-internet","18":"property_feature-lave-linge","19":"property_feature-plaque-de-cuisson","20":"property_feature-portero","21":"property_feature-volets-roulants-electriques","22":"property_label-exclusiva","23":"property_country-fr","25":"property_city-paris-15eme","27":"property_area-paris"},"property_meta":{"_alp_processed":["1777419192"],"reference":["86693902"],"fave_property_id":["86693902"],"fave_property_price":["1430"],"fave_property_price_postfix":["mes"],"fave_property_size":["40.19"],"fave_property_size_prefix":["m\u00b2"],"fave_property_land_postfix":[""],"fave_property_land":[""],"fave_property_rooms":["2"],"fave_property_bedrooms":["1"],"fave_property_bathrooms":["1"],"fave_property_garage":[""],"fave_property_year":["1970"],"fave_property_garage_size":[""],"fave_taxe-foncic3a8re":[""],"fave_charges-de-copropric3a9tc3a9":[""],"fave_estimation-coc3bbts-annuels-d-c3a9nergie-min":["700\u20ac"],"fave_estimation-coc3bbts-annuels-d-c3a9nergie-max":["950\u20ac"],"fave_c3a9tage":["8"],"fave_parking":[""],"fave_nombre-d-c3a9tages":["8"],"fave_wc":["1"],"fave_nombre-de-lots-au-sein-de-la-copropric3a9tc3a9":["38"],"fave_assainissement":[""],"fave_balcon":["s\u00ed"],"fave_surface-du-sc3a9jour":["15.55m\u00b2"],"fave_honoraires-c3a0-la-charge-du-vendeur":[""],"fave_numc3a9ro-de-mandat":["100132"],"fave_honoraires-c3a0-la-charge-de-l-acquc3a9reur":[""],"fave_loyer-mensuel-hors-charges":["1430\u20ac"],"fave_charges-locatives-mensuelles":["150\u20ac"],"fave_loyer-mensuel-charges-comprises":[""],"fave_dc3a9pc3b4t-de-garantie":["1580\u20ac"],"fave_honoraires-c3a0-la-charge-du-locataire":["120.57\u20ac"],"fave_honoraires-c3a0-la-charge-du-propric3a9taire":[""],"fave_date-de-disponibilitc3a9":[""],"fave_salles-d-eau":[""],"fave_property_map_address":["75015, Paris 15\u00e8me, FR"],"fave_property_map":["1"],"fave_property_address":[""],"fave_property_zip":["75015"],"fave_property_country":["FR"],"fave_property_location":["48.84781,2.27958,14"],"houzez_geolocation_lat":["48.84781"],"houzez_geolocation_long":["2.27958"],"fave_energy_class":[""],"fave_energy_global_index":["224"],"fave_ghg_emissions_class":[""],"fave_ghg_emissions_index":["39"],"fave_diagnostic_date":["2026-01-28"],"fave_featured":[""],"houzez_featured_listing_date":[""],"fave_agent_display_option":["agent_info"],"fave_agents":["23093"],"fave_property_agency":["22635"],"images":["4"],"_wpml_word_count":["131"],"houzez_total_property_views":["121"],"houzez_views_by_date":["a:47:{s:10:\"03-03-2026\";i:2;s:10:\"03-06-2026\";i:1;s:10:\"03-12-2026\";i:1;s:10:\"03-13-2026\";i:2;s:10:\"03-14-2026\";i:5;s:10:\"03-15-2026\";i:1;s:10:\"03-16-2026\";i:5;s:10:\"03-17-2026\";i:1;s:10:\"03-19-2026\";i:1;s:10:\"03-20-2026\";i:2;s:10:\"03-21-2026\";i:2;s:10:\"03-22-2026\";i:2;s:10:\"03-23-2026\";i:4;s:10:\"03-24-2026\";i:3;s:10:\"03-25-2026\";i:3;s:10:\"03-26-2026\";i:2;s:10:\"03-27-2026\";i:1;s:10:\"03-28-2026\";i:2;s:10:\"03-29-2026\";i:3;s:10:\"03-30-2026\";i:1;s:10:\"03-31-2026\";i:3;s:10:\"04-01-2026\";i:1;s:10:\"04-02-2026\";i:3;s:10:\"04-03-2026\";i:4;s:10:\"04-04-2026\";i:3;s:10:\"04-05-2026\";i:2;s:10:\"04-06-2026\";i:2;s:10:\"04-07-2026\";i:3;s:10:\"04-08-2026\";i:2;s:10:\"04-09-2026\";i:2;s:10:\"04-10-2026\";i:1;s:10:\"04-11-2026\";i:1;s:10:\"04-12-2026\";i:4;s:10:\"04-13-2026\";i:2;s:10:\"04-14-2026\";i:3;s:10:\"04-15-2026\";i:3;s:10:\"04-16-2026\";i:1;s:10:\"04-18-2026\";i:1;s:10:\"04-19-2026\";i:8;s:10:\"04-20-2026\";i:6;s:10:\"04-21-2026\";i:1;s:10:\"04-22-2026\";i:10;s:10:\"04-23-2026\";i:2;s:10:\"04-24-2026\";i:2;s:10:\"04-26-2026\";i:2;s:10:\"04-27-2026\";i:1;s:10:\"04-28-2026\";i:4;}"],"houzez_recently_viewed":["2026-04-28 23:34:10"],"_wpml_media_has_media":["1"],"_yoast_indexnow_last_ping":["1777419191"],"_thumbnail_id":["24263"],"fave_salle-s-d-eau":[""],"fave_nb_salle_totale":["1"],"_elementor_page_assets":["a:0:{}"],"fave_property_images":["24263","24266","24267","23163"]},"yoast_head":"<!-- This site is optimized with the Yoast SEO Premium plugin v27.2 (Yoast SEO v27.2) - https:\/\/yoast.com\/product\/yoast-seo-premium-wordpress\/ -->\n<title>DEUX PI\u00c8CES AVEC UN LARGE BALCON ET UNE BELLE VUE SUR LA TOUR EIFFEL! CONTACT UNIQUEMENT PAR MAIL! - Le Quartier Immobilier<\/title>\n<meta name=\"description\" content=\"Id\u00e9alement situ\u00e9 \u00e0 proximit\u00e9 de la rue Saint Charles, proche de toutes les commodit\u00e9s, dans un quartier convivial, Le Quartier Immobilier vous propose \u00e0\" \/>\n<meta name=\"robots\" content=\"index, follow, max-snippet:-1, max-image-preview:large, max-video-preview:-1\" \/>\n<link rel=\"canonical\" href=\"https:\/\/lequartierimmobilier.com\/es\/property\/deux-pieces-avec-un-large-balcon-et-une-belle-vue-sur-la-tour-eiffel-contact-uniquement-par-mail\/\" \/>\n<meta property=\"og:locale\" content=\"es_ES\" \/>\n<meta property=\"og:type\" content=\"article\" \/>\n<meta property=\"og:title\" content=\"DEUX PI\u00c8CES AVEC UN LARGE BALCON ET UNE BELLE VUE SUR LA TOUR EIFFEL! CONTACT UNIQUEMENT PAR MAIL!\" \/>\n<meta property=\"og:description\" content=\"Id\u00e9alement situ\u00e9 \u00e0 proximit\u00e9 de la rue Saint Charles, proche de toutes les commodit\u00e9s, dans un quartier convivial, Le Quartier Immobilier vous propose \u00e0\" \/>\n<meta property=\"og:url\" content=\"https:\/\/lequartierimmobilier.com\/es\/property\/deux-pieces-avec-un-large-balcon-et-une-belle-vue-sur-la-tour-eiffel-contact-uniquement-par-mail\/\" \/>\n<meta property=\"og:site_name\" content=\"Le Quartier Immobilier\" \/>\n<meta property=\"article:publisher\" content=\"https:\/\/www.facebook.com\/profile.php?id=100091943688290\" \/>\n<meta property=\"article:modified_time\" content=\"2026-04-28T23:33:11+00:00\" \/>\n<meta property=\"og:image\" content=\"https:\/\/lequartierimmobilier.com\/wp-content\/uploads\/2026\/03\/131557f6dffe081ba4ae40e631cd6e22_ea5301af92_2016-original-23090-0.jpg\" \/>\n\t<meta property=\"og:image:width\" content=\"2016\" \/>\n\t<meta property=\"og:image:height\" content=\"1512\" \/>\n\t<meta property=\"og:image:type\" content=\"image\/jpeg\" \/>\n<meta name=\"twitter:card\" content=\"summary_large_image\" \/>\n<meta name=\"twitter:label1\" content=\"Tiempo de lectura\" \/>\n\t<meta name=\"twitter:data1\" content=\"1 minuto\" \/>\n<script type=\"application\/ld+json\" class=\"yoast-schema-graph\">{\"@context\":\"https:\/\/schema.org\",\"@graph\":[{\"@type\":\"WebPage\",\"@id\":\"https:\/\/lequartierimmobilier.com\/es\/property\/deux-pieces-avec-un-large-balcon-et-une-belle-vue-sur-la-tour-eiffel-contact-uniquement-par-mail\/\",\"url\":\"https:\/\/lequartierimmobilier.com\/es\/property\/deux-pieces-avec-un-large-balcon-et-une-belle-vue-sur-la-tour-eiffel-contact-uniquement-par-mail\/\",\"name\":\"DEUX PI\u00c8CES AVEC UN LARGE BALCON ET UNE BELLE VUE SUR LA TOUR EIFFEL! CONTACT UNIQUEMENT PAR MAIL! - Le Quartier Immobilier\",\"isPartOf\":{\"@id\":\"https:\/\/lequartierimmobilier.com\/es\/#website\"},\"primaryImageOfPage\":{\"@id\":\"https:\/\/lequartierimmobilier.com\/es\/property\/deux-pieces-avec-un-large-balcon-et-une-belle-vue-sur-la-tour-eiffel-contact-uniquement-par-mail\/#primaryimage\"},\"image\":{\"@id\":\"https:\/\/lequartierimmobilier.com\/es\/property\/deux-pieces-avec-un-large-balcon-et-une-belle-vue-sur-la-tour-eiffel-contact-uniquement-par-mail\/#primaryimage\"},\"thumbnailUrl\":\"https:\/\/lequartierimmobilier.com\/wp-content\/uploads\/2026\/03\/131557f6dffe081ba4ae40e631cd6e22_ea5301af92_2016-original-23090-0.jpg\",\"datePublished\":\"2026-03-02T11:00:33+00:00\",\"dateModified\":\"2026-04-28T23:33:11+00:00\",\"description\":\"Id\u00e9alement situ\u00e9 \u00e0 proximit\u00e9 de la rue Saint Charles, proche de toutes les commodit\u00e9s, dans un quartier convivial, Le Quartier Immobilier vous propose \u00e0\",\"breadcrumb\":{\"@id\":\"https:\/\/lequartierimmobilier.com\/es\/property\/deux-pieces-avec-un-large-balcon-et-une-belle-vue-sur-la-tour-eiffel-contact-uniquement-par-mail\/#breadcrumb\"},\"inLanguage\":\"es\",\"potentialAction\":[{\"@type\":\"ReadAction\",\"target\":[\"https:\/\/lequartierimmobilier.com\/es\/property\/deux-pieces-avec-un-large-balcon-et-une-belle-vue-sur-la-tour-eiffel-contact-uniquement-par-mail\/\"]}]},{\"@type\":\"ImageObject\",\"inLanguage\":\"es\",\"@id\":\"https:\/\/lequartierimmobilier.com\/es\/property\/deux-pieces-avec-un-large-balcon-et-une-belle-vue-sur-la-tour-eiffel-contact-uniquement-par-mail\/#primaryimage\",\"url\":\"https:\/\/lequartierimmobilier.com\/wp-content\/uploads\/2026\/03\/131557f6dffe081ba4ae40e631cd6e22_ea5301af92_2016-original-23090-0.jpg\",\"contentUrl\":\"https:\/\/lequartierimmobilier.com\/wp-content\/uploads\/2026\/03\/131557f6dffe081ba4ae40e631cd6e22_ea5301af92_2016-original-23090-0.jpg\",\"width\":2016,\"height\":1512},{\"@type\":\"BreadcrumbList\",\"@id\":\"https:\/\/lequartierimmobilier.com\/es\/property\/deux-pieces-avec-un-large-balcon-et-une-belle-vue-sur-la-tour-eiffel-contact-uniquement-par-mail\/#breadcrumb\",\"itemListElement\":[{\"@type\":\"ListItem\",\"position\":1,\"name\":\"Accueil\",\"item\":\"https:\/\/lequartierimmobilier.com\/es\/inicio\/\"},{\"@type\":\"ListItem\",\"position\":2,\"name\":\"Propiedades\",\"item\":\"https:\/\/lequartierimmobilier.com\/es\/property\/\"},{\"@type\":\"ListItem\",\"position\":3,\"name\":\"DEUX PI\u00c8CES AVEC UN LARGE BALCON ET UNE BELLE VUE SUR LA TOUR EIFFEL! CONTACT UNIQUEMENT PAR MAIL!\"}]},{\"@type\":\"WebSite\",\"@id\":\"https:\/\/lequartierimmobilier.com\/es\/#website\",\"url\":\"https:\/\/lequartierimmobilier.com\/es\/\",\"name\":\"Le Quartier Immobilier\",\"description\":\"Agence immobili\u00e8re Paris 15e\",\"publisher\":{\"@id\":\"https:\/\/lequartierimmobilier.com\/es\/#organization\"},\"alternateName\":\"LQI\",\"potentialAction\":[{\"@type\":\"SearchAction\",\"target\":{\"@type\":\"EntryPoint\",\"urlTemplate\":\"https:\/\/lequartierimmobilier.com\/es\/?s={search_term_string}\"},\"query-input\":{\"@type\":\"PropertyValueSpecification\",\"valueRequired\":true,\"valueName\":\"search_term_string\"}}],\"inLanguage\":\"es\"},{\"@type\":[\"Organization\",\"Place\"],\"@id\":\"https:\/\/lequartierimmobilier.com\/es\/#organization\",\"name\":\"Le Quartier Immobilier\",\"url\":\"https:\/\/lequartierimmobilier.com\/es\/\",\"logo\":{\"@id\":\"https:\/\/lequartierimmobilier.com\/es\/property\/deux-pieces-avec-un-large-balcon-et-une-belle-vue-sur-la-tour-eiffel-contact-uniquement-par-mail\/#local-main-organization-logo\"},\"image\":{\"@id\":\"https:\/\/lequartierimmobilier.com\/es\/property\/deux-pieces-avec-un-large-balcon-et-une-belle-vue-sur-la-tour-eiffel-contact-uniquement-par-mail\/#local-main-organization-logo\"},\"sameAs\":[\"https:\/\/www.facebook.com\/profile.php?id=100091943688290\",\"https:\/\/www.instagram.com\/le_quartier_immobilier\/\"],\"description\":\"Agence immobili\u00e8re bas\u00e9e dans le 15\u00e8me arrondissement, \u00e0 Paris.\",\"legalName\":\"AVENIR IMMOBILIER\",\"foundingDate\":\"2015-07-08\",\"numberOfEmployees\":{\"@type\":\"QuantitativeValue\",\"minValue\":\"1\",\"maxValue\":\"10\"},\"address\":{\"@id\":\"https:\/\/lequartierimmobilier.com\/es\/property\/deux-pieces-avec-un-large-balcon-et-une-belle-vue-sur-la-tour-eiffel-contact-uniquement-par-mail\/#local-main-place-address\"},\"geo\":{\"@type\":\"GeoCoordinates\",\"latitude\":\"48.845620802643225\",\"longitude\":\"2.2844735210014395\"},\"telephone\":[\"01 87 75 50 00\"],\"contactPoint\":{\"@type\":\"ContactPoint\",\"telephone\":\"01 87 75 50 00\",\"email\":\"contact@lequartierimmobilier.com\"},\"openingHoursSpecification\":[{\"@type\":\"OpeningHoursSpecification\",\"dayOfWeek\":[\"Monday\",\"Tuesday\",\"Wednesday\",\"Thursday\",\"Friday\"],\"opens\":\"10:00\",\"closes\":\"19:00\"},{\"@type\":\"OpeningHoursSpecification\",\"dayOfWeek\":[\"Saturday\"],\"opens\":\"10:00\",\"closes\":\"18:00\"},{\"@type\":\"OpeningHoursSpecification\",\"dayOfWeek\":[\"Sunday\"],\"opens\":\"00:00\",\"closes\":\"00:00\"}],\"email\":\"contact@lequartierimmobilier.com\",\"vatID\":\"FR67812477321\",\"taxID\":\"81247732100028\"},{\"@type\":\"PostalAddress\",\"@id\":\"https:\/\/lequartierimmobilier.com\/es\/property\/deux-pieces-avec-un-large-balcon-et-une-belle-vue-sur-la-tour-eiffel-contact-uniquement-par-mail\/#local-main-place-address\",\"streetAddress\":\"98 RUE SAINT-CHARLES\",\"addressLocality\":\"PARIS\",\"postalCode\":\"75015\",\"addressCountry\":\"FR\"},{\"@type\":\"ImageObject\",\"inLanguage\":\"es\",\"@id\":\"https:\/\/lequartierimmobilier.com\/es\/property\/deux-pieces-avec-un-large-balcon-et-une-belle-vue-sur-la-tour-eiffel-contact-uniquement-par-mail\/#local-main-organization-logo\",\"url\":\"https:\/\/lequartierimmobilier.com\/wp-content\/uploads\/2025\/11\/logo-dore-Virginie-1-e1763134176550.png\",\"contentUrl\":\"https:\/\/lequartierimmobilier.com\/wp-content\/uploads\/2025\/11\/logo-dore-Virginie-1-e1763134176550.png\",\"width\":1024,\"height\":280,\"caption\":\"Le Quartier Immobilier\"}]}<\/script>\n<meta name=\"geo.placename\" content=\"PARIS\" \/>\n<meta name=\"geo.position\" content=\"48.845620802643225;2.2844735210014395\" \/>\n<meta name=\"geo.region\" content=\"Francia\" \/>\n<!-- \/ Yoast SEO Premium plugin. -->","yoast_head_json":{"title":"DEUX PI\u00c8CES AVEC UN LARGE BALCON ET UNE BELLE VUE SUR LA TOUR EIFFEL! CONTACT UNIQUEMENT PAR MAIL! - Le Quartier Immobilier","description":"Id\u00e9alement situ\u00e9 \u00e0 proximit\u00e9 de la rue Saint Charles, proche de toutes les commodit\u00e9s, dans un quartier convivial, Le Quartier Immobilier vous propose \u00e0","robots":{"index":"index","follow":"follow","max-snippet":"max-snippet:-1","max-image-preview":"max-image-preview:large","max-video-preview":"max-video-preview:-1"},"canonical":"https:\/\/lequartierimmobilier.com\/es\/property\/deux-pieces-avec-un-large-balcon-et-une-belle-vue-sur-la-tour-eiffel-contact-uniquement-par-mail\/","og_locale":"es_ES","og_type":"article","og_title":"DEUX PI\u00c8CES AVEC UN LARGE BALCON ET UNE BELLE VUE SUR LA TOUR EIFFEL! CONTACT UNIQUEMENT PAR MAIL!","og_description":"Id\u00e9alement situ\u00e9 \u00e0 proximit\u00e9 de la rue Saint Charles, proche de toutes les commodit\u00e9s, dans un quartier convivial, Le Quartier Immobilier vous propose \u00e0","og_url":"https:\/\/lequartierimmobilier.com\/es\/property\/deux-pieces-avec-un-large-balcon-et-une-belle-vue-sur-la-tour-eiffel-contact-uniquement-par-mail\/","og_site_name":"Le Quartier Immobilier","article_publisher":"https:\/\/www.facebook.com\/profile.php?id=100091943688290","article_modified_time":"2026-04-28T23:33:11+00:00","og_image":[{"width":2016,"height":1512,"url":"https:\/\/lequartierimmobilier.com\/wp-content\/uploads\/2026\/03\/131557f6dffe081ba4ae40e631cd6e22_ea5301af92_2016-original-23090-0.jpg","type":"image\/jpeg"}],"twitter_card":"summary_large_image","twitter_misc":{"Tiempo de lectura":"1 minuto"},"schema":{"@context":"https:\/\/schema.org","@graph":[{"@type":"WebPage","@id":"https:\/\/lequartierimmobilier.com\/es\/property\/deux-pieces-avec-un-large-balcon-et-une-belle-vue-sur-la-tour-eiffel-contact-uniquement-par-mail\/","url":"https:\/\/lequartierimmobilier.com\/es\/property\/deux-pieces-avec-un-large-balcon-et-une-belle-vue-sur-la-tour-eiffel-contact-uniquement-par-mail\/","name":"DEUX PI\u00c8CES AVEC UN LARGE BALCON ET UNE BELLE VUE SUR LA TOUR EIFFEL! CONTACT UNIQUEMENT PAR MAIL! - Le Quartier Immobilier","isPartOf":{"@id":"https:\/\/lequartierimmobilier.com\/es\/#website"},"primaryImageOfPage":{"@id":"https:\/\/lequartierimmobilier.com\/es\/property\/deux-pieces-avec-un-large-balcon-et-une-belle-vue-sur-la-tour-eiffel-contact-uniquement-par-mail\/#primaryimage"},"image":{"@id":"https:\/\/lequartierimmobilier.com\/es\/property\/deux-pieces-avec-un-large-balcon-et-une-belle-vue-sur-la-tour-eiffel-contact-uniquement-par-mail\/#primaryimage"},"thumbnailUrl":"https:\/\/lequartierimmobilier.com\/wp-content\/uploads\/2026\/03\/131557f6dffe081ba4ae40e631cd6e22_ea5301af92_2016-original-23090-0.jpg","datePublished":"2026-03-02T11:00:33+00:00","dateModified":"2026-04-28T23:33:11+00:00","description":"Id\u00e9alement situ\u00e9 \u00e0 proximit\u00e9 de la rue Saint Charles, proche de toutes les commodit\u00e9s, dans un quartier convivial, Le Quartier Immobilier vous propose \u00e0","breadcrumb":{"@id":"https:\/\/lequartierimmobilier.com\/es\/property\/deux-pieces-avec-un-large-balcon-et-une-belle-vue-sur-la-tour-eiffel-contact-uniquement-par-mail\/#breadcrumb"},"inLanguage":"es","potentialAction":[{"@type":"ReadAction","target":["https:\/\/lequartierimmobilier.com\/es\/property\/deux-pieces-avec-un-large-balcon-et-une-belle-vue-sur-la-tour-eiffel-contact-uniquement-par-mail\/"]}]},{"@type":"ImageObject","inLanguage":"es","@id":"https:\/\/lequartierimmobilier.com\/es\/property\/deux-pieces-avec-un-large-balcon-et-une-belle-vue-sur-la-tour-eiffel-contact-uniquement-par-mail\/#primaryimage","url":"https:\/\/lequartierimmobilier.com\/wp-content\/uploads\/2026\/03\/131557f6dffe081ba4ae40e631cd6e22_ea5301af92_2016-original-23090-0.jpg","contentUrl":"https:\/\/lequartierimmobilier.com\/wp-content\/uploads\/2026\/03\/131557f6dffe081ba4ae40e631cd6e22_ea5301af92_2016-original-23090-0.jpg","width":2016,"height":1512},{"@type":"BreadcrumbList","@id":"https:\/\/lequartierimmobilier.com\/es\/property\/deux-pieces-avec-un-large-balcon-et-une-belle-vue-sur-la-tour-eiffel-contact-uniquement-par-mail\/#breadcrumb","itemListElement":[{"@type":"ListItem","position":1,"name":"Accueil","item":"https:\/\/lequartierimmobilier.com\/es\/inicio\/"},{"@type":"ListItem","position":2,"name":"Propiedades","item":"https:\/\/lequartierimmobilier.com\/es\/property\/"},{"@type":"ListItem","position":3,"name":"DEUX PI\u00c8CES AVEC UN LARGE BALCON ET UNE BELLE VUE SUR LA TOUR EIFFEL! CONTACT UNIQUEMENT PAR MAIL!"}]},{"@type":"WebSite","@id":"https:\/\/lequartierimmobilier.com\/es\/#website","url":"https:\/\/lequartierimmobilier.com\/es\/","name":"Le Quartier Immobilier","description":"Agence immobili\u00e8re Paris 15e","publisher":{"@id":"https:\/\/lequartierimmobilier.com\/es\/#organization"},"alternateName":"LQI","potentialAction":[{"@type":"SearchAction","target":{"@type":"EntryPoint","urlTemplate":"https:\/\/lequartierimmobilier.com\/es\/?s={search_term_string}"},"query-input":{"@type":"PropertyValueSpecification","valueRequired":true,"valueName":"search_term_string"}}],"inLanguage":"es"},{"@type":["Organization","Place"],"@id":"https:\/\/lequartierimmobilier.com\/es\/#organization","name":"Le Quartier Immobilier","url":"https:\/\/lequartierimmobilier.com\/es\/","logo":{"@id":"https:\/\/lequartierimmobilier.com\/es\/property\/deux-pieces-avec-un-large-balcon-et-une-belle-vue-sur-la-tour-eiffel-contact-uniquement-par-mail\/#local-main-organization-logo"},"image":{"@id":"https:\/\/lequartierimmobilier.com\/es\/property\/deux-pieces-avec-un-large-balcon-et-une-belle-vue-sur-la-tour-eiffel-contact-uniquement-par-mail\/#local-main-organization-logo"},"sameAs":["https:\/\/www.facebook.com\/profile.php?id=100091943688290","https:\/\/www.instagram.com\/le_quartier_immobilier\/"],"description":"Agence immobili\u00e8re bas\u00e9e dans le 15\u00e8me arrondissement, \u00e0 Paris.","legalName":"AVENIR IMMOBILIER","foundingDate":"2015-07-08","numberOfEmployees":{"@type":"QuantitativeValue","minValue":"1","maxValue":"10"},"address":{"@id":"https:\/\/lequartierimmobilier.com\/es\/property\/deux-pieces-avec-un-large-balcon-et-une-belle-vue-sur-la-tour-eiffel-contact-uniquement-par-mail\/#local-main-place-address"},"geo":{"@type":"GeoCoordinates","latitude":"48.845620802643225","longitude":"2.2844735210014395"},"telephone":["01 87 75 50 00"],"contactPoint":{"@type":"ContactPoint","telephone":"01 87 75 50 00","email":"contact@lequartierimmobilier.com"},"openingHoursSpecification":[{"@type":"OpeningHoursSpecification","dayOfWeek":["Monday","Tuesday","Wednesday","Thursday","Friday"],"opens":"10:00","closes":"19:00"},{"@type":"OpeningHoursSpecification","dayOfWeek":["Saturday"],"opens":"10:00","closes":"18:00"},{"@type":"OpeningHoursSpecification","dayOfWeek":["Sunday"],"opens":"00:00","closes":"00:00"}],"email":"contact@lequartierimmobilier.com","vatID":"FR67812477321","taxID":"81247732100028"},{"@type":"PostalAddress","@id":"https:\/\/lequartierimmobilier.com\/es\/property\/deux-pieces-avec-un-large-balcon-et-une-belle-vue-sur-la-tour-eiffel-contact-uniquement-par-mail\/#local-main-place-address","streetAddress":"98 RUE SAINT-CHARLES","addressLocality":"PARIS","postalCode":"75015","addressCountry":"FR"},{"@type":"ImageObject","inLanguage":"es","@id":"https:\/\/lequartierimmobilier.com\/es\/property\/deux-pieces-avec-un-large-balcon-et-une-belle-vue-sur-la-tour-eiffel-contact-uniquement-par-mail\/#local-main-organization-logo","url":"https:\/\/lequartierimmobilier.com\/wp-content\/uploads\/2025\/11\/logo-dore-Virginie-1-e1763134176550.png","contentUrl":"https:\/\/lequartierimmobilier.com\/wp-content\/uploads\/2025\/11\/logo-dore-Virginie-1-e1763134176550.png","width":1024,"height":280,"caption":"Le Quartier Immobilier"}]},"geo.placename":"PARIS","geo.position":{"lat":"48.845620802643225","long":"2.2844735210014395"},"geo.region":"Francia"},"_links":{"self":[{"href":"https:\/\/lequartierimmobilier.com\/es\/wp-json\/wp\/v2\/propiedades\/23092","targetHints":{"allow":["GET"]}}],"collection":[{"href":"https:\/\/lequartierimmobilier.com\/es\/wp-json\/wp\/v2\/propiedades"}],"about":[{"href":"https:\/\/lequartierimmobilier.com\/es\/wp-json\/wp\/v2\/types\/property"}],"author":[{"embeddable":true,"href":"https:\/\/lequartierimmobilier.com\/es\/wp-json\/wp\/v2\/users\/1"}],"version-history":[{"count":1,"href":"https:\/\/lequartierimmobilier.com\/es\/wp-json\/wp\/v2\/propiedades\/23092\/revisions"}],"predecessor-version":[{"id":23164,"href":"https:\/\/lequartierimmobilier.com\/es\/wp-json\/wp\/v2\/propiedades\/23092\/revisions\/23164"}],"wp:featuredmedia":[{"embeddable":true,"href":"https:\/\/lequartierimmobilier.com\/es\/wp-json\/wp\/v2\/media\/24263"}],"wp:attachment":[{"href":"https:\/\/lequartierimmobilier.com\/es\/wp-json\/wp\/v2\/media?parent=23092"}],"wp:term":[{"taxonomy":"property_type","embeddable":true,"href":"https:\/\/lequartierimmobilier.com\/es\/wp-json\/wp\/v2\/property_type?post=23092"},{"taxonomy":"property_status","embeddable":true,"href":"https:\/\/lequartierimmobilier.com\/es\/wp-json\/wp\/v2\/property_status?post=23092"},{"taxonomy":"property_feature","embeddable":true,"href":"https:\/\/lequartierimmobilier.com\/es\/wp-json\/wp\/v2\/property_feature?post=23092"},{"taxonomy":"property_label","embeddable":true,"href":"https:\/\/lequartierimmobilier.com\/es\/wp-json\/wp\/v2\/property_label?post=23092"},{"taxonomy":"property_country","embeddable":true,"href":"https:\/\/lequartierimmobilier.com\/es\/wp-json\/wp\/v2\/property_country?post=23092"},{"taxonomy":"property_state","embeddable":true,"href":"https:\/\/lequartierimmobilier.com\/es\/wp-json\/wp\/v2\/property_state?post=23092"},{"taxonomy":"property_city","embeddable":true,"href":"https:\/\/lequartierimmobilier.com\/es\/wp-json\/wp\/v2\/property_city?post=23092"},{"taxonomy":"property_area","embeddable":true,"href":"https:\/\/lequartierimmobilier.com\/es\/wp-json\/wp\/v2\/property_area?post=23092"}],"curies":[{"name":"wp","href":"https:\/\/api.w.org\/{rel}","templated":true}]}}