{"id":22654,"date":"2026-02-15T22:40:39","date_gmt":"2026-02-15T22:40:39","guid":{"rendered":"https:\/\/lequartierimmobilier.fr\/property\/paris-15-metro-charles-michels-studio-en-etage-eleve-avec-balcon\/"},"modified":"2026-04-28T23:33:05","modified_gmt":"2026-04-28T23:33:05","slug":"paris-15-metro-charles-michels-studio-en-etage-eleve-avec-balcon","status":"publish","type":"property","link":"https:\/\/lequartierimmobilier.com\/es\/property\/paris-15-metro-charles-michels-studio-en-etage-eleve-avec-balcon\/","title":{"rendered":"PARIS 15 \u2013 M\u00c9TRO CHARLES MICHELS \u2013 STUDIO EN \u00c9TAGE \u00c9LEV\u00c9 AVEC BALCON"},"content":{"rendered":"<p>Votre agence Le Quartier Immobilier vous propose en exclusivit\u00e9 ce studio id\u00e9alement situ\u00e9 \u00e0 proximit\u00e9 imm\u00e9diate du m\u00e9tro Charles Michels, au sein d\u2019un immeuble s\u00e9curis\u00e9 avec gardien.<\/p>\n<p>Situ\u00e9 en \u00e9tage \u00e9lev\u00e9 avec ascenseur, cet appartement b\u00e9n\u00e9ficie d\u2019une excellente luminosit\u00e9 et d\u2019un environnement calme. Son plan optimis\u00e9, sans perte d\u2019espace, offre un agencement fonctionnel et agr\u00e9able \u00e0 vivre.<\/p>\n<p>Le bien s\u2019ouvre sur un balcon de 5 m\u00b2, v\u00e9ritable prolongement de l\u2019espace de vie, appr\u00e9ciable en toute saison.<\/p>\n<p>Des travaux de d\u00e9coration sont \u00e0 pr\u00e9voir, laissant libre cours \u00e0 vos envies d\u2019am\u00e9nagement et de personnalisation.<\/p>\n<p>Les atouts :<\/p>\n<p>Adresse recherch\u00e9e du Paris XVe<\/p>\n<p>M\u00e9tro Charles Michels \u00e0 proximit\u00e9 imm\u00e9diate<\/p>\n<p>\u00c9tage \u00e9lev\u00e9 avec ascenseur<\/p>\n<p>Balcon de 5 m\u00b2<\/p>\n<p>Lumineux et calme<\/p>\n<p>Plan fonctionnel sans perte d\u2019espace<\/p>\n<p>Immeuble s\u00e9curis\u00e9 avec gardien<\/p>\n<p>Un bien id\u00e9al pour un pied-\u00e0-terre, un premier achat ou un investissement locatif.<\/p>\n","protected":false},"excerpt":{"rendered":"<p>Votre agence Le Quartier Immobilier vous propose en exclusivit\u00e9 ce studio id\u00e9alement situ\u00e9 \u00e0 proximit\u00e9 imm\u00e9diate du m\u00e9tro Charles Michels, au sein d\u2019un immeuble s\u00e9curis\u00e9 avec gardien. Situ\u00e9 en \u00e9tage \u00e9lev\u00e9 avec ascenseur, cet appartement b\u00e9n\u00e9ficie d\u2019une excellente luminosit\u00e9 et d\u2019un environnement calme. Son plan optimis\u00e9, sans perte d\u2019espace, offre un agencement fonctionnel et agr\u00e9able [&hellip;]<\/p>\n","protected":false},"author":1,"featured_media":23119,"parent":0,"menu_order":0,"template":"","property_type":[14],"property_status":[115],"property_feature":[170,141,117,164,160,161,171,172,162],"property_label":[],"property_country":[111,128],"property_state":[],"property_city":[110,133],"property_area":[122],"class_list":{"0":"post-22654","1":"property","2":"type-property","3":"status-publish","4":"has-post-thumbnail","5":"hentry","6":"property_type-apartamento","7":"property_status-en-venta","8":"property_feature-ascensor","9":"property_feature-balcon","10":"property_feature-calefaccion","11":"property_feature-concierge","12":"property_feature-fenetre-aluminium","13":"property_feature-fenetres-coulissantes","14":"property_feature-fibra-optica","15":"property_feature-interfono","16":"property_feature-volets-roulants-electriques","17":"property_country-fr","19":"property_city-paris-15eme","21":"property_area-javel"},"property_meta":{"_alp_processed":["1777419185"],"reference":["86669289"],"fave_property_id":["86669289"],"fave_property_price":["260000"],"fave_property_price_postfix":[""],"fave_property_size":["23.83"],"fave_property_size_prefix":["m\u00b2"],"fave_property_land_postfix":[""],"fave_property_land":[""],"fave_property_rooms":["1"],"fave_property_bedrooms":[""],"fave_property_bathrooms":["1"],"fave_property_garage":[""],"fave_property_year":["1970"],"fave_property_garage_size":[""],"fave_taxe-foncic3a8re":["650\u20ac"],"fave_charges-de-copropric3a9tc3a9":[""],"fave_estimation-coc3bbts-annuels-d-c3a9nergie-min":["540\u20ac"],"fave_estimation-coc3bbts-annuels-d-c3a9nergie-max":["740\u20ac"],"fave_c3a9tage":["4"],"fave_parking":[""],"fave_nombre-d-c3a9tages":["6"],"fave_wc":[""],"fave_nombre-de-lots-au-sein-de-la-copropric3a9tc3a9":[""],"fave_assainissement":[""],"fave_surface-du-sc3a9jour":[""],"fave_honoraires-c3a0-la-charge-du-vendeur":[""],"fave_numc3a9ro-de-mandat":["4136"],"fave_honoraires-c3a0-la-charge-de-l-acquc3a9reur":[""],"fave_loyer-mensuel-hors-charges":[""],"fave_charges-locatives-mensuelles":[""],"fave_loyer-mensuel-charges-comprises":[""],"fave_dc3a9pc3b4t-de-garantie":[""],"fave_honoraires-c3a0-la-charge-du-locataire":[""],"fave_honoraires-c3a0-la-charge-du-propric3a9taire":[""],"fave_date-de-disponibilitc3a9":[""],"fave_salles-d-eau":[""],"fave_property_map_address":["75015, Paris 15\u00e8me, FR"],"fave_property_map":["1"],"fave_property_address":[""],"fave_property_zip":["75015"],"fave_property_country":["FR"],"fave_property_location":["48.84134,2.28384,14"],"houzez_geolocation_lat":["48.84134"],"houzez_geolocation_long":["2.28384"],"fave_energy_class":[""],"fave_energy_global_index":["288"],"fave_ghg_emissions_class":[""],"fave_ghg_emissions_index":["36"],"fave_diagnostic_date":["2024-11-30"],"fave_featured":[""],"houzez_featured_listing_date":[""],"fave_agent_display_option":["agent_info"],"fave_agents":["22645"],"fave_property_agency":["22635"],"_thumbnail_id":["23119"],"images":["3"],"_wpml_word_count":["180"],"houzez_total_property_views":["119"],"houzez_views_by_date":["a:48:{s:10:\"02-17-2026\";i:2;s:10:\"02-25-2026\";i:3;s:10:\"02-27-2026\";i:1;s:10:\"03-01-2026\";i:1;s:10:\"03-05-2026\";i:1;s:10:\"03-06-2026\";i:1;s:10:\"03-12-2026\";i:1;s:10:\"03-13-2026\";i:2;s:10:\"03-14-2026\";i:5;s:10:\"03-16-2026\";i:6;s:10:\"03-17-2026\";i:1;s:10:\"03-20-2026\";i:2;s:10:\"03-21-2026\";i:3;s:10:\"03-22-2026\";i:1;s:10:\"03-23-2026\";i:3;s:10:\"03-24-2026\";i:4;s:10:\"03-25-2026\";i:3;s:10:\"03-26-2026\";i:2;s:10:\"03-27-2026\";i:1;s:10:\"03-28-2026\";i:1;s:10:\"03-29-2026\";i:2;s:10:\"03-30-2026\";i:2;s:10:\"03-31-2026\";i:2;s:10:\"04-02-2026\";i:1;s:10:\"04-03-2026\";i:4;s:10:\"04-04-2026\";i:2;s:10:\"04-05-2026\";i:3;s:10:\"04-06-2026\";i:3;s:10:\"04-07-2026\";i:2;s:10:\"04-08-2026\";i:2;s:10:\"04-09-2026\";i:2;s:10:\"04-10-2026\";i:1;s:10:\"04-11-2026\";i:1;s:10:\"04-12-2026\";i:5;s:10:\"04-13-2026\";i:5;s:10:\"04-14-2026\";i:3;s:10:\"04-15-2026\";i:3;s:10:\"04-17-2026\";i:2;s:10:\"04-19-2026\";i:7;s:10:\"04-20-2026\";i:7;s:10:\"04-21-2026\";i:2;s:10:\"04-22-2026\";i:1;s:10:\"04-23-2026\";i:3;s:10:\"04-24-2026\";i:2;s:10:\"04-25-2026\";i:3;s:10:\"04-26-2026\";i:1;s:10:\"04-27-2026\";i:1;s:10:\"04-28-2026\";i:3;}"],"houzez_recently_viewed":["2026-04-28 23:22:29"],"fave_balcon":["s\u00ed"],"_wpml_media_has_media":["1"],"_yoast_indexnow_last_ping":["1777419185"],"fave_salle-s-d-eau":[""],"fave_nb_salle_totale":["1"],"_elementor_page_assets":["a:0:{}"],"fave_property_images":["23119","23120","23121"]},"yoast_head":"<!-- This site is optimized with the Yoast SEO Premium plugin v27.2 (Yoast SEO v27.2) - https:\/\/yoast.com\/product\/yoast-seo-premium-wordpress\/ -->\n<title>PARIS 15 \u2013 M\u00c9TRO CHARLES MICHELS \u2013 STUDIO EN \u00c9TAGE \u00c9LEV\u00c9 AVEC BALCON - Le Quartier Immobilier<\/title>\n<meta name=\"description\" content=\"Votre agence Le Quartier Immobilier vous propose en exclusivit\u00e9 ce studio id\u00e9alement situ\u00e9 \u00e0 proximit\u00e9 imm\u00e9diate du m\u00e9tro Charles Michels, au sein d\u2019un\" \/>\n<meta name=\"robots\" content=\"index, follow, max-snippet:-1, max-image-preview:large, max-video-preview:-1\" \/>\n<link rel=\"canonical\" href=\"https:\/\/lequartierimmobilier.com\/es\/property\/paris-15-metro-charles-michels-studio-en-etage-eleve-avec-balcon\/\" \/>\n<meta property=\"og:locale\" content=\"es_ES\" \/>\n<meta property=\"og:type\" content=\"article\" \/>\n<meta property=\"og:title\" content=\"PARIS 15 \u2013 M\u00c9TRO CHARLES MICHELS \u2013 STUDIO EN \u00c9TAGE \u00c9LEV\u00c9 AVEC BALCON\" \/>\n<meta property=\"og:description\" content=\"Votre agence Le Quartier Immobilier vous propose en exclusivit\u00e9 ce studio id\u00e9alement situ\u00e9 \u00e0 proximit\u00e9 imm\u00e9diate du m\u00e9tro Charles Michels, au sein d\u2019un\" \/>\n<meta property=\"og:url\" content=\"https:\/\/lequartierimmobilier.com\/es\/property\/paris-15-metro-charles-michels-studio-en-etage-eleve-avec-balcon\/\" \/>\n<meta property=\"og:site_name\" content=\"Le Quartier Immobilier\" \/>\n<meta property=\"article:publisher\" content=\"https:\/\/www.facebook.com\/profile.php?id=100091943688290\" \/>\n<meta property=\"article:modified_time\" content=\"2026-04-28T23:33:05+00:00\" \/>\n<meta property=\"og:image\" content=\"https:\/\/lequartierimmobilier.com\/wp-content\/uploads\/2026\/02\/5fc214be37a8e169e65323ff3fbaf628_4347d868f7_1536-original-22652-0.jpg\" \/>\n\t<meta property=\"og:image:width\" content=\"1536\" \/>\n\t<meta property=\"og:image:height\" content=\"1021\" \/>\n\t<meta property=\"og:image:type\" content=\"image\/jpeg\" \/>\n<meta name=\"twitter:card\" content=\"summary_large_image\" \/>\n<meta name=\"twitter:label1\" content=\"Tiempo de lectura\" \/>\n\t<meta name=\"twitter:data1\" content=\"1 minuto\" \/>\n<script type=\"application\/ld+json\" class=\"yoast-schema-graph\">{\"@context\":\"https:\/\/schema.org\",\"@graph\":[{\"@type\":\"WebPage\",\"@id\":\"https:\/\/lequartierimmobilier.com\/es\/property\/paris-15-metro-charles-michels-studio-en-etage-eleve-avec-balcon\/\",\"url\":\"https:\/\/lequartierimmobilier.com\/es\/property\/paris-15-metro-charles-michels-studio-en-etage-eleve-avec-balcon\/\",\"name\":\"PARIS 15 \u2013 M\u00c9TRO CHARLES MICHELS \u2013 STUDIO EN \u00c9TAGE \u00c9LEV\u00c9 AVEC BALCON - Le Quartier Immobilier\",\"isPartOf\":{\"@id\":\"https:\/\/lequartierimmobilier.com\/es\/#website\"},\"primaryImageOfPage\":{\"@id\":\"https:\/\/lequartierimmobilier.com\/es\/property\/paris-15-metro-charles-michels-studio-en-etage-eleve-avec-balcon\/#primaryimage\"},\"image\":{\"@id\":\"https:\/\/lequartierimmobilier.com\/es\/property\/paris-15-metro-charles-michels-studio-en-etage-eleve-avec-balcon\/#primaryimage\"},\"thumbnailUrl\":\"https:\/\/lequartierimmobilier.com\/wp-content\/uploads\/2026\/02\/5fc214be37a8e169e65323ff3fbaf628_4347d868f7_1536-original-22652-0.jpg\",\"datePublished\":\"2026-02-15T22:40:39+00:00\",\"dateModified\":\"2026-04-28T23:33:05+00:00\",\"description\":\"Votre agence Le Quartier Immobilier vous propose en exclusivit\u00e9 ce studio id\u00e9alement situ\u00e9 \u00e0 proximit\u00e9 imm\u00e9diate du m\u00e9tro Charles Michels, au sein d\u2019un\",\"breadcrumb\":{\"@id\":\"https:\/\/lequartierimmobilier.com\/es\/property\/paris-15-metro-charles-michels-studio-en-etage-eleve-avec-balcon\/#breadcrumb\"},\"inLanguage\":\"es\",\"potentialAction\":[{\"@type\":\"ReadAction\",\"target\":[\"https:\/\/lequartierimmobilier.com\/es\/property\/paris-15-metro-charles-michels-studio-en-etage-eleve-avec-balcon\/\"]}]},{\"@type\":\"ImageObject\",\"inLanguage\":\"es\",\"@id\":\"https:\/\/lequartierimmobilier.com\/es\/property\/paris-15-metro-charles-michels-studio-en-etage-eleve-avec-balcon\/#primaryimage\",\"url\":\"https:\/\/lequartierimmobilier.com\/wp-content\/uploads\/2026\/02\/5fc214be37a8e169e65323ff3fbaf628_4347d868f7_1536-original-22652-0.jpg\",\"contentUrl\":\"https:\/\/lequartierimmobilier.com\/wp-content\/uploads\/2026\/02\/5fc214be37a8e169e65323ff3fbaf628_4347d868f7_1536-original-22652-0.jpg\",\"width\":1536,\"height\":1021},{\"@type\":\"BreadcrumbList\",\"@id\":\"https:\/\/lequartierimmobilier.com\/es\/property\/paris-15-metro-charles-michels-studio-en-etage-eleve-avec-balcon\/#breadcrumb\",\"itemListElement\":[{\"@type\":\"ListItem\",\"position\":1,\"name\":\"Accueil\",\"item\":\"https:\/\/lequartierimmobilier.com\/es\/inicio\/\"},{\"@type\":\"ListItem\",\"position\":2,\"name\":\"Propiedades\",\"item\":\"https:\/\/lequartierimmobilier.com\/es\/property\/\"},{\"@type\":\"ListItem\",\"position\":3,\"name\":\"PARIS 15 \u2013 M\u00c9TRO CHARLES MICHELS \u2013 STUDIO EN \u00c9TAGE \u00c9LEV\u00c9 AVEC BALCON\"}]},{\"@type\":\"WebSite\",\"@id\":\"https:\/\/lequartierimmobilier.com\/es\/#website\",\"url\":\"https:\/\/lequartierimmobilier.com\/es\/\",\"name\":\"Le Quartier Immobilier\",\"description\":\"Agence immobili\u00e8re Paris 15e\",\"publisher\":{\"@id\":\"https:\/\/lequartierimmobilier.com\/es\/#organization\"},\"alternateName\":\"LQI\",\"potentialAction\":[{\"@type\":\"SearchAction\",\"target\":{\"@type\":\"EntryPoint\",\"urlTemplate\":\"https:\/\/lequartierimmobilier.com\/es\/?s={search_term_string}\"},\"query-input\":{\"@type\":\"PropertyValueSpecification\",\"valueRequired\":true,\"valueName\":\"search_term_string\"}}],\"inLanguage\":\"es\"},{\"@type\":[\"Organization\",\"Place\"],\"@id\":\"https:\/\/lequartierimmobilier.com\/es\/#organization\",\"name\":\"Le Quartier Immobilier\",\"url\":\"https:\/\/lequartierimmobilier.com\/es\/\",\"logo\":{\"@id\":\"https:\/\/lequartierimmobilier.com\/es\/property\/paris-15-metro-charles-michels-studio-en-etage-eleve-avec-balcon\/#local-main-organization-logo\"},\"image\":{\"@id\":\"https:\/\/lequartierimmobilier.com\/es\/property\/paris-15-metro-charles-michels-studio-en-etage-eleve-avec-balcon\/#local-main-organization-logo\"},\"sameAs\":[\"https:\/\/www.facebook.com\/profile.php?id=100091943688290\",\"https:\/\/www.instagram.com\/le_quartier_immobilier\/\"],\"description\":\"Agence immobili\u00e8re bas\u00e9e dans le 15\u00e8me arrondissement, \u00e0 Paris.\",\"legalName\":\"AVENIR IMMOBILIER\",\"foundingDate\":\"2015-07-08\",\"numberOfEmployees\":{\"@type\":\"QuantitativeValue\",\"minValue\":\"1\",\"maxValue\":\"10\"},\"address\":{\"@id\":\"https:\/\/lequartierimmobilier.com\/es\/property\/paris-15-metro-charles-michels-studio-en-etage-eleve-avec-balcon\/#local-main-place-address\"},\"geo\":{\"@type\":\"GeoCoordinates\",\"latitude\":\"48.845620802643225\",\"longitude\":\"2.2844735210014395\"},\"telephone\":[\"01 87 75 50 00\"],\"contactPoint\":{\"@type\":\"ContactPoint\",\"telephone\":\"01 87 75 50 00\",\"email\":\"contact@lequartierimmobilier.com\"},\"openingHoursSpecification\":[{\"@type\":\"OpeningHoursSpecification\",\"dayOfWeek\":[\"Monday\",\"Tuesday\",\"Wednesday\",\"Thursday\",\"Friday\"],\"opens\":\"10:00\",\"closes\":\"19:00\"},{\"@type\":\"OpeningHoursSpecification\",\"dayOfWeek\":[\"Saturday\"],\"opens\":\"10:00\",\"closes\":\"18:00\"},{\"@type\":\"OpeningHoursSpecification\",\"dayOfWeek\":[\"Sunday\"],\"opens\":\"00:00\",\"closes\":\"00:00\"}],\"email\":\"contact@lequartierimmobilier.com\",\"vatID\":\"FR67812477321\",\"taxID\":\"81247732100028\"},{\"@type\":\"PostalAddress\",\"@id\":\"https:\/\/lequartierimmobilier.com\/es\/property\/paris-15-metro-charles-michels-studio-en-etage-eleve-avec-balcon\/#local-main-place-address\",\"streetAddress\":\"98 RUE SAINT-CHARLES\",\"addressLocality\":\"PARIS\",\"postalCode\":\"75015\",\"addressCountry\":\"FR\"},{\"@type\":\"ImageObject\",\"inLanguage\":\"es\",\"@id\":\"https:\/\/lequartierimmobilier.com\/es\/property\/paris-15-metro-charles-michels-studio-en-etage-eleve-avec-balcon\/#local-main-organization-logo\",\"url\":\"https:\/\/lequartierimmobilier.com\/wp-content\/uploads\/2025\/11\/logo-dore-Virginie-1-e1763134176550.png\",\"contentUrl\":\"https:\/\/lequartierimmobilier.com\/wp-content\/uploads\/2025\/11\/logo-dore-Virginie-1-e1763134176550.png\",\"width\":1024,\"height\":280,\"caption\":\"Le Quartier Immobilier\"}]}<\/script>\n<meta name=\"geo.placename\" content=\"PARIS\" \/>\n<meta name=\"geo.position\" content=\"48.845620802643225;2.2844735210014395\" \/>\n<meta name=\"geo.region\" content=\"Francia\" \/>\n<!-- \/ Yoast SEO Premium plugin. -->","yoast_head_json":{"title":"PARIS 15 \u2013 M\u00c9TRO CHARLES MICHELS \u2013 STUDIO EN \u00c9TAGE \u00c9LEV\u00c9 AVEC BALCON - Le Quartier Immobilier","description":"Votre agence Le Quartier Immobilier vous propose en exclusivit\u00e9 ce studio id\u00e9alement situ\u00e9 \u00e0 proximit\u00e9 imm\u00e9diate du m\u00e9tro Charles Michels, au sein d\u2019un","robots":{"index":"index","follow":"follow","max-snippet":"max-snippet:-1","max-image-preview":"max-image-preview:large","max-video-preview":"max-video-preview:-1"},"canonical":"https:\/\/lequartierimmobilier.com\/es\/property\/paris-15-metro-charles-michels-studio-en-etage-eleve-avec-balcon\/","og_locale":"es_ES","og_type":"article","og_title":"PARIS 15 \u2013 M\u00c9TRO CHARLES MICHELS \u2013 STUDIO EN \u00c9TAGE \u00c9LEV\u00c9 AVEC BALCON","og_description":"Votre agence Le Quartier Immobilier vous propose en exclusivit\u00e9 ce studio id\u00e9alement situ\u00e9 \u00e0 proximit\u00e9 imm\u00e9diate du m\u00e9tro Charles Michels, au sein d\u2019un","og_url":"https:\/\/lequartierimmobilier.com\/es\/property\/paris-15-metro-charles-michels-studio-en-etage-eleve-avec-balcon\/","og_site_name":"Le Quartier Immobilier","article_publisher":"https:\/\/www.facebook.com\/profile.php?id=100091943688290","article_modified_time":"2026-04-28T23:33:05+00:00","og_image":[{"width":1536,"height":1021,"url":"https:\/\/lequartierimmobilier.com\/wp-content\/uploads\/2026\/02\/5fc214be37a8e169e65323ff3fbaf628_4347d868f7_1536-original-22652-0.jpg","type":"image\/jpeg"}],"twitter_card":"summary_large_image","twitter_misc":{"Tiempo de lectura":"1 minuto"},"schema":{"@context":"https:\/\/schema.org","@graph":[{"@type":"WebPage","@id":"https:\/\/lequartierimmobilier.com\/es\/property\/paris-15-metro-charles-michels-studio-en-etage-eleve-avec-balcon\/","url":"https:\/\/lequartierimmobilier.com\/es\/property\/paris-15-metro-charles-michels-studio-en-etage-eleve-avec-balcon\/","name":"PARIS 15 \u2013 M\u00c9TRO CHARLES MICHELS \u2013 STUDIO EN \u00c9TAGE \u00c9LEV\u00c9 AVEC BALCON - Le Quartier Immobilier","isPartOf":{"@id":"https:\/\/lequartierimmobilier.com\/es\/#website"},"primaryImageOfPage":{"@id":"https:\/\/lequartierimmobilier.com\/es\/property\/paris-15-metro-charles-michels-studio-en-etage-eleve-avec-balcon\/#primaryimage"},"image":{"@id":"https:\/\/lequartierimmobilier.com\/es\/property\/paris-15-metro-charles-michels-studio-en-etage-eleve-avec-balcon\/#primaryimage"},"thumbnailUrl":"https:\/\/lequartierimmobilier.com\/wp-content\/uploads\/2026\/02\/5fc214be37a8e169e65323ff3fbaf628_4347d868f7_1536-original-22652-0.jpg","datePublished":"2026-02-15T22:40:39+00:00","dateModified":"2026-04-28T23:33:05+00:00","description":"Votre agence Le Quartier Immobilier vous propose en exclusivit\u00e9 ce studio id\u00e9alement situ\u00e9 \u00e0 proximit\u00e9 imm\u00e9diate du m\u00e9tro Charles Michels, au sein d\u2019un","breadcrumb":{"@id":"https:\/\/lequartierimmobilier.com\/es\/property\/paris-15-metro-charles-michels-studio-en-etage-eleve-avec-balcon\/#breadcrumb"},"inLanguage":"es","potentialAction":[{"@type":"ReadAction","target":["https:\/\/lequartierimmobilier.com\/es\/property\/paris-15-metro-charles-michels-studio-en-etage-eleve-avec-balcon\/"]}]},{"@type":"ImageObject","inLanguage":"es","@id":"https:\/\/lequartierimmobilier.com\/es\/property\/paris-15-metro-charles-michels-studio-en-etage-eleve-avec-balcon\/#primaryimage","url":"https:\/\/lequartierimmobilier.com\/wp-content\/uploads\/2026\/02\/5fc214be37a8e169e65323ff3fbaf628_4347d868f7_1536-original-22652-0.jpg","contentUrl":"https:\/\/lequartierimmobilier.com\/wp-content\/uploads\/2026\/02\/5fc214be37a8e169e65323ff3fbaf628_4347d868f7_1536-original-22652-0.jpg","width":1536,"height":1021},{"@type":"BreadcrumbList","@id":"https:\/\/lequartierimmobilier.com\/es\/property\/paris-15-metro-charles-michels-studio-en-etage-eleve-avec-balcon\/#breadcrumb","itemListElement":[{"@type":"ListItem","position":1,"name":"Accueil","item":"https:\/\/lequartierimmobilier.com\/es\/inicio\/"},{"@type":"ListItem","position":2,"name":"Propiedades","item":"https:\/\/lequartierimmobilier.com\/es\/property\/"},{"@type":"ListItem","position":3,"name":"PARIS 15 \u2013 M\u00c9TRO CHARLES MICHELS \u2013 STUDIO EN \u00c9TAGE \u00c9LEV\u00c9 AVEC BALCON"}]},{"@type":"WebSite","@id":"https:\/\/lequartierimmobilier.com\/es\/#website","url":"https:\/\/lequartierimmobilier.com\/es\/","name":"Le Quartier Immobilier","description":"Agence immobili\u00e8re Paris 15e","publisher":{"@id":"https:\/\/lequartierimmobilier.com\/es\/#organization"},"alternateName":"LQI","potentialAction":[{"@type":"SearchAction","target":{"@type":"EntryPoint","urlTemplate":"https:\/\/lequartierimmobilier.com\/es\/?s={search_term_string}"},"query-input":{"@type":"PropertyValueSpecification","valueRequired":true,"valueName":"search_term_string"}}],"inLanguage":"es"},{"@type":["Organization","Place"],"@id":"https:\/\/lequartierimmobilier.com\/es\/#organization","name":"Le Quartier Immobilier","url":"https:\/\/lequartierimmobilier.com\/es\/","logo":{"@id":"https:\/\/lequartierimmobilier.com\/es\/property\/paris-15-metro-charles-michels-studio-en-etage-eleve-avec-balcon\/#local-main-organization-logo"},"image":{"@id":"https:\/\/lequartierimmobilier.com\/es\/property\/paris-15-metro-charles-michels-studio-en-etage-eleve-avec-balcon\/#local-main-organization-logo"},"sameAs":["https:\/\/www.facebook.com\/profile.php?id=100091943688290","https:\/\/www.instagram.com\/le_quartier_immobilier\/"],"description":"Agence immobili\u00e8re bas\u00e9e dans le 15\u00e8me arrondissement, \u00e0 Paris.","legalName":"AVENIR IMMOBILIER","foundingDate":"2015-07-08","numberOfEmployees":{"@type":"QuantitativeValue","minValue":"1","maxValue":"10"},"address":{"@id":"https:\/\/lequartierimmobilier.com\/es\/property\/paris-15-metro-charles-michels-studio-en-etage-eleve-avec-balcon\/#local-main-place-address"},"geo":{"@type":"GeoCoordinates","latitude":"48.845620802643225","longitude":"2.2844735210014395"},"telephone":["01 87 75 50 00"],"contactPoint":{"@type":"ContactPoint","telephone":"01 87 75 50 00","email":"contact@lequartierimmobilier.com"},"openingHoursSpecification":[{"@type":"OpeningHoursSpecification","dayOfWeek":["Monday","Tuesday","Wednesday","Thursday","Friday"],"opens":"10:00","closes":"19:00"},{"@type":"OpeningHoursSpecification","dayOfWeek":["Saturday"],"opens":"10:00","closes":"18:00"},{"@type":"OpeningHoursSpecification","dayOfWeek":["Sunday"],"opens":"00:00","closes":"00:00"}],"email":"contact@lequartierimmobilier.com","vatID":"FR67812477321","taxID":"81247732100028"},{"@type":"PostalAddress","@id":"https:\/\/lequartierimmobilier.com\/es\/property\/paris-15-metro-charles-michels-studio-en-etage-eleve-avec-balcon\/#local-main-place-address","streetAddress":"98 RUE SAINT-CHARLES","addressLocality":"PARIS","postalCode":"75015","addressCountry":"FR"},{"@type":"ImageObject","inLanguage":"es","@id":"https:\/\/lequartierimmobilier.com\/es\/property\/paris-15-metro-charles-michels-studio-en-etage-eleve-avec-balcon\/#local-main-organization-logo","url":"https:\/\/lequartierimmobilier.com\/wp-content\/uploads\/2025\/11\/logo-dore-Virginie-1-e1763134176550.png","contentUrl":"https:\/\/lequartierimmobilier.com\/wp-content\/uploads\/2025\/11\/logo-dore-Virginie-1-e1763134176550.png","width":1024,"height":280,"caption":"Le Quartier Immobilier"}]},"geo.placename":"PARIS","geo.position":{"lat":"48.845620802643225","long":"2.2844735210014395"},"geo.region":"Francia"},"_links":{"self":[{"href":"https:\/\/lequartierimmobilier.com\/es\/wp-json\/wp\/v2\/propiedades\/22654","targetHints":{"allow":["GET"]}}],"collection":[{"href":"https:\/\/lequartierimmobilier.com\/es\/wp-json\/wp\/v2\/propiedades"}],"about":[{"href":"https:\/\/lequartierimmobilier.com\/es\/wp-json\/wp\/v2\/types\/property"}],"author":[{"embeddable":true,"href":"https:\/\/lequartierimmobilier.com\/es\/wp-json\/wp\/v2\/users\/1"}],"version-history":[{"count":1,"href":"https:\/\/lequartierimmobilier.com\/es\/wp-json\/wp\/v2\/propiedades\/22654\/revisions"}],"predecessor-version":[{"id":23080,"href":"https:\/\/lequartierimmobilier.com\/es\/wp-json\/wp\/v2\/propiedades\/22654\/revisions\/23080"}],"wp:featuredmedia":[{"embeddable":true,"href":"https:\/\/lequartierimmobilier.com\/es\/wp-json\/wp\/v2\/media\/23119"}],"wp:attachment":[{"href":"https:\/\/lequartierimmobilier.com\/es\/wp-json\/wp\/v2\/media?parent=22654"}],"wp:term":[{"taxonomy":"property_type","embeddable":true,"href":"https:\/\/lequartierimmobilier.com\/es\/wp-json\/wp\/v2\/property_type?post=22654"},{"taxonomy":"property_status","embeddable":true,"href":"https:\/\/lequartierimmobilier.com\/es\/wp-json\/wp\/v2\/property_status?post=22654"},{"taxonomy":"property_feature","embeddable":true,"href":"https:\/\/lequartierimmobilier.com\/es\/wp-json\/wp\/v2\/property_feature?post=22654"},{"taxonomy":"property_label","embeddable":true,"href":"https:\/\/lequartierimmobilier.com\/es\/wp-json\/wp\/v2\/property_label?post=22654"},{"taxonomy":"property_country","embeddable":true,"href":"https:\/\/lequartierimmobilier.com\/es\/wp-json\/wp\/v2\/property_country?post=22654"},{"taxonomy":"property_state","embeddable":true,"href":"https:\/\/lequartierimmobilier.com\/es\/wp-json\/wp\/v2\/property_state?post=22654"},{"taxonomy":"property_city","embeddable":true,"href":"https:\/\/lequartierimmobilier.com\/es\/wp-json\/wp\/v2\/property_city?post=22654"},{"taxonomy":"property_area","embeddable":true,"href":"https:\/\/lequartierimmobilier.com\/es\/wp-json\/wp\/v2\/property_area?post=22654"}],"curies":[{"name":"wp","href":"https:\/\/api.w.org\/{rel}","templated":true}]}}