{"id":22319,"date":"2016-03-10T18:51:46","date_gmt":"2016-03-10T18:51:46","guid":{"rendered":"https:\/\/lequartierimmobilier.fr\/informacion-legal\/"},"modified":"2026-02-26T13:20:11","modified_gmt":"2026-02-26T13:20:11","slug":"informacion-legal","status":"publish","type":"page","link":"https:\/\/lequartierimmobilier.com\/es\/informacion-legal\/","title":{"rendered":"Informaci\u00f3n legal"},"content":{"rendered":"<p data-pm-slice=\"1 1 []\">De conformidad con las disposiciones de los art\u00edculos 6-III y 19 de la Ley n\u00ba 2004-575 de 21 de junio de 2004 sobre la Confianza en la Econom\u00eda Digital (L.C.E.N.), ponemos en conocimiento de los usuarios y visitantes del sitio la siguiente informaci\u00f3n:<\/p>\n<h2>1. Editor del sitio<\/h2>\n<p>Se puede acceder al sitio web en <a href=\"https:\/\/lequartierimmobilier.com\">https:\/\/lequartierimmobilier.com<\/a> y est\u00e1 publicado por : <\/p>\n<p>AVENIR IMMOBILIER<\/p>\n<ul>\n<li><strong>Nombre de la empresa<\/strong>: AVENIR IMMOBILIER<\/li>\n<li><strong>Nombre comercial<\/strong>: AVENIR IMMOBILIER<\/li>\n<li><strong>Forma jur\u00eddica<\/strong>: SAS (sociedad por acciones simplificada)<\/li>\n<li><strong>Domicilio social<\/strong>: 98 RUE SAINT-CHARLES, 75015 PAR\u00cdS<\/li>\n<li><strong>SIRET<\/strong>: 912 789 427 00032<\/li>\n<li><strong>Tarjeta Profesional<\/strong>: n\u00b0 CPI 7501 2022 000 000 701 expedida por la CCI de Par\u00eds \u00cele-de-France<\/li>\n<li><strong>Colegiaci\u00f3n profesional<\/strong>: Miembro del SNPI (Sindicato Nacional de Profesionales Inmobiliarios)<\/li>\n<li><strong>Garant\u00eda financiera<\/strong>: Galian Assurances, 89 rue de la Bo\u00e9tie, 75008 Par\u00eds, por un importe de 120.000 euros.<\/li>\n<li><strong>Director de la publicaci\u00f3n<\/strong>: Alexandre Corcos<\/li>\n<li><strong>Contacto<\/strong>: contact@lequartierimmobilier.com | 01 87 75 50 00<\/li>\n<\/ul>\n<h2>2. Alojamiento<\/h2>\n<p>El sitio est\u00e1 alojado en: <strong>IONOS SARL<\/strong> 7 Place de la Gare, BP 70109, 57200 Sarreguemines Cedex, Francia Sitio web :   <a href=\"https:\/\/ionos.fr\">www.ionos.fr<\/a><\/p>\n<h2>3. Creaci\u00f3n y desarrollo<\/h2>\n<p>El sitio fue dise\u00f1ado y producido por : <strong>Cyber ID<\/strong> Sitio web :   <a href=\"https:\/\/cyber-id.fr\">https:\/\/cyber-id.fr<\/a><\/p>\n<h2>4. Tasas de agencia<\/h2>\n<p>De acuerdo con la normativa vigente, se puede acceder directamente al baremo de tasas que cobra Le Quartier Immobilier a trav\u00e9s del siguiente enlace: \ud83d\udc49  <a href=\"\/?p=21978\"><strong>Consulta nuestras tarifas<\/strong><\/a><\/p>\n<p><em>Nota: En virtud de nuestro &#8220;Mandato de resultados&#8221;, puede aplicarse una reducci\u00f3n contractual de los honorarios si la propiedad no se vende en el plazo acordado.<\/em><\/p>\n<h2>5. Propiedad intelectual<\/h2>\n<p>El Editor es titular de los derechos de propiedad intelectual de todos los elementos accesibles en el sitio (textos, im\u00e1genes, gr\u00e1ficos, logotipos, iconos, sonidos, software). Queda prohibida cualquier reproducci\u00f3n, representaci\u00f3n, modificaci\u00f3n, publicaci\u00f3n o adaptaci\u00f3n de la totalidad o parte de los elementos del sitio, por cualquier medio o procedimiento, sin la autorizaci\u00f3n previa por escrito del Editor. <\/p>\n<h2>6. Contenidos y servicios editoriales<\/h2>\n<h3>Informaci\u00f3n documental<\/h3>\n<p>El contenido editorial (gu\u00edas, noticias, an\u00e1lisis del mercado de Par\u00eds 15) se proporciona \u00fanicamente con fines informativos. Se invita al Usuario a utilizar esta informaci\u00f3n con discernimiento. <\/p>\n<h3>Anuncios inmobiliarios<\/h3>\n<p>El Editor se esfuerza por garantizar la calidad del servicio. Sin embargo, no se hace responsable de los errores involuntarios relativos a la disponibilidad legal, la exactitud o la exhaustividad de la informaci\u00f3n relativa a los inmuebles presentados. <\/p>\n<h3>Simuladores<\/h3>\n<p>Las herramientas de simulaci\u00f3n (estimaciones en l\u00ednea) s\u00f3lo proporcionan valores indicativos basados en algoritmos estad\u00edsticos y no tienen valor contractual ni jur\u00eddico.<\/p>\n<h2>7. Enlaces de hipertexto<\/h2>\n<p>El sitio proporciona enlaces a sitios de terceros. Dado que la Editorial no tiene control permanente sobre estos contenidos, no se hace responsable de su exactitud ni de su correcto funcionamiento. <\/p>\n<h2>8. Mediaci\u00f3n en litigios de consumo<\/h2>\n<p>Para cualquier litigio de naturaleza contractual que no pueda resolverse con nuestro servicio de atenci\u00f3n al cliente, el consumidor puede recurrir gratuitamente a la mediaci\u00f3n:<\/p>\n<ul>\n<li><strong>Defensor del Pueblo<\/strong>: ANM Conso<\/li>\n<li><strong>Direcci\u00f3n<\/strong>: 2 rue de Colmar, 94300 Vincennes<\/li>\n<li><strong>P\u00e1gina web<\/strong>: www.anm-conso.com<\/li>\n<\/ul>\n<h2>9. Protecci\u00f3n de datos y privacidad (RGPD)<\/h2>\n<p>Le Quartier Immobilier Gestion se compromete a garantizar que la recogida y el tratamiento de tus datos cumplen el Reglamento General de Protecci\u00f3n de Datos (RGPD). Los datos se procesan utilizando el software empresarial <strong>APIMO<\/strong>. Tienes derecho a acceder, rectificar, suprimir y oponerte a los datos que te conciernen poni\u00e9ndote en contacto con el Editor a trav\u00e9s de los datos de contacto que figuran en el art\u00edculo 1.  <\/p>\n<h2>10. Derecho aplicable<\/h2>\n<p>Este texto se rige por la legislaci\u00f3n francesa. Cualquier litigio relativo a la utilizaci\u00f3n del sitio se somete a la competencia exclusiva de los tribunales de Par\u00eds. <\/p>\n","protected":false},"excerpt":{"rendered":"<p>De conformidad con las disposiciones de los art\u00edculos 6-III y 19 de la Ley n\u00ba 2004-575 de 21 de junio de 2004 sobre la Confianza en la Econom\u00eda Digital (L.C.E.N.), ponemos en conocimiento de los usuarios y visitantes del sitio la siguiente informaci\u00f3n: 1. Editor del sitio Se puede acceder al sitio web en https:\/\/lequartierimmobilier.com [&hellip;]<\/p>\n","protected":false},"author":1,"featured_media":0,"parent":0,"menu_order":0,"comment_status":"closed","ping_status":"closed","template":"","meta":{"footnotes":""},"class_list":["post-22319","page","type-page","status-publish","hentry"],"yoast_head":"<!-- This site is optimized with the Yoast SEO Premium plugin v27.2 (Yoast SEO v27.2) - https:\/\/yoast.com\/product\/yoast-seo-premium-wordpress\/ -->\n<title>Informaci\u00f3n legal - Le Quartier Immobilier<\/title>\n<meta name=\"description\" content=\"De conformidad con las disposiciones de los art\u00edculos 6-III y 19 de la Ley n\u00ba 2004-575 de 21 de junio de 2004 sobre la Confianza en la Econom\u00eda Digital\" \/>\n<meta name=\"robots\" content=\"index, follow, max-snippet:-1, max-image-preview:large, max-video-preview:-1\" \/>\n<link rel=\"canonical\" href=\"https:\/\/lequartierimmobilier.com\/es\/informacion-legal\/\" \/>\n<meta property=\"og:locale\" content=\"es_ES\" \/>\n<meta property=\"og:type\" content=\"article\" \/>\n<meta property=\"og:title\" content=\"Informaci\u00f3n legal Le Quartier Immobilier\" \/>\n<meta property=\"og:description\" content=\"De conformidad con las disposiciones de los art\u00edculos 6-III y 19 de la Ley n\u00ba 2004-575 de 21 de junio de 2004 sobre la Confianza en la Econom\u00eda Digital\" \/>\n<meta property=\"og:url\" content=\"https:\/\/lequartierimmobilier.com\/es\/informacion-legal\/\" \/>\n<meta property=\"og:site_name\" content=\"Le Quartier Immobilier\" \/>\n<meta property=\"article:publisher\" content=\"https:\/\/www.facebook.com\/profile.php?id=100091943688290\" \/>\n<meta property=\"article:modified_time\" content=\"2026-02-26T13:20:11+00:00\" \/>\n<meta property=\"og:image\" content=\"https:\/\/lequartierimmobilier.com\/wp-content\/uploads\/2026\/03\/0fe8f2013b462a76b82fc6bf64854fe0.jpg\" \/>\n\t<meta property=\"og:image:width\" content=\"1200\" \/>\n\t<meta property=\"og:image:height\" content=\"801\" \/>\n\t<meta property=\"og:image:type\" content=\"image\/jpeg\" \/>\n<meta name=\"twitter:card\" content=\"summary_large_image\" \/>\n<meta name=\"twitter:label1\" content=\"Tiempo de lectura\" \/>\n\t<meta name=\"twitter:data1\" content=\"3 minutos\" \/>\n<script type=\"application\/ld+json\" class=\"yoast-schema-graph\">{\"@context\":\"https:\/\/schema.org\",\"@graph\":[{\"@type\":[\"Article\",\"BlogPosting\"],\"@id\":\"https:\/\/lequartierimmobilier.com\/es\/informacion-legal\/#article\",\"isPartOf\":{\"@id\":\"https:\/\/lequartierimmobilier.com\/es\/informacion-legal\/\"},\"author\":{\"name\":\"Le Quartier Immobilier\",\"@id\":\"https:\/\/lequartierimmobilier.com\/es\/#\/schema\/person\/ebfa808657ddd0a276387830ad56f756\"},\"headline\":\"Informaci\u00f3n legal\",\"datePublished\":\"2016-03-10T18:51:46+00:00\",\"dateModified\":\"2026-02-26T13:20:11+00:00\",\"mainEntityOfPage\":{\"@id\":\"https:\/\/lequartierimmobilier.com\/es\/informacion-legal\/\"},\"wordCount\":609,\"publisher\":{\"@id\":\"https:\/\/lequartierimmobilier.com\/es\/#organization\"},\"inLanguage\":\"es\"},{\"@type\":\"WebPage\",\"@id\":\"https:\/\/lequartierimmobilier.com\/es\/informacion-legal\/\",\"url\":\"https:\/\/lequartierimmobilier.com\/es\/informacion-legal\/\",\"name\":\"Informaci\u00f3n legal - Le Quartier Immobilier\",\"isPartOf\":{\"@id\":\"https:\/\/lequartierimmobilier.com\/es\/#website\"},\"datePublished\":\"2016-03-10T18:51:46+00:00\",\"dateModified\":\"2026-02-26T13:20:11+00:00\",\"description\":\"De conformidad con las disposiciones de los art\u00edculos 6-III y 19 de la Ley n\u00ba 2004-575 de 21 de junio de 2004 sobre la Confianza en la Econom\u00eda Digital\",\"breadcrumb\":{\"@id\":\"https:\/\/lequartierimmobilier.com\/es\/informacion-legal\/#breadcrumb\"},\"inLanguage\":\"es\",\"potentialAction\":[{\"@type\":\"ReadAction\",\"target\":[\"https:\/\/lequartierimmobilier.com\/es\/informacion-legal\/\"]}]},{\"@type\":\"BreadcrumbList\",\"@id\":\"https:\/\/lequartierimmobilier.com\/es\/informacion-legal\/#breadcrumb\",\"itemListElement\":[{\"@type\":\"ListItem\",\"position\":1,\"name\":\"Accueil\",\"item\":\"https:\/\/lequartierimmobilier.com\/es\/inicio\/\"},{\"@type\":\"ListItem\",\"position\":2,\"name\":\"Informaci\u00f3n legal\"}]},{\"@type\":\"WebSite\",\"@id\":\"https:\/\/lequartierimmobilier.com\/es\/#website\",\"url\":\"https:\/\/lequartierimmobilier.com\/es\/\",\"name\":\"Le Quartier Immobilier\",\"description\":\"Agence immobili\u00e8re Paris 15e\",\"publisher\":{\"@id\":\"https:\/\/lequartierimmobilier.com\/es\/#organization\"},\"alternateName\":\"LQI\",\"potentialAction\":[{\"@type\":\"SearchAction\",\"target\":{\"@type\":\"EntryPoint\",\"urlTemplate\":\"https:\/\/lequartierimmobilier.com\/es\/?s={search_term_string}\"},\"query-input\":{\"@type\":\"PropertyValueSpecification\",\"valueRequired\":true,\"valueName\":\"search_term_string\"}}],\"inLanguage\":\"es\"},{\"@type\":[\"Organization\",\"Place\"],\"@id\":\"https:\/\/lequartierimmobilier.com\/es\/#organization\",\"name\":\"Le Quartier Immobilier\",\"url\":\"https:\/\/lequartierimmobilier.com\/es\/\",\"logo\":{\"@id\":\"https:\/\/lequartierimmobilier.com\/es\/informacion-legal\/#local-main-organization-logo\"},\"image\":{\"@id\":\"https:\/\/lequartierimmobilier.com\/es\/informacion-legal\/#local-main-organization-logo\"},\"sameAs\":[\"https:\/\/www.facebook.com\/profile.php?id=100091943688290\",\"https:\/\/www.instagram.com\/le_quartier_immobilier\/\"],\"description\":\"Agence immobili\u00e8re bas\u00e9e dans le 15\u00e8me arrondissement, \u00e0 Paris.\",\"legalName\":\"AVENIR IMMOBILIER\",\"foundingDate\":\"2015-07-08\",\"numberOfEmployees\":{\"@type\":\"QuantitativeValue\",\"minValue\":\"1\",\"maxValue\":\"10\"},\"address\":{\"@id\":\"https:\/\/lequartierimmobilier.com\/es\/informacion-legal\/#local-main-place-address\"},\"geo\":{\"@type\":\"GeoCoordinates\",\"latitude\":\"48.845620802643225\",\"longitude\":\"2.2844735210014395\"},\"telephone\":[\"01 87 75 50 00\"],\"contactPoint\":{\"@type\":\"ContactPoint\",\"telephone\":\"01 87 75 50 00\",\"email\":\"contact@lequartierimmobilier.com\"},\"openingHoursSpecification\":[{\"@type\":\"OpeningHoursSpecification\",\"dayOfWeek\":[\"Monday\",\"Tuesday\",\"Wednesday\",\"Thursday\",\"Friday\"],\"opens\":\"10:00\",\"closes\":\"19:00\"},{\"@type\":\"OpeningHoursSpecification\",\"dayOfWeek\":[\"Saturday\"],\"opens\":\"10:00\",\"closes\":\"18:00\"},{\"@type\":\"OpeningHoursSpecification\",\"dayOfWeek\":[\"Sunday\"],\"opens\":\"00:00\",\"closes\":\"00:00\"}],\"email\":\"contact@lequartierimmobilier.com\",\"vatID\":\"FR67812477321\",\"taxID\":\"81247732100028\"},{\"@type\":\"Person\",\"@id\":\"https:\/\/lequartierimmobilier.com\/es\/#\/schema\/person\/ebfa808657ddd0a276387830ad56f756\",\"name\":\"Le Quartier Immobilier\",\"image\":{\"@type\":\"ImageObject\",\"inLanguage\":\"es\",\"@id\":\"https:\/\/secure.gravatar.com\/avatar\/62ecccd7a9ff21c271481da1c20be9fa7a3997e422d86d63dac6014b292f4d8b?s=96&d=mm&r=g\",\"url\":\"https:\/\/secure.gravatar.com\/avatar\/62ecccd7a9ff21c271481da1c20be9fa7a3997e422d86d63dac6014b292f4d8b?s=96&d=mm&r=g\",\"contentUrl\":\"https:\/\/secure.gravatar.com\/avatar\/62ecccd7a9ff21c271481da1c20be9fa7a3997e422d86d63dac6014b292f4d8b?s=96&d=mm&r=g\",\"caption\":\"Le Quartier Immobilier\"},\"sameAs\":[\"https:\/\/lequartierimmobilier.fr\"]},{\"@type\":\"PostalAddress\",\"@id\":\"https:\/\/lequartierimmobilier.com\/es\/informacion-legal\/#local-main-place-address\",\"streetAddress\":\"98 RUE SAINT-CHARLES\",\"addressLocality\":\"PARIS\",\"postalCode\":\"75015\",\"addressCountry\":\"FR\"},{\"@type\":\"ImageObject\",\"inLanguage\":\"es\",\"@id\":\"https:\/\/lequartierimmobilier.com\/es\/informacion-legal\/#local-main-organization-logo\",\"url\":\"https:\/\/lequartierimmobilier.com\/wp-content\/uploads\/2025\/11\/logo-dore-Virginie-1-e1763134176550.png\",\"contentUrl\":\"https:\/\/lequartierimmobilier.com\/wp-content\/uploads\/2025\/11\/logo-dore-Virginie-1-e1763134176550.png\",\"width\":1024,\"height\":280,\"caption\":\"Le Quartier Immobilier\"}]}<\/script>\n<meta name=\"geo.placename\" content=\"PARIS\" \/>\n<meta name=\"geo.position\" content=\"48.845620802643225;2.2844735210014395\" \/>\n<meta name=\"geo.region\" content=\"Francia\" \/>\n<!-- \/ Yoast SEO Premium plugin. -->","yoast_head_json":{"title":"Informaci\u00f3n legal - Le Quartier Immobilier","description":"De conformidad con las disposiciones de los art\u00edculos 6-III y 19 de la Ley n\u00ba 2004-575 de 21 de junio de 2004 sobre la Confianza en la Econom\u00eda Digital","robots":{"index":"index","follow":"follow","max-snippet":"max-snippet:-1","max-image-preview":"max-image-preview:large","max-video-preview":"max-video-preview:-1"},"canonical":"https:\/\/lequartierimmobilier.com\/es\/informacion-legal\/","og_locale":"es_ES","og_type":"article","og_title":"Informaci\u00f3n legal Le Quartier Immobilier","og_description":"De conformidad con las disposiciones de los art\u00edculos 6-III y 19 de la Ley n\u00ba 2004-575 de 21 de junio de 2004 sobre la Confianza en la Econom\u00eda Digital","og_url":"https:\/\/lequartierimmobilier.com\/es\/informacion-legal\/","og_site_name":"Le Quartier Immobilier","article_publisher":"https:\/\/www.facebook.com\/profile.php?id=100091943688290","article_modified_time":"2026-02-26T13:20:11+00:00","og_image":[{"width":1200,"height":801,"url":"https:\/\/lequartierimmobilier.com\/wp-content\/uploads\/2026\/03\/0fe8f2013b462a76b82fc6bf64854fe0.jpg","type":"image\/jpeg"}],"twitter_card":"summary_large_image","twitter_misc":{"Tiempo de lectura":"3 minutos"},"schema":{"@context":"https:\/\/schema.org","@graph":[{"@type":["Article","BlogPosting"],"@id":"https:\/\/lequartierimmobilier.com\/es\/informacion-legal\/#article","isPartOf":{"@id":"https:\/\/lequartierimmobilier.com\/es\/informacion-legal\/"},"author":{"name":"Le Quartier Immobilier","@id":"https:\/\/lequartierimmobilier.com\/es\/#\/schema\/person\/ebfa808657ddd0a276387830ad56f756"},"headline":"Informaci\u00f3n legal","datePublished":"2016-03-10T18:51:46+00:00","dateModified":"2026-02-26T13:20:11+00:00","mainEntityOfPage":{"@id":"https:\/\/lequartierimmobilier.com\/es\/informacion-legal\/"},"wordCount":609,"publisher":{"@id":"https:\/\/lequartierimmobilier.com\/es\/#organization"},"inLanguage":"es"},{"@type":"WebPage","@id":"https:\/\/lequartierimmobilier.com\/es\/informacion-legal\/","url":"https:\/\/lequartierimmobilier.com\/es\/informacion-legal\/","name":"Informaci\u00f3n legal - Le Quartier Immobilier","isPartOf":{"@id":"https:\/\/lequartierimmobilier.com\/es\/#website"},"datePublished":"2016-03-10T18:51:46+00:00","dateModified":"2026-02-26T13:20:11+00:00","description":"De conformidad con las disposiciones de los art\u00edculos 6-III y 19 de la Ley n\u00ba 2004-575 de 21 de junio de 2004 sobre la Confianza en la Econom\u00eda Digital","breadcrumb":{"@id":"https:\/\/lequartierimmobilier.com\/es\/informacion-legal\/#breadcrumb"},"inLanguage":"es","potentialAction":[{"@type":"ReadAction","target":["https:\/\/lequartierimmobilier.com\/es\/informacion-legal\/"]}]},{"@type":"BreadcrumbList","@id":"https:\/\/lequartierimmobilier.com\/es\/informacion-legal\/#breadcrumb","itemListElement":[{"@type":"ListItem","position":1,"name":"Accueil","item":"https:\/\/lequartierimmobilier.com\/es\/inicio\/"},{"@type":"ListItem","position":2,"name":"Informaci\u00f3n legal"}]},{"@type":"WebSite","@id":"https:\/\/lequartierimmobilier.com\/es\/#website","url":"https:\/\/lequartierimmobilier.com\/es\/","name":"Le Quartier Immobilier","description":"Agence immobili\u00e8re Paris 15e","publisher":{"@id":"https:\/\/lequartierimmobilier.com\/es\/#organization"},"alternateName":"LQI","potentialAction":[{"@type":"SearchAction","target":{"@type":"EntryPoint","urlTemplate":"https:\/\/lequartierimmobilier.com\/es\/?s={search_term_string}"},"query-input":{"@type":"PropertyValueSpecification","valueRequired":true,"valueName":"search_term_string"}}],"inLanguage":"es"},{"@type":["Organization","Place"],"@id":"https:\/\/lequartierimmobilier.com\/es\/#organization","name":"Le Quartier Immobilier","url":"https:\/\/lequartierimmobilier.com\/es\/","logo":{"@id":"https:\/\/lequartierimmobilier.com\/es\/informacion-legal\/#local-main-organization-logo"},"image":{"@id":"https:\/\/lequartierimmobilier.com\/es\/informacion-legal\/#local-main-organization-logo"},"sameAs":["https:\/\/www.facebook.com\/profile.php?id=100091943688290","https:\/\/www.instagram.com\/le_quartier_immobilier\/"],"description":"Agence immobili\u00e8re bas\u00e9e dans le 15\u00e8me arrondissement, \u00e0 Paris.","legalName":"AVENIR IMMOBILIER","foundingDate":"2015-07-08","numberOfEmployees":{"@type":"QuantitativeValue","minValue":"1","maxValue":"10"},"address":{"@id":"https:\/\/lequartierimmobilier.com\/es\/informacion-legal\/#local-main-place-address"},"geo":{"@type":"GeoCoordinates","latitude":"48.845620802643225","longitude":"2.2844735210014395"},"telephone":["01 87 75 50 00"],"contactPoint":{"@type":"ContactPoint","telephone":"01 87 75 50 00","email":"contact@lequartierimmobilier.com"},"openingHoursSpecification":[{"@type":"OpeningHoursSpecification","dayOfWeek":["Monday","Tuesday","Wednesday","Thursday","Friday"],"opens":"10:00","closes":"19:00"},{"@type":"OpeningHoursSpecification","dayOfWeek":["Saturday"],"opens":"10:00","closes":"18:00"},{"@type":"OpeningHoursSpecification","dayOfWeek":["Sunday"],"opens":"00:00","closes":"00:00"}],"email":"contact@lequartierimmobilier.com","vatID":"FR67812477321","taxID":"81247732100028"},{"@type":"Person","@id":"https:\/\/lequartierimmobilier.com\/es\/#\/schema\/person\/ebfa808657ddd0a276387830ad56f756","name":"Le Quartier Immobilier","image":{"@type":"ImageObject","inLanguage":"es","@id":"https:\/\/secure.gravatar.com\/avatar\/62ecccd7a9ff21c271481da1c20be9fa7a3997e422d86d63dac6014b292f4d8b?s=96&d=mm&r=g","url":"https:\/\/secure.gravatar.com\/avatar\/62ecccd7a9ff21c271481da1c20be9fa7a3997e422d86d63dac6014b292f4d8b?s=96&d=mm&r=g","contentUrl":"https:\/\/secure.gravatar.com\/avatar\/62ecccd7a9ff21c271481da1c20be9fa7a3997e422d86d63dac6014b292f4d8b?s=96&d=mm&r=g","caption":"Le Quartier Immobilier"},"sameAs":["https:\/\/lequartierimmobilier.fr"]},{"@type":"PostalAddress","@id":"https:\/\/lequartierimmobilier.com\/es\/informacion-legal\/#local-main-place-address","streetAddress":"98 RUE SAINT-CHARLES","addressLocality":"PARIS","postalCode":"75015","addressCountry":"FR"},{"@type":"ImageObject","inLanguage":"es","@id":"https:\/\/lequartierimmobilier.com\/es\/informacion-legal\/#local-main-organization-logo","url":"https:\/\/lequartierimmobilier.com\/wp-content\/uploads\/2025\/11\/logo-dore-Virginie-1-e1763134176550.png","contentUrl":"https:\/\/lequartierimmobilier.com\/wp-content\/uploads\/2025\/11\/logo-dore-Virginie-1-e1763134176550.png","width":1024,"height":280,"caption":"Le Quartier Immobilier"}]},"geo.placename":"PARIS","geo.position":{"lat":"48.845620802643225","long":"2.2844735210014395"},"geo.region":"Francia"},"_links":{"self":[{"href":"https:\/\/lequartierimmobilier.com\/es\/wp-json\/wp\/v2\/pages\/22319","targetHints":{"allow":["GET"]}}],"collection":[{"href":"https:\/\/lequartierimmobilier.com\/es\/wp-json\/wp\/v2\/pages"}],"about":[{"href":"https:\/\/lequartierimmobilier.com\/es\/wp-json\/wp\/v2\/types\/page"}],"author":[{"embeddable":true,"href":"https:\/\/lequartierimmobilier.com\/es\/wp-json\/wp\/v2\/users\/1"}],"replies":[{"embeddable":true,"href":"https:\/\/lequartierimmobilier.com\/es\/wp-json\/wp\/v2\/comments?post=22319"}],"version-history":[{"count":1,"href":"https:\/\/lequartierimmobilier.com\/es\/wp-json\/wp\/v2\/pages\/22319\/revisions"}],"predecessor-version":[{"id":22988,"href":"https:\/\/lequartierimmobilier.com\/es\/wp-json\/wp\/v2\/pages\/22319\/revisions\/22988"}],"wp:attachment":[{"href":"https:\/\/lequartierimmobilier.com\/es\/wp-json\/wp\/v2\/media?parent=22319"}],"curies":[{"name":"wp","href":"https:\/\/api.w.org\/{rel}","templated":true}]}}