{"id":22176,"date":"2025-11-25T14:32:58","date_gmt":"2025-11-25T14:32:58","guid":{"rendered":"https:\/\/lequartierimmobilier.fr\/paris-15e-immobilier\/"},"modified":"2026-01-14T11:59:03","modified_gmt":"2026-01-14T11:59:03","slug":"paris-inmuebles","status":"publish","type":"page","link":"https:\/\/lequartierimmobilier.com\/es\/paris-inmuebles\/","title":{"rendered":"Paris : todos nuestros inmuebles"},"content":{"rendered":"","protected":false},"excerpt":{"rendered":"","protected":false},"author":1,"featured_media":0,"parent":0,"menu_order":0,"comment_status":"closed","ping_status":"closed","template":"template\/properties-parallax.php","meta":{"footnotes":""},"class_list":["post-22176","page","type-page","status-publish","hentry"],"yoast_head":"<!-- This site is optimized with the Yoast SEO Premium plugin v27.2 (Yoast SEO v27.2) - https:\/\/yoast.com\/product\/yoast-seo-premium-wordpress\/ -->\n<title>Paris : todos nuestros inmuebles - Le Quartier Immobilier<\/title>\n<meta name=\"robots\" content=\"index, follow, max-snippet:-1, max-image-preview:large, max-video-preview:-1\" \/>\n<link rel=\"canonical\" href=\"https:\/\/lequartierimmobilier.com\/es\/paris-inmuebles\/\" \/>\n<meta property=\"og:locale\" content=\"es_ES\" \/>\n<meta property=\"og:type\" content=\"article\" \/>\n<meta property=\"og:title\" content=\"Paris : todos nuestros inmuebles Le Quartier Immobilier\" \/>\n<meta property=\"og:url\" content=\"https:\/\/lequartierimmobilier.com\/es\/paris-inmuebles\/\" \/>\n<meta property=\"og:site_name\" content=\"Le Quartier Immobilier\" \/>\n<meta property=\"article:publisher\" content=\"https:\/\/www.facebook.com\/profile.php?id=100091943688290\" \/>\n<meta property=\"article:modified_time\" content=\"2026-01-14T11:59:03+00:00\" \/>\n<meta property=\"og:image\" content=\"https:\/\/lequartierimmobilier.com\/wp-content\/uploads\/2026\/03\/0fe8f2013b462a76b82fc6bf64854fe0.jpg\" \/>\n\t<meta property=\"og:image:width\" content=\"1200\" \/>\n\t<meta property=\"og:image:height\" content=\"801\" \/>\n\t<meta property=\"og:image:type\" content=\"image\/jpeg\" \/>\n<meta name=\"twitter:card\" content=\"summary_large_image\" \/>\n<script type=\"application\/ld+json\" class=\"yoast-schema-graph\">{\"@context\":\"https:\/\/schema.org\",\"@graph\":[{\"@type\":[\"Article\",\"BlogPosting\"],\"@id\":\"https:\/\/lequartierimmobilier.com\/es\/paris-inmuebles\/#article\",\"isPartOf\":{\"@id\":\"https:\/\/lequartierimmobilier.com\/es\/paris-inmuebles\/\"},\"author\":{\"name\":\"Le Quartier Immobilier\",\"@id\":\"https:\/\/lequartierimmobilier.com\/es\/#\/schema\/person\/ebfa808657ddd0a276387830ad56f756\"},\"headline\":\"Paris : todos nuestros inmuebles\",\"datePublished\":\"2025-11-25T14:32:58+00:00\",\"dateModified\":\"2026-01-14T11:59:03+00:00\",\"mainEntityOfPage\":{\"@id\":\"https:\/\/lequartierimmobilier.com\/es\/paris-inmuebles\/\"},\"wordCount\":4,\"publisher\":{\"@id\":\"https:\/\/lequartierimmobilier.com\/es\/#organization\"},\"inLanguage\":\"es\"},{\"@type\":\"WebPage\",\"@id\":\"https:\/\/lequartierimmobilier.com\/es\/paris-inmuebles\/\",\"url\":\"https:\/\/lequartierimmobilier.com\/es\/paris-inmuebles\/\",\"name\":\"Paris : todos nuestros inmuebles - Le Quartier Immobilier\",\"isPartOf\":{\"@id\":\"https:\/\/lequartierimmobilier.com\/es\/#website\"},\"datePublished\":\"2025-11-25T14:32:58+00:00\",\"dateModified\":\"2026-01-14T11:59:03+00:00\",\"breadcrumb\":{\"@id\":\"https:\/\/lequartierimmobilier.com\/es\/paris-inmuebles\/#breadcrumb\"},\"inLanguage\":\"es\",\"potentialAction\":[{\"@type\":\"ReadAction\",\"target\":[\"https:\/\/lequartierimmobilier.com\/es\/paris-inmuebles\/\"]}]},{\"@type\":\"BreadcrumbList\",\"@id\":\"https:\/\/lequartierimmobilier.com\/es\/paris-inmuebles\/#breadcrumb\",\"itemListElement\":[{\"@type\":\"ListItem\",\"position\":1,\"name\":\"Accueil\",\"item\":\"https:\/\/lequartierimmobilier.com\/es\/inicio\/\"},{\"@type\":\"ListItem\",\"position\":2,\"name\":\"Paris : todos nuestros inmuebles\"}]},{\"@type\":\"WebSite\",\"@id\":\"https:\/\/lequartierimmobilier.com\/es\/#website\",\"url\":\"https:\/\/lequartierimmobilier.com\/es\/\",\"name\":\"Le Quartier Immobilier\",\"description\":\"Agence immobili\u00e8re Paris 15e\",\"publisher\":{\"@id\":\"https:\/\/lequartierimmobilier.com\/es\/#organization\"},\"alternateName\":\"LQI\",\"potentialAction\":[{\"@type\":\"SearchAction\",\"target\":{\"@type\":\"EntryPoint\",\"urlTemplate\":\"https:\/\/lequartierimmobilier.com\/es\/?s={search_term_string}\"},\"query-input\":{\"@type\":\"PropertyValueSpecification\",\"valueRequired\":true,\"valueName\":\"search_term_string\"}}],\"inLanguage\":\"es\"},{\"@type\":[\"Organization\",\"Place\"],\"@id\":\"https:\/\/lequartierimmobilier.com\/es\/#organization\",\"name\":\"Le Quartier Immobilier\",\"url\":\"https:\/\/lequartierimmobilier.com\/es\/\",\"logo\":{\"@id\":\"https:\/\/lequartierimmobilier.com\/es\/paris-inmuebles\/#local-main-organization-logo\"},\"image\":{\"@id\":\"https:\/\/lequartierimmobilier.com\/es\/paris-inmuebles\/#local-main-organization-logo\"},\"sameAs\":[\"https:\/\/www.facebook.com\/profile.php?id=100091943688290\",\"https:\/\/www.instagram.com\/le_quartier_immobilier\/\"],\"description\":\"Agence immobili\u00e8re bas\u00e9e dans le 15\u00e8me arrondissement, \u00e0 Paris.\",\"legalName\":\"AVENIR IMMOBILIER\",\"foundingDate\":\"2015-07-08\",\"numberOfEmployees\":{\"@type\":\"QuantitativeValue\",\"minValue\":\"1\",\"maxValue\":\"10\"},\"address\":{\"@id\":\"https:\/\/lequartierimmobilier.com\/es\/paris-inmuebles\/#local-main-place-address\"},\"geo\":{\"@type\":\"GeoCoordinates\",\"latitude\":\"48.845620802643225\",\"longitude\":\"2.2844735210014395\"},\"telephone\":[\"01 87 75 50 00\"],\"contactPoint\":{\"@type\":\"ContactPoint\",\"telephone\":\"01 87 75 50 00\",\"email\":\"contact@lequartierimmobilier.com\"},\"openingHoursSpecification\":[{\"@type\":\"OpeningHoursSpecification\",\"dayOfWeek\":[\"Monday\",\"Tuesday\",\"Wednesday\",\"Thursday\",\"Friday\"],\"opens\":\"10:00\",\"closes\":\"19:00\"},{\"@type\":\"OpeningHoursSpecification\",\"dayOfWeek\":[\"Saturday\"],\"opens\":\"10:00\",\"closes\":\"18:00\"},{\"@type\":\"OpeningHoursSpecification\",\"dayOfWeek\":[\"Sunday\"],\"opens\":\"00:00\",\"closes\":\"00:00\"}],\"email\":\"contact@lequartierimmobilier.com\",\"vatID\":\"FR67812477321\",\"taxID\":\"81247732100028\"},{\"@type\":\"Person\",\"@id\":\"https:\/\/lequartierimmobilier.com\/es\/#\/schema\/person\/ebfa808657ddd0a276387830ad56f756\",\"name\":\"Le Quartier Immobilier\",\"image\":{\"@type\":\"ImageObject\",\"inLanguage\":\"es\",\"@id\":\"https:\/\/secure.gravatar.com\/avatar\/62ecccd7a9ff21c271481da1c20be9fa7a3997e422d86d63dac6014b292f4d8b?s=96&d=mm&r=g\",\"url\":\"https:\/\/secure.gravatar.com\/avatar\/62ecccd7a9ff21c271481da1c20be9fa7a3997e422d86d63dac6014b292f4d8b?s=96&d=mm&r=g\",\"contentUrl\":\"https:\/\/secure.gravatar.com\/avatar\/62ecccd7a9ff21c271481da1c20be9fa7a3997e422d86d63dac6014b292f4d8b?s=96&d=mm&r=g\",\"caption\":\"Le Quartier Immobilier\"},\"sameAs\":[\"https:\/\/lequartierimmobilier.fr\"]},{\"@type\":\"PostalAddress\",\"@id\":\"https:\/\/lequartierimmobilier.com\/es\/paris-inmuebles\/#local-main-place-address\",\"streetAddress\":\"98 RUE SAINT-CHARLES\",\"addressLocality\":\"PARIS\",\"postalCode\":\"75015\",\"addressCountry\":\"FR\"},{\"@type\":\"ImageObject\",\"inLanguage\":\"es\",\"@id\":\"https:\/\/lequartierimmobilier.com\/es\/paris-inmuebles\/#local-main-organization-logo\",\"url\":\"https:\/\/lequartierimmobilier.com\/wp-content\/uploads\/2025\/11\/logo-dore-Virginie-1-e1763134176550.png\",\"contentUrl\":\"https:\/\/lequartierimmobilier.com\/wp-content\/uploads\/2025\/11\/logo-dore-Virginie-1-e1763134176550.png\",\"width\":1024,\"height\":280,\"caption\":\"Le Quartier Immobilier\"}]}<\/script>\n<meta name=\"geo.placename\" content=\"PARIS\" \/>\n<meta name=\"geo.position\" content=\"48.845620802643225;2.2844735210014395\" \/>\n<meta name=\"geo.region\" content=\"Francia\" \/>\n<!-- \/ Yoast SEO Premium plugin. -->","yoast_head_json":{"title":"Paris : todos nuestros inmuebles - Le Quartier Immobilier","robots":{"index":"index","follow":"follow","max-snippet":"max-snippet:-1","max-image-preview":"max-image-preview:large","max-video-preview":"max-video-preview:-1"},"canonical":"https:\/\/lequartierimmobilier.com\/es\/paris-inmuebles\/","og_locale":"es_ES","og_type":"article","og_title":"Paris : todos nuestros inmuebles Le Quartier Immobilier","og_url":"https:\/\/lequartierimmobilier.com\/es\/paris-inmuebles\/","og_site_name":"Le Quartier Immobilier","article_publisher":"https:\/\/www.facebook.com\/profile.php?id=100091943688290","article_modified_time":"2026-01-14T11:59:03+00:00","og_image":[{"width":1200,"height":801,"url":"https:\/\/lequartierimmobilier.com\/wp-content\/uploads\/2026\/03\/0fe8f2013b462a76b82fc6bf64854fe0.jpg","type":"image\/jpeg"}],"twitter_card":"summary_large_image","schema":{"@context":"https:\/\/schema.org","@graph":[{"@type":["Article","BlogPosting"],"@id":"https:\/\/lequartierimmobilier.com\/es\/paris-inmuebles\/#article","isPartOf":{"@id":"https:\/\/lequartierimmobilier.com\/es\/paris-inmuebles\/"},"author":{"name":"Le Quartier Immobilier","@id":"https:\/\/lequartierimmobilier.com\/es\/#\/schema\/person\/ebfa808657ddd0a276387830ad56f756"},"headline":"Paris : todos nuestros inmuebles","datePublished":"2025-11-25T14:32:58+00:00","dateModified":"2026-01-14T11:59:03+00:00","mainEntityOfPage":{"@id":"https:\/\/lequartierimmobilier.com\/es\/paris-inmuebles\/"},"wordCount":4,"publisher":{"@id":"https:\/\/lequartierimmobilier.com\/es\/#organization"},"inLanguage":"es"},{"@type":"WebPage","@id":"https:\/\/lequartierimmobilier.com\/es\/paris-inmuebles\/","url":"https:\/\/lequartierimmobilier.com\/es\/paris-inmuebles\/","name":"Paris : todos nuestros inmuebles - Le Quartier Immobilier","isPartOf":{"@id":"https:\/\/lequartierimmobilier.com\/es\/#website"},"datePublished":"2025-11-25T14:32:58+00:00","dateModified":"2026-01-14T11:59:03+00:00","breadcrumb":{"@id":"https:\/\/lequartierimmobilier.com\/es\/paris-inmuebles\/#breadcrumb"},"inLanguage":"es","potentialAction":[{"@type":"ReadAction","target":["https:\/\/lequartierimmobilier.com\/es\/paris-inmuebles\/"]}]},{"@type":"BreadcrumbList","@id":"https:\/\/lequartierimmobilier.com\/es\/paris-inmuebles\/#breadcrumb","itemListElement":[{"@type":"ListItem","position":1,"name":"Accueil","item":"https:\/\/lequartierimmobilier.com\/es\/inicio\/"},{"@type":"ListItem","position":2,"name":"Paris : todos nuestros inmuebles"}]},{"@type":"WebSite","@id":"https:\/\/lequartierimmobilier.com\/es\/#website","url":"https:\/\/lequartierimmobilier.com\/es\/","name":"Le Quartier Immobilier","description":"Agence immobili\u00e8re Paris 15e","publisher":{"@id":"https:\/\/lequartierimmobilier.com\/es\/#organization"},"alternateName":"LQI","potentialAction":[{"@type":"SearchAction","target":{"@type":"EntryPoint","urlTemplate":"https:\/\/lequartierimmobilier.com\/es\/?s={search_term_string}"},"query-input":{"@type":"PropertyValueSpecification","valueRequired":true,"valueName":"search_term_string"}}],"inLanguage":"es"},{"@type":["Organization","Place"],"@id":"https:\/\/lequartierimmobilier.com\/es\/#organization","name":"Le Quartier Immobilier","url":"https:\/\/lequartierimmobilier.com\/es\/","logo":{"@id":"https:\/\/lequartierimmobilier.com\/es\/paris-inmuebles\/#local-main-organization-logo"},"image":{"@id":"https:\/\/lequartierimmobilier.com\/es\/paris-inmuebles\/#local-main-organization-logo"},"sameAs":["https:\/\/www.facebook.com\/profile.php?id=100091943688290","https:\/\/www.instagram.com\/le_quartier_immobilier\/"],"description":"Agence immobili\u00e8re bas\u00e9e dans le 15\u00e8me arrondissement, \u00e0 Paris.","legalName":"AVENIR IMMOBILIER","foundingDate":"2015-07-08","numberOfEmployees":{"@type":"QuantitativeValue","minValue":"1","maxValue":"10"},"address":{"@id":"https:\/\/lequartierimmobilier.com\/es\/paris-inmuebles\/#local-main-place-address"},"geo":{"@type":"GeoCoordinates","latitude":"48.845620802643225","longitude":"2.2844735210014395"},"telephone":["01 87 75 50 00"],"contactPoint":{"@type":"ContactPoint","telephone":"01 87 75 50 00","email":"contact@lequartierimmobilier.com"},"openingHoursSpecification":[{"@type":"OpeningHoursSpecification","dayOfWeek":["Monday","Tuesday","Wednesday","Thursday","Friday"],"opens":"10:00","closes":"19:00"},{"@type":"OpeningHoursSpecification","dayOfWeek":["Saturday"],"opens":"10:00","closes":"18:00"},{"@type":"OpeningHoursSpecification","dayOfWeek":["Sunday"],"opens":"00:00","closes":"00:00"}],"email":"contact@lequartierimmobilier.com","vatID":"FR67812477321","taxID":"81247732100028"},{"@type":"Person","@id":"https:\/\/lequartierimmobilier.com\/es\/#\/schema\/person\/ebfa808657ddd0a276387830ad56f756","name":"Le Quartier Immobilier","image":{"@type":"ImageObject","inLanguage":"es","@id":"https:\/\/secure.gravatar.com\/avatar\/62ecccd7a9ff21c271481da1c20be9fa7a3997e422d86d63dac6014b292f4d8b?s=96&d=mm&r=g","url":"https:\/\/secure.gravatar.com\/avatar\/62ecccd7a9ff21c271481da1c20be9fa7a3997e422d86d63dac6014b292f4d8b?s=96&d=mm&r=g","contentUrl":"https:\/\/secure.gravatar.com\/avatar\/62ecccd7a9ff21c271481da1c20be9fa7a3997e422d86d63dac6014b292f4d8b?s=96&d=mm&r=g","caption":"Le Quartier Immobilier"},"sameAs":["https:\/\/lequartierimmobilier.fr"]},{"@type":"PostalAddress","@id":"https:\/\/lequartierimmobilier.com\/es\/paris-inmuebles\/#local-main-place-address","streetAddress":"98 RUE SAINT-CHARLES","addressLocality":"PARIS","postalCode":"75015","addressCountry":"FR"},{"@type":"ImageObject","inLanguage":"es","@id":"https:\/\/lequartierimmobilier.com\/es\/paris-inmuebles\/#local-main-organization-logo","url":"https:\/\/lequartierimmobilier.com\/wp-content\/uploads\/2025\/11\/logo-dore-Virginie-1-e1763134176550.png","contentUrl":"https:\/\/lequartierimmobilier.com\/wp-content\/uploads\/2025\/11\/logo-dore-Virginie-1-e1763134176550.png","width":1024,"height":280,"caption":"Le Quartier Immobilier"}]},"geo.placename":"PARIS","geo.position":{"lat":"48.845620802643225","long":"2.2844735210014395"},"geo.region":"Francia"},"_links":{"self":[{"href":"https:\/\/lequartierimmobilier.com\/es\/wp-json\/wp\/v2\/pages\/22176","targetHints":{"allow":["GET"]}}],"collection":[{"href":"https:\/\/lequartierimmobilier.com\/es\/wp-json\/wp\/v2\/pages"}],"about":[{"href":"https:\/\/lequartierimmobilier.com\/es\/wp-json\/wp\/v2\/types\/page"}],"author":[{"embeddable":true,"href":"https:\/\/lequartierimmobilier.com\/es\/wp-json\/wp\/v2\/users\/1"}],"replies":[{"embeddable":true,"href":"https:\/\/lequartierimmobilier.com\/es\/wp-json\/wp\/v2\/comments?post=22176"}],"version-history":[{"count":1,"href":"https:\/\/lequartierimmobilier.com\/es\/wp-json\/wp\/v2\/pages\/22176\/revisions"}],"predecessor-version":[{"id":22259,"href":"https:\/\/lequartierimmobilier.com\/es\/wp-json\/wp\/v2\/pages\/22176\/revisions\/22259"}],"wp:attachment":[{"href":"https:\/\/lequartierimmobilier.com\/es\/wp-json\/wp\/v2\/media?parent=22176"}],"curies":[{"name":"wp","href":"https:\/\/api.w.org\/{rel}","templated":true}]}}