{"id":24520,"date":"2026-04-11T10:33:49","date_gmt":"2026-04-11T10:33:49","guid":{"rendered":"https:\/\/lequartierimmobilier.com\/property\/paris-18eme-arrondissement-appartement-en-etage-eleve-vue-degagee-sur-le-sacre-coeur-et-les-toits-de-paris-2\/"},"modified":"2026-05-01T07:33:45","modified_gmt":"2026-05-01T07:33:45","slug":"paris-18eme-arrondissement-appartement-en-etage-eleve-vue-degagee-sur-le-sacre-coeur-et-les-toits-de-paris","status":"publish","type":"property","link":"https:\/\/lequartierimmobilier.com\/en\/property\/paris-18eme-arrondissement-appartement-en-etage-eleve-vue-degagee-sur-le-sacre-coeur-et-les-toits-de-paris\/","title":{"rendered":"PARIS 18\u00e8me arrondissement &#8211; Appartement en \u00e9tage \u00e9lev\u00e9, vue d\u00e9gag\u00e9e sur le Sacr\u00e9 Coeur et les toits de Paris"},"content":{"rendered":"<p>Dans le 18\u00e8me arrondissement de Paris, proche m\u00e9tro Anvers et Abbesses \u00e0 deux pas du Sacr\u00e9 Coeur, nich\u00e9 au 5\u00e8me \u00e9tage d&#8217;un immeuble ancien, Le Quartier Immobilier vous propose \u00e0 la vente cet appartement de 2 pi\u00e8ces de 32m2 au sol, unique de par sa situation et sa disposition<br \/>\nD\u00e8s le seuil franchi vous serez imm\u00e9diatement charm\u00e9 son plan, sa vue d\u00e9gag\u00e9e et sa luminosit\u00e9.<br \/>\nVous y d\u00e9couvrirez un s\u00e9jour agr\u00e9able, id\u00e9al pour recevoir vos convives ou simplement pour vous d\u00e9tendre.<br \/>\nLa cuisine est \u00e9quip\u00e9e et offre tout le confort!<br \/>\nL&#8217;appartement comporte \u00e9galement une chambre au calme, parfait pour s&#8217;y reposer apr\u00e8s une longue journ\u00e9e.<br \/>\nEnfin, vous y trouverez une salle de douche et un WC.<\/p>\n","protected":false},"excerpt":{"rendered":"<p>Dans le 18\u00e8me arrondissement de Paris, proche m\u00e9tro Anvers et Abbesses \u00e0 deux pas du Sacr\u00e9 Coeur, nich\u00e9 au 5\u00e8me \u00e9tage d&#8217;un immeuble ancien, Le Quartier Immobilier vous propose \u00e0 la vente cet appartement de 2 pi\u00e8ces de 32m2 au sol, unique de par sa situation et sa disposition D\u00e8s le seuil franchi vous serez [&hellip;]<\/p>\n","protected":false},"author":1,"featured_media":24535,"parent":0,"menu_order":0,"template":"","property_type":[88],"property_status":[60],"property_feature":[179,175,114,169,189],"property_label":[113],"property_country":[111,129],"property_state":[],"property_city":[205],"property_area":[109],"class_list":{"0":"post-24520","1":"property","2":"type-property","3":"status-publish","4":"has-post-thumbnail","5":"hentry","6":"property_type-apartment","7":"property_status-for-sale","8":"property_feature-double-vitrage","9":"property_feature-entry-code","10":"property_feature-heating","11":"property_feature-intercom","12":"property_feature-teledistribution","13":"property_label-exclusive","14":"property_country-fr","16":"property_city-paris-18eme","17":"property_area-paris"},"property_meta":{"_yoast_indexnow_last_ping":["1777620825"],"_alp_processed":["1777620825"],"copied_media_ids":["a:0:{}"],"referenced_media_ids":["a:0:{}"],"reference":["86911307"],"fave_property_id":["86911307"],"fave_property_price":["230000"],"fave_property_price_postfix":[""],"fave_property_size":["26.04"],"fave_property_size_prefix":["m\u00b2"],"fave_property_land_postfix":[""],"fave_property_land":[""],"fave_property_rooms":["2"],"fave_property_bedrooms":["1"],"fave_property_bathrooms":[""],"fave_property_garage":[""],"fave_property_year":["1870"],"fave_property_garage_size":[""],"fave_taxe-foncic3a8re":["450\u20ac"],"fave_charges-de-copropric3a9tc3a9":[""],"fave_estimation-coc3bbts-annuels-d-c3a9nergie-min":["860\u20ac"],"fave_estimation-coc3bbts-annuels-d-c3a9nergie-max":["1180\u20ac"],"fave_c3a9tage":["5"],"fave_parking":[""],"fave_nombre-d-c3a9tages":["5"],"fave_wc":["1"],"fave_nombre-de-lots-au-sein-de-la-copropric3a9tc3a9":["55"],"fave_assainissement":[""],"fave_surface-du-sc3a9jour":["11.73m\u00b2"],"fave_honoraires-c3a0-la-charge-du-vendeur":[""],"fave_numc3a9ro-de-mandat":["4149"],"fave_honoraires-c3a0-la-charge-de-l-acquc3a9reur":[""],"fave_charges-locatives-mensuelles":[""],"fave_loyer-mensuel-charges-comprises":[""],"fave_dc3a9pc3b4t-de-garantie":[""],"fave_honoraires-c3a0-la-charge-du-locataire":[""],"fave_honoraires-c3a0-la-charge-du-propric3a9taire":[""],"fave_date-de-disponibilitc3a9":[""],"fave_salle-s-d-eau":["1"],"fave_property_map_address":["75018, Paris 18\u00e8me, FR"],"fave_property_map":["1"],"fave_property_address":[""],"fave_property_zip":["75018"],"fave_property_country":["FR"],"fave_property_location":["48.88156,2.34191,14"],"houzez_geolocation_lat":["48.88156"],"houzez_geolocation_long":["2.34191"],"fave_energy_class":[""],"fave_energy_global_index":["558.5"],"fave_ghg_emissions_class":[""],"fave_ghg_emissions_index":["22"],"fave_diagnostic_date":["2022-11-16"],"fave_featured":[""],"houzez_featured_listing_date":[""],"fave_agent_display_option":["agent_info"],"fave_agents":["23087"],"fave_property_agency":["22635"],"_thumbnail_id":["24535"],"images":["12"],"_wpml_word_count":["137"],"houzez_total_property_views":["37"],"houzez_views_by_date":["a:18:{s:10:\"04-11-2026\";i:1;s:10:\"04-12-2026\";i:3;s:10:\"04-13-2026\";i:5;s:10:\"04-14-2026\";i:2;s:10:\"04-15-2026\";i:4;s:10:\"04-17-2026\";i:1;s:10:\"04-18-2026\";i:1;s:10:\"04-19-2026\";i:2;s:10:\"04-20-2026\";i:3;s:10:\"04-21-2026\";i:2;s:10:\"04-22-2026\";i:2;s:10:\"04-23-2026\";i:1;s:10:\"04-24-2026\";i:1;s:10:\"04-25-2026\";i:2;s:10:\"04-27-2026\";i:3;s:10:\"04-29-2026\";i:1;s:10:\"04-30-2026\";i:1;s:10:\"05-01-2026\";i:2;}"],"houzez_recently_viewed":["2026-05-01 08:11:52"],"_wpml_media_has_media":["1"],"fave_nb_salle_totale":["1"],"_elementor_page_assets":["a:0:{}"],"fave_property_images":["24535","24536","24537","24538","24539","24540","24541","24542","24543","24544","24545","24546"]},"yoast_head":"<!-- This site is optimized with the Yoast SEO Premium plugin v27.2 (Yoast SEO v27.2) - https:\/\/yoast.com\/product\/yoast-seo-premium-wordpress\/ -->\n<title>PARIS 18\u00e8me arrondissement - Appartement en \u00e9tage \u00e9lev\u00e9, vue d\u00e9gag\u00e9e sur le Sacr\u00e9 Coeur et les toits de Paris - Le Quartier Immobilier<\/title>\n<meta name=\"description\" content=\"Dans le 18\u00e8me arrondissement de Paris, proche m\u00e9tro Anvers et Abbesses \u00e0 deux pas du Sacr\u00e9 Coeur, nich\u00e9 au 5\u00e8me \u00e9tage d&#039;un immeuble ancien, Le Quartier\" \/>\n<meta name=\"robots\" content=\"index, follow, max-snippet:-1, max-image-preview:large, max-video-preview:-1\" \/>\n<link rel=\"canonical\" href=\"https:\/\/lequartierimmobilier.com\/en\/property\/paris-18eme-arrondissement-appartement-en-etage-eleve-vue-degagee-sur-le-sacre-coeur-et-les-toits-de-paris\/\" \/>\n<meta property=\"og:locale\" content=\"en_US\" \/>\n<meta property=\"og:type\" content=\"article\" \/>\n<meta property=\"og:title\" content=\"PARIS 18\u00e8me arrondissement - Appartement en \u00e9tage \u00e9lev\u00e9, vue d\u00e9gag\u00e9e sur le Sacr\u00e9 Coeur et les toits de Paris\" \/>\n<meta property=\"og:description\" content=\"Dans le 18\u00e8me arrondissement de Paris, proche m\u00e9tro Anvers et Abbesses \u00e0 deux pas du Sacr\u00e9 Coeur, nich\u00e9 au 5\u00e8me \u00e9tage d&#039;un immeuble ancien, Le Quartier\" \/>\n<meta property=\"og:url\" content=\"https:\/\/lequartierimmobilier.com\/en\/property\/paris-18eme-arrondissement-appartement-en-etage-eleve-vue-degagee-sur-le-sacre-coeur-et-les-toits-de-paris\/\" \/>\n<meta property=\"og:site_name\" content=\"Le Quartier Immobilier\" \/>\n<meta property=\"article:publisher\" content=\"https:\/\/www.facebook.com\/profile.php?id=100091943688290\" \/>\n<meta property=\"article:modified_time\" content=\"2026-05-01T07:33:45+00:00\" \/>\n<meta property=\"og:image\" content=\"https:\/\/lequartierimmobilier.com\/wp-content\/uploads\/2026\/04\/81895f5076b9b8aedccb1bd0b4b8c789_f8070b71a6_4096-original-24519-0-1024x682.jpg\" \/>\n\t<meta property=\"og:image:width\" content=\"1024\" \/>\n\t<meta property=\"og:image:height\" content=\"682\" \/>\n\t<meta property=\"og:image:type\" content=\"image\/jpeg\" \/>\n<meta name=\"twitter:card\" content=\"summary_large_image\" \/>\n<meta name=\"twitter:label1\" content=\"Est. reading time\" \/>\n\t<meta name=\"twitter:data1\" content=\"1 minute\" \/>\n<script type=\"application\/ld+json\" class=\"yoast-schema-graph\">{\"@context\":\"https:\/\/schema.org\",\"@graph\":[{\"@type\":\"WebPage\",\"@id\":\"https:\/\/lequartierimmobilier.com\/en\/property\/paris-18eme-arrondissement-appartement-en-etage-eleve-vue-degagee-sur-le-sacre-coeur-et-les-toits-de-paris\/\",\"url\":\"https:\/\/lequartierimmobilier.com\/en\/property\/paris-18eme-arrondissement-appartement-en-etage-eleve-vue-degagee-sur-le-sacre-coeur-et-les-toits-de-paris\/\",\"name\":\"PARIS 18\u00e8me arrondissement - Appartement en \u00e9tage \u00e9lev\u00e9, vue d\u00e9gag\u00e9e sur le Sacr\u00e9 Coeur et les toits de Paris - Le Quartier Immobilier\",\"isPartOf\":{\"@id\":\"https:\/\/lequartierimmobilier.com\/en\/#website\"},\"primaryImageOfPage\":{\"@id\":\"https:\/\/lequartierimmobilier.com\/en\/property\/paris-18eme-arrondissement-appartement-en-etage-eleve-vue-degagee-sur-le-sacre-coeur-et-les-toits-de-paris\/#primaryimage\"},\"image\":{\"@id\":\"https:\/\/lequartierimmobilier.com\/en\/property\/paris-18eme-arrondissement-appartement-en-etage-eleve-vue-degagee-sur-le-sacre-coeur-et-les-toits-de-paris\/#primaryimage\"},\"thumbnailUrl\":\"https:\/\/lequartierimmobilier.com\/wp-content\/uploads\/2026\/04\/81895f5076b9b8aedccb1bd0b4b8c789_f8070b71a6_4096-original-24519-0-scaled.jpg\",\"datePublished\":\"2026-04-11T10:33:49+00:00\",\"dateModified\":\"2026-05-01T07:33:45+00:00\",\"description\":\"Dans le 18\u00e8me arrondissement de Paris, proche m\u00e9tro Anvers et Abbesses \u00e0 deux pas du Sacr\u00e9 Coeur, nich\u00e9 au 5\u00e8me \u00e9tage d'un immeuble ancien, Le Quartier\",\"breadcrumb\":{\"@id\":\"https:\/\/lequartierimmobilier.com\/en\/property\/paris-18eme-arrondissement-appartement-en-etage-eleve-vue-degagee-sur-le-sacre-coeur-et-les-toits-de-paris\/#breadcrumb\"},\"inLanguage\":\"en-US\",\"potentialAction\":[{\"@type\":\"ReadAction\",\"target\":[\"https:\/\/lequartierimmobilier.com\/en\/property\/paris-18eme-arrondissement-appartement-en-etage-eleve-vue-degagee-sur-le-sacre-coeur-et-les-toits-de-paris\/\"]}]},{\"@type\":\"ImageObject\",\"inLanguage\":\"en-US\",\"@id\":\"https:\/\/lequartierimmobilier.com\/en\/property\/paris-18eme-arrondissement-appartement-en-etage-eleve-vue-degagee-sur-le-sacre-coeur-et-les-toits-de-paris\/#primaryimage\",\"url\":\"https:\/\/lequartierimmobilier.com\/wp-content\/uploads\/2026\/04\/81895f5076b9b8aedccb1bd0b4b8c789_f8070b71a6_4096-original-24519-0-scaled.jpg\",\"contentUrl\":\"https:\/\/lequartierimmobilier.com\/wp-content\/uploads\/2026\/04\/81895f5076b9b8aedccb1bd0b4b8c789_f8070b71a6_4096-original-24519-0-scaled.jpg\",\"width\":2560,\"height\":1705},{\"@type\":\"BreadcrumbList\",\"@id\":\"https:\/\/lequartierimmobilier.com\/en\/property\/paris-18eme-arrondissement-appartement-en-etage-eleve-vue-degagee-sur-le-sacre-coeur-et-les-toits-de-paris\/#breadcrumb\",\"itemListElement\":[{\"@type\":\"ListItem\",\"position\":1,\"name\":\"Accueil\",\"item\":\"https:\/\/lequartierimmobilier.com\/en\/accueil\/\"},{\"@type\":\"ListItem\",\"position\":2,\"name\":\"Properties\",\"item\":\"https:\/\/lequartierimmobilier.com\/en\/property\/\"},{\"@type\":\"ListItem\",\"position\":3,\"name\":\"PARIS 18\u00e8me arrondissement &#8211; Appartement en \u00e9tage \u00e9lev\u00e9, vue d\u00e9gag\u00e9e sur le Sacr\u00e9 Coeur et les toits de Paris\"}]},{\"@type\":\"WebSite\",\"@id\":\"https:\/\/lequartierimmobilier.com\/en\/#website\",\"url\":\"https:\/\/lequartierimmobilier.com\/en\/\",\"name\":\"Le Quartier Immobilier\",\"description\":\"Agence immobili\u00e8re Paris 15e\",\"publisher\":{\"@id\":\"https:\/\/lequartierimmobilier.com\/en\/#organization\"},\"alternateName\":\"LQI\",\"potentialAction\":[{\"@type\":\"SearchAction\",\"target\":{\"@type\":\"EntryPoint\",\"urlTemplate\":\"https:\/\/lequartierimmobilier.com\/en\/?s={search_term_string}\"},\"query-input\":{\"@type\":\"PropertyValueSpecification\",\"valueRequired\":true,\"valueName\":\"search_term_string\"}}],\"inLanguage\":\"en-US\"},{\"@type\":[\"Organization\",\"Place\"],\"@id\":\"https:\/\/lequartierimmobilier.com\/en\/#organization\",\"name\":\"Le Quartier Immobilier\",\"url\":\"https:\/\/lequartierimmobilier.com\/en\/\",\"logo\":{\"@id\":\"https:\/\/lequartierimmobilier.com\/en\/property\/paris-18eme-arrondissement-appartement-en-etage-eleve-vue-degagee-sur-le-sacre-coeur-et-les-toits-de-paris\/#local-main-organization-logo\"},\"image\":{\"@id\":\"https:\/\/lequartierimmobilier.com\/en\/property\/paris-18eme-arrondissement-appartement-en-etage-eleve-vue-degagee-sur-le-sacre-coeur-et-les-toits-de-paris\/#local-main-organization-logo\"},\"sameAs\":[\"https:\/\/www.facebook.com\/profile.php?id=100091943688290\",\"https:\/\/www.instagram.com\/le_quartier_immobilier\/\"],\"description\":\"Agence immobili\u00e8re bas\u00e9e dans le 15\u00e8me arrondissement, \u00e0 Paris.\",\"legalName\":\"AVENIR IMMOBILIER\",\"foundingDate\":\"2015-07-08\",\"numberOfEmployees\":{\"@type\":\"QuantitativeValue\",\"minValue\":\"1\",\"maxValue\":\"10\"},\"address\":{\"@id\":\"https:\/\/lequartierimmobilier.com\/en\/property\/paris-18eme-arrondissement-appartement-en-etage-eleve-vue-degagee-sur-le-sacre-coeur-et-les-toits-de-paris\/#local-main-place-address\"},\"geo\":{\"@type\":\"GeoCoordinates\",\"latitude\":\"48.845620802643225\",\"longitude\":\"2.2844735210014395\"},\"telephone\":[\"01 87 75 50 00\"],\"contactPoint\":{\"@type\":\"ContactPoint\",\"telephone\":\"01 87 75 50 00\",\"email\":\"contact@lequartierimmobilier.com\"},\"openingHoursSpecification\":[{\"@type\":\"OpeningHoursSpecification\",\"dayOfWeek\":[\"Monday\",\"Tuesday\",\"Wednesday\",\"Thursday\",\"Friday\"],\"opens\":\"10:00\",\"closes\":\"19:00\"},{\"@type\":\"OpeningHoursSpecification\",\"dayOfWeek\":[\"Saturday\"],\"opens\":\"10:00\",\"closes\":\"18:00\"},{\"@type\":\"OpeningHoursSpecification\",\"dayOfWeek\":[\"Sunday\"],\"opens\":\"00:00\",\"closes\":\"00:00\"}],\"email\":\"contact@lequartierimmobilier.com\",\"vatID\":\"FR67812477321\",\"taxID\":\"81247732100028\"},{\"@type\":\"PostalAddress\",\"@id\":\"https:\/\/lequartierimmobilier.com\/en\/property\/paris-18eme-arrondissement-appartement-en-etage-eleve-vue-degagee-sur-le-sacre-coeur-et-les-toits-de-paris\/#local-main-place-address\",\"streetAddress\":\"98 RUE SAINT-CHARLES\",\"addressLocality\":\"PARIS\",\"postalCode\":\"75015\",\"addressCountry\":\"FR\"},{\"@type\":\"ImageObject\",\"inLanguage\":\"en-US\",\"@id\":\"https:\/\/lequartierimmobilier.com\/en\/property\/paris-18eme-arrondissement-appartement-en-etage-eleve-vue-degagee-sur-le-sacre-coeur-et-les-toits-de-paris\/#local-main-organization-logo\",\"url\":\"https:\/\/lequartierimmobilier.com\/wp-content\/uploads\/2025\/11\/logo-dore-Virginie-1-e1763134176550.png\",\"contentUrl\":\"https:\/\/lequartierimmobilier.com\/wp-content\/uploads\/2025\/11\/logo-dore-Virginie-1-e1763134176550.png\",\"width\":1024,\"height\":280,\"caption\":\"Le Quartier Immobilier\"}]}<\/script>\n<meta name=\"geo.placename\" content=\"PARIS\" \/>\n<meta name=\"geo.position\" content=\"48.845620802643225;2.2844735210014395\" \/>\n<meta name=\"geo.region\" content=\"France\" \/>\n<!-- \/ Yoast SEO Premium plugin. -->","yoast_head_json":{"title":"PARIS 18\u00e8me arrondissement - Appartement en \u00e9tage \u00e9lev\u00e9, vue d\u00e9gag\u00e9e sur le Sacr\u00e9 Coeur et les toits de Paris - Le Quartier Immobilier","description":"Dans le 18\u00e8me arrondissement de Paris, proche m\u00e9tro Anvers et Abbesses \u00e0 deux pas du Sacr\u00e9 Coeur, nich\u00e9 au 5\u00e8me \u00e9tage d'un immeuble ancien, Le Quartier","robots":{"index":"index","follow":"follow","max-snippet":"max-snippet:-1","max-image-preview":"max-image-preview:large","max-video-preview":"max-video-preview:-1"},"canonical":"https:\/\/lequartierimmobilier.com\/en\/property\/paris-18eme-arrondissement-appartement-en-etage-eleve-vue-degagee-sur-le-sacre-coeur-et-les-toits-de-paris\/","og_locale":"en_US","og_type":"article","og_title":"PARIS 18\u00e8me arrondissement - Appartement en \u00e9tage \u00e9lev\u00e9, vue d\u00e9gag\u00e9e sur le Sacr\u00e9 Coeur et les toits de Paris","og_description":"Dans le 18\u00e8me arrondissement de Paris, proche m\u00e9tro Anvers et Abbesses \u00e0 deux pas du Sacr\u00e9 Coeur, nich\u00e9 au 5\u00e8me \u00e9tage d'un immeuble ancien, Le Quartier","og_url":"https:\/\/lequartierimmobilier.com\/en\/property\/paris-18eme-arrondissement-appartement-en-etage-eleve-vue-degagee-sur-le-sacre-coeur-et-les-toits-de-paris\/","og_site_name":"Le Quartier Immobilier","article_publisher":"https:\/\/www.facebook.com\/profile.php?id=100091943688290","article_modified_time":"2026-05-01T07:33:45+00:00","og_image":[{"width":1024,"height":682,"url":"https:\/\/lequartierimmobilier.com\/wp-content\/uploads\/2026\/04\/81895f5076b9b8aedccb1bd0b4b8c789_f8070b71a6_4096-original-24519-0-1024x682.jpg","type":"image\/jpeg"}],"twitter_card":"summary_large_image","twitter_misc":{"Est. reading time":"1 minute"},"schema":{"@context":"https:\/\/schema.org","@graph":[{"@type":"WebPage","@id":"https:\/\/lequartierimmobilier.com\/en\/property\/paris-18eme-arrondissement-appartement-en-etage-eleve-vue-degagee-sur-le-sacre-coeur-et-les-toits-de-paris\/","url":"https:\/\/lequartierimmobilier.com\/en\/property\/paris-18eme-arrondissement-appartement-en-etage-eleve-vue-degagee-sur-le-sacre-coeur-et-les-toits-de-paris\/","name":"PARIS 18\u00e8me arrondissement - Appartement en \u00e9tage \u00e9lev\u00e9, vue d\u00e9gag\u00e9e sur le Sacr\u00e9 Coeur et les toits de Paris - Le Quartier Immobilier","isPartOf":{"@id":"https:\/\/lequartierimmobilier.com\/en\/#website"},"primaryImageOfPage":{"@id":"https:\/\/lequartierimmobilier.com\/en\/property\/paris-18eme-arrondissement-appartement-en-etage-eleve-vue-degagee-sur-le-sacre-coeur-et-les-toits-de-paris\/#primaryimage"},"image":{"@id":"https:\/\/lequartierimmobilier.com\/en\/property\/paris-18eme-arrondissement-appartement-en-etage-eleve-vue-degagee-sur-le-sacre-coeur-et-les-toits-de-paris\/#primaryimage"},"thumbnailUrl":"https:\/\/lequartierimmobilier.com\/wp-content\/uploads\/2026\/04\/81895f5076b9b8aedccb1bd0b4b8c789_f8070b71a6_4096-original-24519-0-scaled.jpg","datePublished":"2026-04-11T10:33:49+00:00","dateModified":"2026-05-01T07:33:45+00:00","description":"Dans le 18\u00e8me arrondissement de Paris, proche m\u00e9tro Anvers et Abbesses \u00e0 deux pas du Sacr\u00e9 Coeur, nich\u00e9 au 5\u00e8me \u00e9tage d'un immeuble ancien, Le Quartier","breadcrumb":{"@id":"https:\/\/lequartierimmobilier.com\/en\/property\/paris-18eme-arrondissement-appartement-en-etage-eleve-vue-degagee-sur-le-sacre-coeur-et-les-toits-de-paris\/#breadcrumb"},"inLanguage":"en-US","potentialAction":[{"@type":"ReadAction","target":["https:\/\/lequartierimmobilier.com\/en\/property\/paris-18eme-arrondissement-appartement-en-etage-eleve-vue-degagee-sur-le-sacre-coeur-et-les-toits-de-paris\/"]}]},{"@type":"ImageObject","inLanguage":"en-US","@id":"https:\/\/lequartierimmobilier.com\/en\/property\/paris-18eme-arrondissement-appartement-en-etage-eleve-vue-degagee-sur-le-sacre-coeur-et-les-toits-de-paris\/#primaryimage","url":"https:\/\/lequartierimmobilier.com\/wp-content\/uploads\/2026\/04\/81895f5076b9b8aedccb1bd0b4b8c789_f8070b71a6_4096-original-24519-0-scaled.jpg","contentUrl":"https:\/\/lequartierimmobilier.com\/wp-content\/uploads\/2026\/04\/81895f5076b9b8aedccb1bd0b4b8c789_f8070b71a6_4096-original-24519-0-scaled.jpg","width":2560,"height":1705},{"@type":"BreadcrumbList","@id":"https:\/\/lequartierimmobilier.com\/en\/property\/paris-18eme-arrondissement-appartement-en-etage-eleve-vue-degagee-sur-le-sacre-coeur-et-les-toits-de-paris\/#breadcrumb","itemListElement":[{"@type":"ListItem","position":1,"name":"Accueil","item":"https:\/\/lequartierimmobilier.com\/en\/accueil\/"},{"@type":"ListItem","position":2,"name":"Properties","item":"https:\/\/lequartierimmobilier.com\/en\/property\/"},{"@type":"ListItem","position":3,"name":"PARIS 18\u00e8me arrondissement &#8211; Appartement en \u00e9tage \u00e9lev\u00e9, vue d\u00e9gag\u00e9e sur le Sacr\u00e9 Coeur et les toits de Paris"}]},{"@type":"WebSite","@id":"https:\/\/lequartierimmobilier.com\/en\/#website","url":"https:\/\/lequartierimmobilier.com\/en\/","name":"Le Quartier Immobilier","description":"Agence immobili\u00e8re Paris 15e","publisher":{"@id":"https:\/\/lequartierimmobilier.com\/en\/#organization"},"alternateName":"LQI","potentialAction":[{"@type":"SearchAction","target":{"@type":"EntryPoint","urlTemplate":"https:\/\/lequartierimmobilier.com\/en\/?s={search_term_string}"},"query-input":{"@type":"PropertyValueSpecification","valueRequired":true,"valueName":"search_term_string"}}],"inLanguage":"en-US"},{"@type":["Organization","Place"],"@id":"https:\/\/lequartierimmobilier.com\/en\/#organization","name":"Le Quartier Immobilier","url":"https:\/\/lequartierimmobilier.com\/en\/","logo":{"@id":"https:\/\/lequartierimmobilier.com\/en\/property\/paris-18eme-arrondissement-appartement-en-etage-eleve-vue-degagee-sur-le-sacre-coeur-et-les-toits-de-paris\/#local-main-organization-logo"},"image":{"@id":"https:\/\/lequartierimmobilier.com\/en\/property\/paris-18eme-arrondissement-appartement-en-etage-eleve-vue-degagee-sur-le-sacre-coeur-et-les-toits-de-paris\/#local-main-organization-logo"},"sameAs":["https:\/\/www.facebook.com\/profile.php?id=100091943688290","https:\/\/www.instagram.com\/le_quartier_immobilier\/"],"description":"Agence immobili\u00e8re bas\u00e9e dans le 15\u00e8me arrondissement, \u00e0 Paris.","legalName":"AVENIR IMMOBILIER","foundingDate":"2015-07-08","numberOfEmployees":{"@type":"QuantitativeValue","minValue":"1","maxValue":"10"},"address":{"@id":"https:\/\/lequartierimmobilier.com\/en\/property\/paris-18eme-arrondissement-appartement-en-etage-eleve-vue-degagee-sur-le-sacre-coeur-et-les-toits-de-paris\/#local-main-place-address"},"geo":{"@type":"GeoCoordinates","latitude":"48.845620802643225","longitude":"2.2844735210014395"},"telephone":["01 87 75 50 00"],"contactPoint":{"@type":"ContactPoint","telephone":"01 87 75 50 00","email":"contact@lequartierimmobilier.com"},"openingHoursSpecification":[{"@type":"OpeningHoursSpecification","dayOfWeek":["Monday","Tuesday","Wednesday","Thursday","Friday"],"opens":"10:00","closes":"19:00"},{"@type":"OpeningHoursSpecification","dayOfWeek":["Saturday"],"opens":"10:00","closes":"18:00"},{"@type":"OpeningHoursSpecification","dayOfWeek":["Sunday"],"opens":"00:00","closes":"00:00"}],"email":"contact@lequartierimmobilier.com","vatID":"FR67812477321","taxID":"81247732100028"},{"@type":"PostalAddress","@id":"https:\/\/lequartierimmobilier.com\/en\/property\/paris-18eme-arrondissement-appartement-en-etage-eleve-vue-degagee-sur-le-sacre-coeur-et-les-toits-de-paris\/#local-main-place-address","streetAddress":"98 RUE SAINT-CHARLES","addressLocality":"PARIS","postalCode":"75015","addressCountry":"FR"},{"@type":"ImageObject","inLanguage":"en-US","@id":"https:\/\/lequartierimmobilier.com\/en\/property\/paris-18eme-arrondissement-appartement-en-etage-eleve-vue-degagee-sur-le-sacre-coeur-et-les-toits-de-paris\/#local-main-organization-logo","url":"https:\/\/lequartierimmobilier.com\/wp-content\/uploads\/2025\/11\/logo-dore-Virginie-1-e1763134176550.png","contentUrl":"https:\/\/lequartierimmobilier.com\/wp-content\/uploads\/2025\/11\/logo-dore-Virginie-1-e1763134176550.png","width":1024,"height":280,"caption":"Le Quartier Immobilier"}]},"geo.placename":"PARIS","geo.position":{"lat":"48.845620802643225","long":"2.2844735210014395"},"geo.region":"France"},"_links":{"self":[{"href":"https:\/\/lequartierimmobilier.com\/en\/wp-json\/wp\/v2\/properties\/24520","targetHints":{"allow":["GET"]}}],"collection":[{"href":"https:\/\/lequartierimmobilier.com\/en\/wp-json\/wp\/v2\/properties"}],"about":[{"href":"https:\/\/lequartierimmobilier.com\/en\/wp-json\/wp\/v2\/types\/property"}],"author":[{"embeddable":true,"href":"https:\/\/lequartierimmobilier.com\/en\/wp-json\/wp\/v2\/users\/1"}],"version-history":[{"count":1,"href":"https:\/\/lequartierimmobilier.com\/en\/wp-json\/wp\/v2\/properties\/24520\/revisions"}],"predecessor-version":[{"id":24547,"href":"https:\/\/lequartierimmobilier.com\/en\/wp-json\/wp\/v2\/properties\/24520\/revisions\/24547"}],"wp:featuredmedia":[{"embeddable":true,"href":"https:\/\/lequartierimmobilier.com\/en\/wp-json\/wp\/v2\/media\/24535"}],"wp:attachment":[{"href":"https:\/\/lequartierimmobilier.com\/en\/wp-json\/wp\/v2\/media?parent=24520"}],"wp:term":[{"taxonomy":"property_type","embeddable":true,"href":"https:\/\/lequartierimmobilier.com\/en\/wp-json\/wp\/v2\/property_type?post=24520"},{"taxonomy":"property_status","embeddable":true,"href":"https:\/\/lequartierimmobilier.com\/en\/wp-json\/wp\/v2\/property_status?post=24520"},{"taxonomy":"property_feature","embeddable":true,"href":"https:\/\/lequartierimmobilier.com\/en\/wp-json\/wp\/v2\/property_feature?post=24520"},{"taxonomy":"property_label","embeddable":true,"href":"https:\/\/lequartierimmobilier.com\/en\/wp-json\/wp\/v2\/property_label?post=24520"},{"taxonomy":"property_country","embeddable":true,"href":"https:\/\/lequartierimmobilier.com\/en\/wp-json\/wp\/v2\/property_country?post=24520"},{"taxonomy":"property_state","embeddable":true,"href":"https:\/\/lequartierimmobilier.com\/en\/wp-json\/wp\/v2\/property_state?post=24520"},{"taxonomy":"property_city","embeddable":true,"href":"https:\/\/lequartierimmobilier.com\/en\/wp-json\/wp\/v2\/property_city?post=24520"},{"taxonomy":"property_area","embeddable":true,"href":"https:\/\/lequartierimmobilier.com\/en\/wp-json\/wp\/v2\/property_area?post=24520"}],"curies":[{"name":"wp","href":"https:\/\/api.w.org\/{rel}","templated":true}]}}