{"id":24364,"date":"2026-04-02T19:33:42","date_gmt":"2026-04-02T19:33:42","guid":{"rendered":"https:\/\/lequartierimmobilier.com\/property\/metro-charles-michels-quartier-beaugrenelle\/"},"modified":"2026-04-28T21:33:56","modified_gmt":"2026-04-28T21:33:56","slug":"metro-charles-michels-quartier-beaugrenelle","status":"publish","type":"property","link":"https:\/\/lequartierimmobilier.com\/en\/property\/metro-charles-michels-quartier-beaugrenelle\/","title":{"rendered":"METRO CHARLES MICHELS, QUARTIER BEAUGRENELLE"},"content":{"rendered":"<p>Dans le 15\u00e8me arrondissement de Paris, id\u00e9alement situ\u00e9 dans un quartier tr\u00e8s recherch\u00e9, offrant un acc\u00e8s facile aux commerces, aux restaurants et aux transports, Le Quartier Immobilier vous pr\u00e9sente cet appartement nich\u00e9 au dernier \u00e9tage d&#8217;un immeuble s\u00e9curis\u00e9 et bien entretenu avec deux ascenseurs et gardien.<br \/>\nCe beau\u00a0studio\u00a0d&#8217;une superficie de\u00a037\u00a0m\u00b2\u00a0vous s\u00e9duira\u00a0aussit\u00f4t le seuil franchi par son agencement id\u00e9al, sa luminosit\u00e9, sa vue d\u00e9gag\u00e9e\u00a0ainsi que par ses deux grandes terrasses dont l&#8217;une avec vue inoubliable sur la Tour Eiffel !<br \/>\nLa\u00a0cuisine \u00e9quip\u00e9e\u00a0et\u00a0la pi\u00e8ce principale\u00a0offrent une belle surface de\u00a026.01m\u00b2 avec un acc\u00e8s direct sur une terrasse exceptionnelle de\u00a025\u00a0m\u00b2 environ expos\u00e9e plein sud avec belle une vue d\u00e9gag\u00e9e. Cette terrasse sera le lieu id\u00e9al pour prendre des petits d\u00e9jeuner au soleil, ou pour y organiser des \u00e9v\u00e8nements entre amis !<br \/>\nUne deuxi\u00e8me terrasse, de\u00a025\u00a0m\u00b2 vous attend \u00e9galement ! Vous pourrez y organiser des r\u00e9ceptions inoubliables sous les magnifiques scintillements nocturnes de la Tour Eiffel, ou simplement y poser votre transat l&#8217;\u00e9t\u00e9 pour contempler une des plus belles vues de Paris !<br \/>\nVous trouverez \u00e9galement\u00a0dans cet appartement\u00a0un dressing, et une salle d&#8217;eau\u00a0avec WC.<\/p>\n","protected":false},"excerpt":{"rendered":"<p>Dans le 15\u00e8me arrondissement de Paris, id\u00e9alement situ\u00e9 dans un quartier tr\u00e8s recherch\u00e9, offrant un acc\u00e8s facile aux commerces, aux restaurants et aux transports, Le Quartier Immobilier vous pr\u00e9sente cet appartement nich\u00e9 au dernier \u00e9tage d&#8217;un immeuble s\u00e9curis\u00e9 et bien entretenu avec deux ascenseurs et gardien. Ce beau\u00a0studio\u00a0d&#8217;une superficie de\u00a037\u00a0m\u00b2\u00a0vous s\u00e9duira\u00a0aussit\u00f4t le seuil franchi par [&hellip;]<\/p>\n","protected":false},"author":1,"featured_media":24401,"parent":0,"menu_order":0,"template":"","property_type":[88],"property_status":[144],"property_feature":[179,167,175,114,169,188,189,120],"property_label":[],"property_country":[111,129],"property_state":[],"property_city":[110,131],"property_area":[109],"class_list":{"0":"post-24364","1":"property","2":"type-property","3":"status-publish","4":"has-post-thumbnail","5":"hentry","6":"property_type-apartment","7":"property_status-for-rent","8":"property_feature-double-vitrage","9":"property_feature-elevator","10":"property_feature-entry-code","11":"property_feature-heating","12":"property_feature-intercom","13":"property_feature-porte-blindee","14":"property_feature-teledistribution","15":"property_feature-terrace","16":"property_country-fr","18":"property_city-paris-15eme","20":"property_area-paris"},"property_meta":{"_yoast_indexnow_last_ping":["1777412037"],"_alp_processed":["1777412037"],"copied_media_ids":["a:0:{}"],"referenced_media_ids":["a:0:{}"],"reference":["86693825"],"fave_property_id":["86693825"],"fave_property_price":["1300"],"fave_property_price_postfix":["month"],"fave_property_size":["36.95"],"fave_property_size_prefix":["m\u00b2"],"fave_property_land_postfix":[""],"fave_property_land":[""],"fave_property_rooms":["1"],"fave_property_bedrooms":[""],"fave_property_bathrooms":["1"],"fave_property_garage":[""],"fave_property_year":["1960"],"fave_property_garage_size":[""],"fave_taxe-foncic3a8re":[""],"fave_charges-de-copropric3a9tc3a9":[""],"fave_estimation-coc3bbts-annuels-d-c3a9nergie-min":["590\u20ac"],"fave_estimation-coc3bbts-annuels-d-c3a9nergie-max":["810\u20ac"],"fave_c3a9tage":["10"],"fave_parking":[""],"fave_nombre-d-c3a9tages":["10"],"fave_wc":["1"],"fave_nombre-de-lots-au-sein-de-la-copropric3a9tc3a9":[""],"fave_assainissement":[""],"fave_terrasse":["yes"],"fave_surface-du-sc3a9jour":["26.01m\u00b2"],"fave_honoraires-c3a0-la-charge-du-vendeur":[""],"fave_numc3a9ro-de-mandat":[""],"fave_honoraires-c3a0-la-charge-de-l-acquc3a9reur":[""],"fave_loyer-mensuel-hors-charges":["1265\u20ac"],"fave_charges-locatives-mensuelles":[""],"fave_loyer-mensuel-charges-comprises":[""],"fave_dc3a9pc3b4t-de-garantie":["2230\u20ac"],"fave_honoraires-c3a0-la-charge-du-locataire":["110.85\u20ac"],"fave_honoraires-c3a0-la-charge-du-propric3a9taire":[""],"fave_date-de-disponibilitc3a9":[""],"fave_salles-d-eau":["1"],"fave_property_map_address":["75015, Paris 15\u00e8me, FR"],"fave_property_map":["1"],"fave_property_address":[""],"fave_property_zip":["75015"],"fave_property_country":["FR"],"fave_property_location":["48.84797,2.28943,14"],"houzez_geolocation_lat":["48.84797"],"houzez_geolocation_long":["2.28943"],"fave_energy_class":[""],"fave_energy_global_index":["235"],"fave_ghg_emissions_class":[""],"fave_ghg_emissions_index":["42"],"fave_diagnostic_date":["2023-11-08"],"fave_featured":[""],"houzez_featured_listing_date":[""],"fave_agent_display_option":["agent_info"],"fave_agents":["23093"],"fave_property_agency":["22635"],"_thumbnail_id":["24401"],"images":["14"],"_wpml_word_count":["225"],"houzez_total_property_views":["78"],"houzez_views_by_date":["a:23:{s:10:\"04-02-2026\";i:4;s:10:\"04-03-2026\";i:4;s:10:\"04-04-2026\";i:2;s:10:\"04-05-2026\";i:5;s:10:\"04-06-2026\";i:1;s:10:\"04-07-2026\";i:5;s:10:\"04-08-2026\";i:4;s:10:\"04-09-2026\";i:4;s:10:\"04-10-2026\";i:2;s:10:\"04-11-2026\";i:2;s:10:\"04-12-2026\";i:5;s:10:\"04-13-2026\";i:1;s:10:\"04-14-2026\";i:2;s:10:\"04-15-2026\";i:5;s:10:\"04-18-2026\";i:1;s:10:\"04-19-2026\";i:12;s:10:\"04-20-2026\";i:5;s:10:\"04-21-2026\";i:1;s:10:\"04-22-2026\";i:1;s:10:\"04-23-2026\";i:3;s:10:\"04-24-2026\";i:2;s:10:\"04-26-2026\";i:2;s:10:\"04-28-2026\";i:5;}"],"houzez_recently_viewed":["2026-04-28 20:58:55"],"fave_salle-s-d-eau":["1"],"_wpml_media_has_media":["1"],"fave_nb_salle_totale":["2"],"_elementor_page_assets":["a:0:{}"],"fave_property_images":["24401","24402","24403","24404","24405","24406","24407","24408","24409","24410","24411","24412","24413","24414"]},"yoast_head":"<!-- This site is optimized with the Yoast SEO Premium plugin v27.2 (Yoast SEO v27.2) - https:\/\/yoast.com\/product\/yoast-seo-premium-wordpress\/ -->\n<title>METRO CHARLES MICHELS, QUARTIER BEAUGRENELLE - Le Quartier Immobilier<\/title>\n<meta name=\"description\" content=\"Dans le 15\u00e8me arrondissement de Paris, id\u00e9alement situ\u00e9 dans un quartier tr\u00e8s recherch\u00e9, offrant un acc\u00e8s facile aux commerces, aux restaurants et aux\" \/>\n<meta name=\"robots\" content=\"index, follow, max-snippet:-1, max-image-preview:large, max-video-preview:-1\" \/>\n<link rel=\"canonical\" href=\"https:\/\/lequartierimmobilier.com\/en\/property\/metro-charles-michels-quartier-beaugrenelle\/\" \/>\n<meta property=\"og:locale\" content=\"en_US\" \/>\n<meta property=\"og:type\" content=\"article\" \/>\n<meta property=\"og:title\" content=\"METRO CHARLES MICHELS, QUARTIER BEAUGRENELLE\" \/>\n<meta property=\"og:description\" content=\"Dans le 15\u00e8me arrondissement de Paris, id\u00e9alement situ\u00e9 dans un quartier tr\u00e8s recherch\u00e9, offrant un acc\u00e8s facile aux commerces, aux restaurants et aux\" \/>\n<meta property=\"og:url\" content=\"https:\/\/lequartierimmobilier.com\/en\/property\/metro-charles-michels-quartier-beaugrenelle\/\" \/>\n<meta property=\"og:site_name\" content=\"Le Quartier Immobilier\" \/>\n<meta property=\"article:publisher\" content=\"https:\/\/www.facebook.com\/profile.php?id=100091943688290\" \/>\n<meta property=\"article:modified_time\" content=\"2026-04-28T21:33:56+00:00\" \/>\n<meta property=\"og:image\" content=\"https:\/\/lequartierimmobilier.com\/wp-content\/uploads\/2026\/04\/059e99f3f103f70a85a6ca1d802f0863_ad300072bf_1920-original-24363-0.jpg\" \/>\n\t<meta property=\"og:image:width\" content=\"1920\" \/>\n\t<meta property=\"og:image:height\" content=\"1440\" \/>\n\t<meta property=\"og:image:type\" content=\"image\/jpeg\" \/>\n<meta name=\"twitter:card\" content=\"summary_large_image\" \/>\n<meta name=\"twitter:label1\" content=\"Est. reading time\" \/>\n\t<meta name=\"twitter:data1\" content=\"1 minute\" \/>\n<script type=\"application\/ld+json\" class=\"yoast-schema-graph\">{\"@context\":\"https:\/\/schema.org\",\"@graph\":[{\"@type\":\"WebPage\",\"@id\":\"https:\/\/lequartierimmobilier.com\/en\/property\/metro-charles-michels-quartier-beaugrenelle\/\",\"url\":\"https:\/\/lequartierimmobilier.com\/en\/property\/metro-charles-michels-quartier-beaugrenelle\/\",\"name\":\"METRO CHARLES MICHELS, QUARTIER BEAUGRENELLE - Le Quartier Immobilier\",\"isPartOf\":{\"@id\":\"https:\/\/lequartierimmobilier.com\/en\/#website\"},\"primaryImageOfPage\":{\"@id\":\"https:\/\/lequartierimmobilier.com\/en\/property\/metro-charles-michels-quartier-beaugrenelle\/#primaryimage\"},\"image\":{\"@id\":\"https:\/\/lequartierimmobilier.com\/en\/property\/metro-charles-michels-quartier-beaugrenelle\/#primaryimage\"},\"thumbnailUrl\":\"https:\/\/lequartierimmobilier.com\/wp-content\/uploads\/2026\/04\/059e99f3f103f70a85a6ca1d802f0863_ad300072bf_1920-original-24363-0.jpg\",\"datePublished\":\"2026-04-02T19:33:42+00:00\",\"dateModified\":\"2026-04-28T21:33:56+00:00\",\"description\":\"Dans le 15\u00e8me arrondissement de Paris, id\u00e9alement situ\u00e9 dans un quartier tr\u00e8s recherch\u00e9, offrant un acc\u00e8s facile aux commerces, aux restaurants et aux\",\"breadcrumb\":{\"@id\":\"https:\/\/lequartierimmobilier.com\/en\/property\/metro-charles-michels-quartier-beaugrenelle\/#breadcrumb\"},\"inLanguage\":\"en-US\",\"potentialAction\":[{\"@type\":\"ReadAction\",\"target\":[\"https:\/\/lequartierimmobilier.com\/en\/property\/metro-charles-michels-quartier-beaugrenelle\/\"]}]},{\"@type\":\"ImageObject\",\"inLanguage\":\"en-US\",\"@id\":\"https:\/\/lequartierimmobilier.com\/en\/property\/metro-charles-michels-quartier-beaugrenelle\/#primaryimage\",\"url\":\"https:\/\/lequartierimmobilier.com\/wp-content\/uploads\/2026\/04\/059e99f3f103f70a85a6ca1d802f0863_ad300072bf_1920-original-24363-0.jpg\",\"contentUrl\":\"https:\/\/lequartierimmobilier.com\/wp-content\/uploads\/2026\/04\/059e99f3f103f70a85a6ca1d802f0863_ad300072bf_1920-original-24363-0.jpg\",\"width\":1920,\"height\":1440},{\"@type\":\"BreadcrumbList\",\"@id\":\"https:\/\/lequartierimmobilier.com\/en\/property\/metro-charles-michels-quartier-beaugrenelle\/#breadcrumb\",\"itemListElement\":[{\"@type\":\"ListItem\",\"position\":1,\"name\":\"Accueil\",\"item\":\"https:\/\/lequartierimmobilier.com\/en\/accueil\/\"},{\"@type\":\"ListItem\",\"position\":2,\"name\":\"Properties\",\"item\":\"https:\/\/lequartierimmobilier.com\/en\/property\/\"},{\"@type\":\"ListItem\",\"position\":3,\"name\":\"METRO CHARLES MICHELS, QUARTIER BEAUGRENELLE\"}]},{\"@type\":\"WebSite\",\"@id\":\"https:\/\/lequartierimmobilier.com\/en\/#website\",\"url\":\"https:\/\/lequartierimmobilier.com\/en\/\",\"name\":\"Le Quartier Immobilier\",\"description\":\"Agence immobili\u00e8re Paris 15e\",\"publisher\":{\"@id\":\"https:\/\/lequartierimmobilier.com\/en\/#organization\"},\"alternateName\":\"LQI\",\"potentialAction\":[{\"@type\":\"SearchAction\",\"target\":{\"@type\":\"EntryPoint\",\"urlTemplate\":\"https:\/\/lequartierimmobilier.com\/en\/?s={search_term_string}\"},\"query-input\":{\"@type\":\"PropertyValueSpecification\",\"valueRequired\":true,\"valueName\":\"search_term_string\"}}],\"inLanguage\":\"en-US\"},{\"@type\":[\"Organization\",\"Place\"],\"@id\":\"https:\/\/lequartierimmobilier.com\/en\/#organization\",\"name\":\"Le Quartier Immobilier\",\"url\":\"https:\/\/lequartierimmobilier.com\/en\/\",\"logo\":{\"@id\":\"https:\/\/lequartierimmobilier.com\/en\/property\/metro-charles-michels-quartier-beaugrenelle\/#local-main-organization-logo\"},\"image\":{\"@id\":\"https:\/\/lequartierimmobilier.com\/en\/property\/metro-charles-michels-quartier-beaugrenelle\/#local-main-organization-logo\"},\"sameAs\":[\"https:\/\/www.facebook.com\/profile.php?id=100091943688290\",\"https:\/\/www.instagram.com\/le_quartier_immobilier\/\"],\"description\":\"Agence immobili\u00e8re bas\u00e9e dans le 15\u00e8me arrondissement, \u00e0 Paris.\",\"legalName\":\"AVENIR IMMOBILIER\",\"foundingDate\":\"2015-07-08\",\"numberOfEmployees\":{\"@type\":\"QuantitativeValue\",\"minValue\":\"1\",\"maxValue\":\"10\"},\"address\":{\"@id\":\"https:\/\/lequartierimmobilier.com\/en\/property\/metro-charles-michels-quartier-beaugrenelle\/#local-main-place-address\"},\"geo\":{\"@type\":\"GeoCoordinates\",\"latitude\":\"48.845620802643225\",\"longitude\":\"2.2844735210014395\"},\"telephone\":[\"01 87 75 50 00\"],\"contactPoint\":{\"@type\":\"ContactPoint\",\"telephone\":\"01 87 75 50 00\",\"email\":\"contact@lequartierimmobilier.com\"},\"openingHoursSpecification\":[{\"@type\":\"OpeningHoursSpecification\",\"dayOfWeek\":[\"Monday\",\"Tuesday\",\"Wednesday\",\"Thursday\",\"Friday\"],\"opens\":\"10:00\",\"closes\":\"19:00\"},{\"@type\":\"OpeningHoursSpecification\",\"dayOfWeek\":[\"Saturday\"],\"opens\":\"10:00\",\"closes\":\"18:00\"},{\"@type\":\"OpeningHoursSpecification\",\"dayOfWeek\":[\"Sunday\"],\"opens\":\"00:00\",\"closes\":\"00:00\"}],\"email\":\"contact@lequartierimmobilier.com\",\"vatID\":\"FR67812477321\",\"taxID\":\"81247732100028\"},{\"@type\":\"PostalAddress\",\"@id\":\"https:\/\/lequartierimmobilier.com\/en\/property\/metro-charles-michels-quartier-beaugrenelle\/#local-main-place-address\",\"streetAddress\":\"98 RUE SAINT-CHARLES\",\"addressLocality\":\"PARIS\",\"postalCode\":\"75015\",\"addressCountry\":\"FR\"},{\"@type\":\"ImageObject\",\"inLanguage\":\"en-US\",\"@id\":\"https:\/\/lequartierimmobilier.com\/en\/property\/metro-charles-michels-quartier-beaugrenelle\/#local-main-organization-logo\",\"url\":\"https:\/\/lequartierimmobilier.com\/wp-content\/uploads\/2025\/11\/logo-dore-Virginie-1-e1763134176550.png\",\"contentUrl\":\"https:\/\/lequartierimmobilier.com\/wp-content\/uploads\/2025\/11\/logo-dore-Virginie-1-e1763134176550.png\",\"width\":1024,\"height\":280,\"caption\":\"Le Quartier Immobilier\"}]}<\/script>\n<meta name=\"geo.placename\" content=\"PARIS\" \/>\n<meta name=\"geo.position\" content=\"48.845620802643225;2.2844735210014395\" \/>\n<meta name=\"geo.region\" content=\"France\" \/>\n<!-- \/ Yoast SEO Premium plugin. -->","yoast_head_json":{"title":"METRO CHARLES MICHELS, QUARTIER BEAUGRENELLE - Le Quartier Immobilier","description":"Dans le 15\u00e8me arrondissement de Paris, id\u00e9alement situ\u00e9 dans un quartier tr\u00e8s recherch\u00e9, offrant un acc\u00e8s facile aux commerces, aux restaurants et aux","robots":{"index":"index","follow":"follow","max-snippet":"max-snippet:-1","max-image-preview":"max-image-preview:large","max-video-preview":"max-video-preview:-1"},"canonical":"https:\/\/lequartierimmobilier.com\/en\/property\/metro-charles-michels-quartier-beaugrenelle\/","og_locale":"en_US","og_type":"article","og_title":"METRO CHARLES MICHELS, QUARTIER BEAUGRENELLE","og_description":"Dans le 15\u00e8me arrondissement de Paris, id\u00e9alement situ\u00e9 dans un quartier tr\u00e8s recherch\u00e9, offrant un acc\u00e8s facile aux commerces, aux restaurants et aux","og_url":"https:\/\/lequartierimmobilier.com\/en\/property\/metro-charles-michels-quartier-beaugrenelle\/","og_site_name":"Le Quartier Immobilier","article_publisher":"https:\/\/www.facebook.com\/profile.php?id=100091943688290","article_modified_time":"2026-04-28T21:33:56+00:00","og_image":[{"width":1920,"height":1440,"url":"https:\/\/lequartierimmobilier.com\/wp-content\/uploads\/2026\/04\/059e99f3f103f70a85a6ca1d802f0863_ad300072bf_1920-original-24363-0.jpg","type":"image\/jpeg"}],"twitter_card":"summary_large_image","twitter_misc":{"Est. reading time":"1 minute"},"schema":{"@context":"https:\/\/schema.org","@graph":[{"@type":"WebPage","@id":"https:\/\/lequartierimmobilier.com\/en\/property\/metro-charles-michels-quartier-beaugrenelle\/","url":"https:\/\/lequartierimmobilier.com\/en\/property\/metro-charles-michels-quartier-beaugrenelle\/","name":"METRO CHARLES MICHELS, QUARTIER BEAUGRENELLE - Le Quartier Immobilier","isPartOf":{"@id":"https:\/\/lequartierimmobilier.com\/en\/#website"},"primaryImageOfPage":{"@id":"https:\/\/lequartierimmobilier.com\/en\/property\/metro-charles-michels-quartier-beaugrenelle\/#primaryimage"},"image":{"@id":"https:\/\/lequartierimmobilier.com\/en\/property\/metro-charles-michels-quartier-beaugrenelle\/#primaryimage"},"thumbnailUrl":"https:\/\/lequartierimmobilier.com\/wp-content\/uploads\/2026\/04\/059e99f3f103f70a85a6ca1d802f0863_ad300072bf_1920-original-24363-0.jpg","datePublished":"2026-04-02T19:33:42+00:00","dateModified":"2026-04-28T21:33:56+00:00","description":"Dans le 15\u00e8me arrondissement de Paris, id\u00e9alement situ\u00e9 dans un quartier tr\u00e8s recherch\u00e9, offrant un acc\u00e8s facile aux commerces, aux restaurants et aux","breadcrumb":{"@id":"https:\/\/lequartierimmobilier.com\/en\/property\/metro-charles-michels-quartier-beaugrenelle\/#breadcrumb"},"inLanguage":"en-US","potentialAction":[{"@type":"ReadAction","target":["https:\/\/lequartierimmobilier.com\/en\/property\/metro-charles-michels-quartier-beaugrenelle\/"]}]},{"@type":"ImageObject","inLanguage":"en-US","@id":"https:\/\/lequartierimmobilier.com\/en\/property\/metro-charles-michels-quartier-beaugrenelle\/#primaryimage","url":"https:\/\/lequartierimmobilier.com\/wp-content\/uploads\/2026\/04\/059e99f3f103f70a85a6ca1d802f0863_ad300072bf_1920-original-24363-0.jpg","contentUrl":"https:\/\/lequartierimmobilier.com\/wp-content\/uploads\/2026\/04\/059e99f3f103f70a85a6ca1d802f0863_ad300072bf_1920-original-24363-0.jpg","width":1920,"height":1440},{"@type":"BreadcrumbList","@id":"https:\/\/lequartierimmobilier.com\/en\/property\/metro-charles-michels-quartier-beaugrenelle\/#breadcrumb","itemListElement":[{"@type":"ListItem","position":1,"name":"Accueil","item":"https:\/\/lequartierimmobilier.com\/en\/accueil\/"},{"@type":"ListItem","position":2,"name":"Properties","item":"https:\/\/lequartierimmobilier.com\/en\/property\/"},{"@type":"ListItem","position":3,"name":"METRO CHARLES MICHELS, QUARTIER BEAUGRENELLE"}]},{"@type":"WebSite","@id":"https:\/\/lequartierimmobilier.com\/en\/#website","url":"https:\/\/lequartierimmobilier.com\/en\/","name":"Le Quartier Immobilier","description":"Agence immobili\u00e8re Paris 15e","publisher":{"@id":"https:\/\/lequartierimmobilier.com\/en\/#organization"},"alternateName":"LQI","potentialAction":[{"@type":"SearchAction","target":{"@type":"EntryPoint","urlTemplate":"https:\/\/lequartierimmobilier.com\/en\/?s={search_term_string}"},"query-input":{"@type":"PropertyValueSpecification","valueRequired":true,"valueName":"search_term_string"}}],"inLanguage":"en-US"},{"@type":["Organization","Place"],"@id":"https:\/\/lequartierimmobilier.com\/en\/#organization","name":"Le Quartier Immobilier","url":"https:\/\/lequartierimmobilier.com\/en\/","logo":{"@id":"https:\/\/lequartierimmobilier.com\/en\/property\/metro-charles-michels-quartier-beaugrenelle\/#local-main-organization-logo"},"image":{"@id":"https:\/\/lequartierimmobilier.com\/en\/property\/metro-charles-michels-quartier-beaugrenelle\/#local-main-organization-logo"},"sameAs":["https:\/\/www.facebook.com\/profile.php?id=100091943688290","https:\/\/www.instagram.com\/le_quartier_immobilier\/"],"description":"Agence immobili\u00e8re bas\u00e9e dans le 15\u00e8me arrondissement, \u00e0 Paris.","legalName":"AVENIR IMMOBILIER","foundingDate":"2015-07-08","numberOfEmployees":{"@type":"QuantitativeValue","minValue":"1","maxValue":"10"},"address":{"@id":"https:\/\/lequartierimmobilier.com\/en\/property\/metro-charles-michels-quartier-beaugrenelle\/#local-main-place-address"},"geo":{"@type":"GeoCoordinates","latitude":"48.845620802643225","longitude":"2.2844735210014395"},"telephone":["01 87 75 50 00"],"contactPoint":{"@type":"ContactPoint","telephone":"01 87 75 50 00","email":"contact@lequartierimmobilier.com"},"openingHoursSpecification":[{"@type":"OpeningHoursSpecification","dayOfWeek":["Monday","Tuesday","Wednesday","Thursday","Friday"],"opens":"10:00","closes":"19:00"},{"@type":"OpeningHoursSpecification","dayOfWeek":["Saturday"],"opens":"10:00","closes":"18:00"},{"@type":"OpeningHoursSpecification","dayOfWeek":["Sunday"],"opens":"00:00","closes":"00:00"}],"email":"contact@lequartierimmobilier.com","vatID":"FR67812477321","taxID":"81247732100028"},{"@type":"PostalAddress","@id":"https:\/\/lequartierimmobilier.com\/en\/property\/metro-charles-michels-quartier-beaugrenelle\/#local-main-place-address","streetAddress":"98 RUE SAINT-CHARLES","addressLocality":"PARIS","postalCode":"75015","addressCountry":"FR"},{"@type":"ImageObject","inLanguage":"en-US","@id":"https:\/\/lequartierimmobilier.com\/en\/property\/metro-charles-michels-quartier-beaugrenelle\/#local-main-organization-logo","url":"https:\/\/lequartierimmobilier.com\/wp-content\/uploads\/2025\/11\/logo-dore-Virginie-1-e1763134176550.png","contentUrl":"https:\/\/lequartierimmobilier.com\/wp-content\/uploads\/2025\/11\/logo-dore-Virginie-1-e1763134176550.png","width":1024,"height":280,"caption":"Le Quartier Immobilier"}]},"geo.placename":"PARIS","geo.position":{"lat":"48.845620802643225","long":"2.2844735210014395"},"geo.region":"France"},"_links":{"self":[{"href":"https:\/\/lequartierimmobilier.com\/en\/wp-json\/wp\/v2\/properties\/24364","targetHints":{"allow":["GET"]}}],"collection":[{"href":"https:\/\/lequartierimmobilier.com\/en\/wp-json\/wp\/v2\/properties"}],"about":[{"href":"https:\/\/lequartierimmobilier.com\/en\/wp-json\/wp\/v2\/types\/property"}],"author":[{"embeddable":true,"href":"https:\/\/lequartierimmobilier.com\/en\/wp-json\/wp\/v2\/users\/1"}],"version-history":[{"count":1,"href":"https:\/\/lequartierimmobilier.com\/en\/wp-json\/wp\/v2\/properties\/24364\/revisions"}],"predecessor-version":[{"id":24415,"href":"https:\/\/lequartierimmobilier.com\/en\/wp-json\/wp\/v2\/properties\/24364\/revisions\/24415"}],"wp:featuredmedia":[{"embeddable":true,"href":"https:\/\/lequartierimmobilier.com\/en\/wp-json\/wp\/v2\/media\/24401"}],"wp:attachment":[{"href":"https:\/\/lequartierimmobilier.com\/en\/wp-json\/wp\/v2\/media?parent=24364"}],"wp:term":[{"taxonomy":"property_type","embeddable":true,"href":"https:\/\/lequartierimmobilier.com\/en\/wp-json\/wp\/v2\/property_type?post=24364"},{"taxonomy":"property_status","embeddable":true,"href":"https:\/\/lequartierimmobilier.com\/en\/wp-json\/wp\/v2\/property_status?post=24364"},{"taxonomy":"property_feature","embeddable":true,"href":"https:\/\/lequartierimmobilier.com\/en\/wp-json\/wp\/v2\/property_feature?post=24364"},{"taxonomy":"property_label","embeddable":true,"href":"https:\/\/lequartierimmobilier.com\/en\/wp-json\/wp\/v2\/property_label?post=24364"},{"taxonomy":"property_country","embeddable":true,"href":"https:\/\/lequartierimmobilier.com\/en\/wp-json\/wp\/v2\/property_country?post=24364"},{"taxonomy":"property_state","embeddable":true,"href":"https:\/\/lequartierimmobilier.com\/en\/wp-json\/wp\/v2\/property_state?post=24364"},{"taxonomy":"property_city","embeddable":true,"href":"https:\/\/lequartierimmobilier.com\/en\/wp-json\/wp\/v2\/property_city?post=24364"},{"taxonomy":"property_area","embeddable":true,"href":"https:\/\/lequartierimmobilier.com\/en\/wp-json\/wp\/v2\/property_area?post=24364"}],"curies":[{"name":"wp","href":"https:\/\/api.w.org\/{rel}","templated":true}]}}