{"id":23147,"date":"2026-03-03T12:43:57","date_gmt":"2026-03-03T12:43:57","guid":{"rendered":"https:\/\/lequartierimmobilier.fr\/property\/appartement-5136-m2-2-pieces-la-muette\/"},"modified":"2026-04-28T21:33:34","modified_gmt":"2026-04-28T21:33:34","slug":"la-muette-large-2-rooms-bright","status":"publish","type":"property","link":"https:\/\/lequartierimmobilier.com\/en\/property\/la-muette-large-2-rooms-bright\/","title":{"rendered":"LA MUETTE &#8211; LARGE 2 rooms &#8211; BRIGHT"},"content":{"rendered":"<p>The Quartier Immobilier offers you this bright 2-room apartment of 51 m\u00b2, located on the 3rd floor of a high-end building with a caretaker and elevator.<\/p>\n<p>The apartment is in good general condition and modern.<\/p>\n<p>An optimized and warm interior<br \/>\nFrom the entrance, the apartment is attractive with its functional layout and welcoming atmosphere. The living room offers a bright and comfortable living space, ideal for setting up a living and dining area. The semi-open equipped kitchen opens directly onto the main room, promoting conviviality and fluidity of spaces.<\/p>\n<p>A well-thought-out bedroom<br \/>\nThe bedroom, arranged as an 8 m\u00b2 alcove, is perfectly integrated into the apartment, offering an intimate sleeping area while maintaining good circulation throughout the property.<\/p>\n<p>Desirable location<br \/>\nLocated in a lively and sought-after neighborhood in the 16th arrondissement, the apartment is just a short walk from RER Boulainvilliers and La Muette metro stations, with shops, schools, and green spaces nearby.<\/p>\n<p>A rare property in a highly sought-after sector, perfect for first-time buyers, couples, or Parisian pied-\u00e0-terre.<\/p>\n<p>Contact Le Quartier Immobilier to arrange a visit!<\/p>\n","protected":false},"excerpt":{"rendered":"<p>The Quartier Immobilier offers you this bright 2-room apartment of 51 m\u00b2, located on the 3rd floor of a high-end building with a caretaker and elevator. The apartment is in good general condition and modern. An optimized and warm interior From the entrance, the apartment is attractive with its functional layout and welcoming atmosphere. The [&hellip;]<\/p>\n","protected":false},"author":1,"featured_media":24027,"parent":0,"menu_order":0,"template":"","property_type":[88],"property_status":[60],"property_feature":[176,179,167,161,114,180],"property_label":[],"property_country":[129,111],"property_state":[],"property_city":[147],"property_area":[146],"class_list":{"0":"post-23147","1":"property","2":"type-property","3":"status-publish","4":"has-post-thumbnail","5":"hentry","6":"property_type-apartment","7":"property_status-for-sale","8":"property_feature-caretaker","9":"property_feature-double-vitrage","10":"property_feature-elevator","11":"property_feature-fenetres-coulissantes","12":"property_feature-heating","13":"property_feature-video-surveillance","14":"property_country-fr","16":"property_city-paris-16eme","17":"property_area-muette"},"property_meta":{"_alp_processed":["1777412014"],"copied_media_ids":["a:0:{}"],"referenced_media_ids":["a:0:{}"],"reference":["86755023"],"fave_property_id":["86755023"],"fave_property_price":["455000"],"fave_property_price_postfix":[""],"fave_property_size":["51.36"],"fave_property_size_prefix":["m\u00b2"],"fave_property_land_postfix":[""],"fave_property_land":[""],"fave_property_rooms":["2"],"fave_property_bedrooms":["1"],"fave_property_bathrooms":[""],"fave_property_garage":[""],"fave_property_year":[""],"fave_property_garage_size":[""],"fave_taxe-foncic3a8re":[""],"fave_charges-de-copropric3a9tc3a9":[""],"fave_estimation-coc3bbts-annuels-d-c3a9nergie-min":[""],"fave_estimation-coc3bbts-annuels-d-c3a9nergie-max":[""],"fave_c3a9tage":["3"],"fave_parking":[""],"fave_nombre-d-c3a9tages":["7"],"fave_wc":[""],"fave_nombre-de-lots-au-sein-de-la-copropric3a9tc3a9":["508"],"fave_assainissement":[""],"fave_surface-du-sc3a9jour":[""],"fave_honoraires-c3a0-la-charge-du-vendeur":[""],"fave_numc3a9ro-de-mandat":["4147"],"fave_honoraires-c3a0-la-charge-de-l-acquc3a9reur":[""],"fave_loyer-mensuel-hors-charges":[""],"fave_charges-locatives-mensuelles":[""],"fave_loyer-mensuel-charges-comprises":[""],"fave_dc3a9pc3b4t-de-garantie":[""],"fave_honoraires-c3a0-la-charge-du-locataire":[""],"fave_honoraires-c3a0-la-charge-du-propric3a9taire":[""],"fave_date-de-disponibilitc3a9":[""],"fave_salles-d-eau":[""],"fave_property_map_address":["75016, Paris 16\u00e8me, FR"],"fave_property_map":["1"],"fave_property_address":[""],"fave_property_zip":["75016"],"fave_property_country":["FR"],"fave_property_location":["48.85816,2.27405,14"],"houzez_geolocation_lat":["48.85816"],"houzez_geolocation_long":["2.27405"],"fave_energy_class":[""],"fave_energy_global_index":["236"],"fave_ghg_emissions_class":[""],"fave_ghg_emissions_index":["51"],"fave_diagnostic_date":["2026-02-26"],"fave_featured":[""],"houzez_featured_listing_date":[""],"fave_agent_display_option":["agent_info"],"fave_agents":["23149"],"fave_property_agency":["22635"],"_thumbnail_id":["24027"],"images":["4"],"_wpml_word_count":["202"],"houzez_total_property_views":["150"],"houzez_views_by_date":["a:49:{s:10:\"03-04-2026\";i:2;s:10:\"03-05-2026\";i:2;s:10:\"03-12-2026\";i:1;s:10:\"03-13-2026\";i:5;s:10:\"03-14-2026\";i:5;s:10:\"03-15-2026\";i:3;s:10:\"03-16-2026\";i:20;s:10:\"03-17-2026\";i:11;s:10:\"03-18-2026\";i:8;s:10:\"03-19-2026\";i:3;s:10:\"03-20-2026\";i:5;s:10:\"03-21-2026\";i:2;s:10:\"03-22-2026\";i:2;s:10:\"03-23-2026\";i:5;s:10:\"03-24-2026\";i:4;s:10:\"03-25-2026\";i:3;s:10:\"03-26-2026\";i:3;s:10:\"03-27-2026\";i:2;s:10:\"03-28-2026\";i:1;s:10:\"03-29-2026\";i:3;s:10:\"03-30-2026\";i:2;s:10:\"03-31-2026\";i:2;s:10:\"04-01-2026\";i:1;s:10:\"04-02-2026\";i:1;s:10:\"04-03-2026\";i:2;s:10:\"04-04-2026\";i:2;s:10:\"04-05-2026\";i:2;s:10:\"04-06-2026\";i:3;s:10:\"04-07-2026\";i:1;s:10:\"04-08-2026\";i:4;s:10:\"04-09-2026\";i:4;s:10:\"04-10-2026\";i:1;s:10:\"04-11-2026\";i:1;s:10:\"04-12-2026\";i:6;s:10:\"04-13-2026\";i:3;s:10:\"04-14-2026\";i:1;s:10:\"04-15-2026\";i:3;s:10:\"04-16-2026\";i:1;s:10:\"04-17-2026\";i:2;s:10:\"04-19-2026\";i:4;s:10:\"04-20-2026\";i:4;s:10:\"04-21-2026\";i:1;s:10:\"04-22-2026\";i:2;s:10:\"04-23-2026\";i:1;s:10:\"04-24-2026\";i:1;s:10:\"04-25-2026\";i:2;s:10:\"04-26-2026\";i:1;s:10:\"04-27-2026\";i:1;s:10:\"04-28-2026\";i:1;}"],"houzez_recently_viewed":["2026-04-28 20:58:55"],"_yoast_indexnow_last_ping":["1777412014"],"_wpml_media_has_media":["1"],"fave_salle-s-d-eau":[""],"fave_nb_salle_totale":["0"],"_elementor_page_assets":["a:0:{}"],"fave_property_images":["24027","24028","23261","23262"]},"yoast_head":"<!-- This site is optimized with the Yoast SEO Premium plugin v27.2 (Yoast SEO v27.2) - https:\/\/yoast.com\/product\/yoast-seo-premium-wordpress\/ -->\n<title>LA MUETTE - LARGE 2 rooms - BRIGHT - Le Quartier Immobilier<\/title>\n<meta name=\"description\" content=\"The Quartier Immobilier offers you this bright 2-room apartment of 51 m\u00b2, located on the 3rd floor of a high-end building with a caretaker and elevator.\" \/>\n<meta name=\"robots\" content=\"index, follow, max-snippet:-1, max-image-preview:large, max-video-preview:-1\" \/>\n<link rel=\"canonical\" href=\"https:\/\/lequartierimmobilier.com\/en\/property\/la-muette-large-2-rooms-bright\/\" \/>\n<meta property=\"og:locale\" content=\"en_US\" \/>\n<meta property=\"og:type\" content=\"article\" \/>\n<meta property=\"og:title\" content=\"LA MUETTE - LARGE 2 rooms - BRIGHT\" \/>\n<meta property=\"og:description\" content=\"The Quartier Immobilier offers you this bright 2-room apartment of 51 m\u00b2, located on the 3rd floor of a high-end building with a caretaker and elevator.\" \/>\n<meta property=\"og:url\" content=\"https:\/\/lequartierimmobilier.com\/en\/property\/la-muette-large-2-rooms-bright\/\" \/>\n<meta property=\"og:site_name\" content=\"Le Quartier Immobilier\" \/>\n<meta property=\"article:publisher\" content=\"https:\/\/www.facebook.com\/profile.php?id=100091943688290\" \/>\n<meta property=\"article:modified_time\" content=\"2026-04-28T21:33:34+00:00\" \/>\n<meta property=\"og:image\" content=\"https:\/\/lequartierimmobilier.com\/wp-content\/uploads\/2026\/03\/ff1c86e97d9404d1f3185c0a37c7f667_124bc26934_1264-original-23146-0.jpg\" \/>\n\t<meta property=\"og:image:width\" content=\"1264\" \/>\n\t<meta property=\"og:image:height\" content=\"816\" \/>\n\t<meta property=\"og:image:type\" content=\"image\/jpeg\" \/>\n<meta name=\"twitter:card\" content=\"summary_large_image\" \/>\n<meta name=\"twitter:label1\" content=\"Est. reading time\" \/>\n\t<meta name=\"twitter:data1\" content=\"1 minute\" \/>\n<script type=\"application\/ld+json\" class=\"yoast-schema-graph\">{\"@context\":\"https:\/\/schema.org\",\"@graph\":[{\"@type\":\"WebPage\",\"@id\":\"https:\/\/lequartierimmobilier.com\/en\/property\/la-muette-large-2-rooms-bright\/\",\"url\":\"https:\/\/lequartierimmobilier.com\/en\/property\/la-muette-large-2-rooms-bright\/\",\"name\":\"LA MUETTE - LARGE 2 rooms - BRIGHT - Le Quartier Immobilier\",\"isPartOf\":{\"@id\":\"https:\/\/lequartierimmobilier.com\/en\/#website\"},\"primaryImageOfPage\":{\"@id\":\"https:\/\/lequartierimmobilier.com\/en\/property\/la-muette-large-2-rooms-bright\/#primaryimage\"},\"image\":{\"@id\":\"https:\/\/lequartierimmobilier.com\/en\/property\/la-muette-large-2-rooms-bright\/#primaryimage\"},\"thumbnailUrl\":\"https:\/\/lequartierimmobilier.com\/wp-content\/uploads\/2026\/03\/ff1c86e97d9404d1f3185c0a37c7f667_124bc26934_1264-original-23146-0.jpg\",\"datePublished\":\"2026-03-03T12:43:57+00:00\",\"dateModified\":\"2026-04-28T21:33:34+00:00\",\"description\":\"The Quartier Immobilier offers you this bright 2-room apartment of 51 m\u00b2, located on the 3rd floor of a high-end building with a caretaker and elevator.\",\"breadcrumb\":{\"@id\":\"https:\/\/lequartierimmobilier.com\/en\/property\/la-muette-large-2-rooms-bright\/#breadcrumb\"},\"inLanguage\":\"en-US\",\"potentialAction\":[{\"@type\":\"ReadAction\",\"target\":[\"https:\/\/lequartierimmobilier.com\/en\/property\/la-muette-large-2-rooms-bright\/\"]}]},{\"@type\":\"ImageObject\",\"inLanguage\":\"en-US\",\"@id\":\"https:\/\/lequartierimmobilier.com\/en\/property\/la-muette-large-2-rooms-bright\/#primaryimage\",\"url\":\"https:\/\/lequartierimmobilier.com\/wp-content\/uploads\/2026\/03\/ff1c86e97d9404d1f3185c0a37c7f667_124bc26934_1264-original-23146-0.jpg\",\"contentUrl\":\"https:\/\/lequartierimmobilier.com\/wp-content\/uploads\/2026\/03\/ff1c86e97d9404d1f3185c0a37c7f667_124bc26934_1264-original-23146-0.jpg\",\"width\":1264,\"height\":816},{\"@type\":\"BreadcrumbList\",\"@id\":\"https:\/\/lequartierimmobilier.com\/en\/property\/la-muette-large-2-rooms-bright\/#breadcrumb\",\"itemListElement\":[{\"@type\":\"ListItem\",\"position\":1,\"name\":\"Accueil\",\"item\":\"https:\/\/lequartierimmobilier.com\/en\/accueil\/\"},{\"@type\":\"ListItem\",\"position\":2,\"name\":\"Properties\",\"item\":\"https:\/\/lequartierimmobilier.com\/en\/property\/\"},{\"@type\":\"ListItem\",\"position\":3,\"name\":\"LA MUETTE &#8211; LARGE 2 rooms &#8211; BRIGHT\"}]},{\"@type\":\"WebSite\",\"@id\":\"https:\/\/lequartierimmobilier.com\/en\/#website\",\"url\":\"https:\/\/lequartierimmobilier.com\/en\/\",\"name\":\"Le Quartier Immobilier\",\"description\":\"Agence immobili\u00e8re Paris 15e\",\"publisher\":{\"@id\":\"https:\/\/lequartierimmobilier.com\/en\/#organization\"},\"alternateName\":\"LQI\",\"potentialAction\":[{\"@type\":\"SearchAction\",\"target\":{\"@type\":\"EntryPoint\",\"urlTemplate\":\"https:\/\/lequartierimmobilier.com\/en\/?s={search_term_string}\"},\"query-input\":{\"@type\":\"PropertyValueSpecification\",\"valueRequired\":true,\"valueName\":\"search_term_string\"}}],\"inLanguage\":\"en-US\"},{\"@type\":[\"Organization\",\"Place\"],\"@id\":\"https:\/\/lequartierimmobilier.com\/en\/#organization\",\"name\":\"Le Quartier Immobilier\",\"url\":\"https:\/\/lequartierimmobilier.com\/en\/\",\"logo\":{\"@id\":\"https:\/\/lequartierimmobilier.com\/en\/property\/la-muette-large-2-rooms-bright\/#local-main-organization-logo\"},\"image\":{\"@id\":\"https:\/\/lequartierimmobilier.com\/en\/property\/la-muette-large-2-rooms-bright\/#local-main-organization-logo\"},\"sameAs\":[\"https:\/\/www.facebook.com\/profile.php?id=100091943688290\",\"https:\/\/www.instagram.com\/le_quartier_immobilier\/\"],\"description\":\"Agence immobili\u00e8re bas\u00e9e dans le 15\u00e8me arrondissement, \u00e0 Paris.\",\"legalName\":\"AVENIR IMMOBILIER\",\"foundingDate\":\"2015-07-08\",\"numberOfEmployees\":{\"@type\":\"QuantitativeValue\",\"minValue\":\"1\",\"maxValue\":\"10\"},\"address\":{\"@id\":\"https:\/\/lequartierimmobilier.com\/en\/property\/la-muette-large-2-rooms-bright\/#local-main-place-address\"},\"geo\":{\"@type\":\"GeoCoordinates\",\"latitude\":\"48.845620802643225\",\"longitude\":\"2.2844735210014395\"},\"telephone\":[\"01 87 75 50 00\"],\"contactPoint\":{\"@type\":\"ContactPoint\",\"telephone\":\"01 87 75 50 00\",\"email\":\"contact@lequartierimmobilier.com\"},\"openingHoursSpecification\":[{\"@type\":\"OpeningHoursSpecification\",\"dayOfWeek\":[\"Monday\",\"Tuesday\",\"Wednesday\",\"Thursday\",\"Friday\"],\"opens\":\"10:00\",\"closes\":\"19:00\"},{\"@type\":\"OpeningHoursSpecification\",\"dayOfWeek\":[\"Saturday\"],\"opens\":\"10:00\",\"closes\":\"18:00\"},{\"@type\":\"OpeningHoursSpecification\",\"dayOfWeek\":[\"Sunday\"],\"opens\":\"00:00\",\"closes\":\"00:00\"}],\"email\":\"contact@lequartierimmobilier.com\",\"vatID\":\"FR67812477321\",\"taxID\":\"81247732100028\"},{\"@type\":\"PostalAddress\",\"@id\":\"https:\/\/lequartierimmobilier.com\/en\/property\/la-muette-large-2-rooms-bright\/#local-main-place-address\",\"streetAddress\":\"98 RUE SAINT-CHARLES\",\"addressLocality\":\"PARIS\",\"postalCode\":\"75015\",\"addressCountry\":\"FR\"},{\"@type\":\"ImageObject\",\"inLanguage\":\"en-US\",\"@id\":\"https:\/\/lequartierimmobilier.com\/en\/property\/la-muette-large-2-rooms-bright\/#local-main-organization-logo\",\"url\":\"https:\/\/lequartierimmobilier.com\/wp-content\/uploads\/2025\/11\/logo-dore-Virginie-1-e1763134176550.png\",\"contentUrl\":\"https:\/\/lequartierimmobilier.com\/wp-content\/uploads\/2025\/11\/logo-dore-Virginie-1-e1763134176550.png\",\"width\":1024,\"height\":280,\"caption\":\"Le Quartier Immobilier\"}]}<\/script>\n<meta name=\"geo.placename\" content=\"PARIS\" \/>\n<meta name=\"geo.position\" content=\"48.845620802643225;2.2844735210014395\" \/>\n<meta name=\"geo.region\" content=\"France\" \/>\n<!-- \/ Yoast SEO Premium plugin. -->","yoast_head_json":{"title":"LA MUETTE - LARGE 2 rooms - BRIGHT - Le Quartier Immobilier","description":"The Quartier Immobilier offers you this bright 2-room apartment of 51 m\u00b2, located on the 3rd floor of a high-end building with a caretaker and elevator.","robots":{"index":"index","follow":"follow","max-snippet":"max-snippet:-1","max-image-preview":"max-image-preview:large","max-video-preview":"max-video-preview:-1"},"canonical":"https:\/\/lequartierimmobilier.com\/en\/property\/la-muette-large-2-rooms-bright\/","og_locale":"en_US","og_type":"article","og_title":"LA MUETTE - LARGE 2 rooms - BRIGHT","og_description":"The Quartier Immobilier offers you this bright 2-room apartment of 51 m\u00b2, located on the 3rd floor of a high-end building with a caretaker and elevator.","og_url":"https:\/\/lequartierimmobilier.com\/en\/property\/la-muette-large-2-rooms-bright\/","og_site_name":"Le Quartier Immobilier","article_publisher":"https:\/\/www.facebook.com\/profile.php?id=100091943688290","article_modified_time":"2026-04-28T21:33:34+00:00","og_image":[{"width":1264,"height":816,"url":"https:\/\/lequartierimmobilier.com\/wp-content\/uploads\/2026\/03\/ff1c86e97d9404d1f3185c0a37c7f667_124bc26934_1264-original-23146-0.jpg","type":"image\/jpeg"}],"twitter_card":"summary_large_image","twitter_misc":{"Est. reading time":"1 minute"},"schema":{"@context":"https:\/\/schema.org","@graph":[{"@type":"WebPage","@id":"https:\/\/lequartierimmobilier.com\/en\/property\/la-muette-large-2-rooms-bright\/","url":"https:\/\/lequartierimmobilier.com\/en\/property\/la-muette-large-2-rooms-bright\/","name":"LA MUETTE - LARGE 2 rooms - BRIGHT - Le Quartier Immobilier","isPartOf":{"@id":"https:\/\/lequartierimmobilier.com\/en\/#website"},"primaryImageOfPage":{"@id":"https:\/\/lequartierimmobilier.com\/en\/property\/la-muette-large-2-rooms-bright\/#primaryimage"},"image":{"@id":"https:\/\/lequartierimmobilier.com\/en\/property\/la-muette-large-2-rooms-bright\/#primaryimage"},"thumbnailUrl":"https:\/\/lequartierimmobilier.com\/wp-content\/uploads\/2026\/03\/ff1c86e97d9404d1f3185c0a37c7f667_124bc26934_1264-original-23146-0.jpg","datePublished":"2026-03-03T12:43:57+00:00","dateModified":"2026-04-28T21:33:34+00:00","description":"The Quartier Immobilier offers you this bright 2-room apartment of 51 m\u00b2, located on the 3rd floor of a high-end building with a caretaker and elevator.","breadcrumb":{"@id":"https:\/\/lequartierimmobilier.com\/en\/property\/la-muette-large-2-rooms-bright\/#breadcrumb"},"inLanguage":"en-US","potentialAction":[{"@type":"ReadAction","target":["https:\/\/lequartierimmobilier.com\/en\/property\/la-muette-large-2-rooms-bright\/"]}]},{"@type":"ImageObject","inLanguage":"en-US","@id":"https:\/\/lequartierimmobilier.com\/en\/property\/la-muette-large-2-rooms-bright\/#primaryimage","url":"https:\/\/lequartierimmobilier.com\/wp-content\/uploads\/2026\/03\/ff1c86e97d9404d1f3185c0a37c7f667_124bc26934_1264-original-23146-0.jpg","contentUrl":"https:\/\/lequartierimmobilier.com\/wp-content\/uploads\/2026\/03\/ff1c86e97d9404d1f3185c0a37c7f667_124bc26934_1264-original-23146-0.jpg","width":1264,"height":816},{"@type":"BreadcrumbList","@id":"https:\/\/lequartierimmobilier.com\/en\/property\/la-muette-large-2-rooms-bright\/#breadcrumb","itemListElement":[{"@type":"ListItem","position":1,"name":"Accueil","item":"https:\/\/lequartierimmobilier.com\/en\/accueil\/"},{"@type":"ListItem","position":2,"name":"Properties","item":"https:\/\/lequartierimmobilier.com\/en\/property\/"},{"@type":"ListItem","position":3,"name":"LA MUETTE &#8211; LARGE 2 rooms &#8211; BRIGHT"}]},{"@type":"WebSite","@id":"https:\/\/lequartierimmobilier.com\/en\/#website","url":"https:\/\/lequartierimmobilier.com\/en\/","name":"Le Quartier Immobilier","description":"Agence immobili\u00e8re Paris 15e","publisher":{"@id":"https:\/\/lequartierimmobilier.com\/en\/#organization"},"alternateName":"LQI","potentialAction":[{"@type":"SearchAction","target":{"@type":"EntryPoint","urlTemplate":"https:\/\/lequartierimmobilier.com\/en\/?s={search_term_string}"},"query-input":{"@type":"PropertyValueSpecification","valueRequired":true,"valueName":"search_term_string"}}],"inLanguage":"en-US"},{"@type":["Organization","Place"],"@id":"https:\/\/lequartierimmobilier.com\/en\/#organization","name":"Le Quartier Immobilier","url":"https:\/\/lequartierimmobilier.com\/en\/","logo":{"@id":"https:\/\/lequartierimmobilier.com\/en\/property\/la-muette-large-2-rooms-bright\/#local-main-organization-logo"},"image":{"@id":"https:\/\/lequartierimmobilier.com\/en\/property\/la-muette-large-2-rooms-bright\/#local-main-organization-logo"},"sameAs":["https:\/\/www.facebook.com\/profile.php?id=100091943688290","https:\/\/www.instagram.com\/le_quartier_immobilier\/"],"description":"Agence immobili\u00e8re bas\u00e9e dans le 15\u00e8me arrondissement, \u00e0 Paris.","legalName":"AVENIR IMMOBILIER","foundingDate":"2015-07-08","numberOfEmployees":{"@type":"QuantitativeValue","minValue":"1","maxValue":"10"},"address":{"@id":"https:\/\/lequartierimmobilier.com\/en\/property\/la-muette-large-2-rooms-bright\/#local-main-place-address"},"geo":{"@type":"GeoCoordinates","latitude":"48.845620802643225","longitude":"2.2844735210014395"},"telephone":["01 87 75 50 00"],"contactPoint":{"@type":"ContactPoint","telephone":"01 87 75 50 00","email":"contact@lequartierimmobilier.com"},"openingHoursSpecification":[{"@type":"OpeningHoursSpecification","dayOfWeek":["Monday","Tuesday","Wednesday","Thursday","Friday"],"opens":"10:00","closes":"19:00"},{"@type":"OpeningHoursSpecification","dayOfWeek":["Saturday"],"opens":"10:00","closes":"18:00"},{"@type":"OpeningHoursSpecification","dayOfWeek":["Sunday"],"opens":"00:00","closes":"00:00"}],"email":"contact@lequartierimmobilier.com","vatID":"FR67812477321","taxID":"81247732100028"},{"@type":"PostalAddress","@id":"https:\/\/lequartierimmobilier.com\/en\/property\/la-muette-large-2-rooms-bright\/#local-main-place-address","streetAddress":"98 RUE SAINT-CHARLES","addressLocality":"PARIS","postalCode":"75015","addressCountry":"FR"},{"@type":"ImageObject","inLanguage":"en-US","@id":"https:\/\/lequartierimmobilier.com\/en\/property\/la-muette-large-2-rooms-bright\/#local-main-organization-logo","url":"https:\/\/lequartierimmobilier.com\/wp-content\/uploads\/2025\/11\/logo-dore-Virginie-1-e1763134176550.png","contentUrl":"https:\/\/lequartierimmobilier.com\/wp-content\/uploads\/2025\/11\/logo-dore-Virginie-1-e1763134176550.png","width":1024,"height":280,"caption":"Le Quartier Immobilier"}]},"geo.placename":"PARIS","geo.position":{"lat":"48.845620802643225","long":"2.2844735210014395"},"geo.region":"France"},"_links":{"self":[{"href":"https:\/\/lequartierimmobilier.com\/en\/wp-json\/wp\/v2\/properties\/23147","targetHints":{"allow":["GET"]}}],"collection":[{"href":"https:\/\/lequartierimmobilier.com\/en\/wp-json\/wp\/v2\/properties"}],"about":[{"href":"https:\/\/lequartierimmobilier.com\/en\/wp-json\/wp\/v2\/types\/property"}],"author":[{"embeddable":true,"href":"https:\/\/lequartierimmobilier.com\/en\/wp-json\/wp\/v2\/users\/1"}],"version-history":[{"count":2,"href":"https:\/\/lequartierimmobilier.com\/en\/wp-json\/wp\/v2\/properties\/23147\/revisions"}],"predecessor-version":[{"id":23973,"href":"https:\/\/lequartierimmobilier.com\/en\/wp-json\/wp\/v2\/properties\/23147\/revisions\/23973"}],"wp:featuredmedia":[{"embeddable":true,"href":"https:\/\/lequartierimmobilier.com\/en\/wp-json\/wp\/v2\/media\/24027"}],"wp:attachment":[{"href":"https:\/\/lequartierimmobilier.com\/en\/wp-json\/wp\/v2\/media?parent=23147"}],"wp:term":[{"taxonomy":"property_type","embeddable":true,"href":"https:\/\/lequartierimmobilier.com\/en\/wp-json\/wp\/v2\/property_type?post=23147"},{"taxonomy":"property_status","embeddable":true,"href":"https:\/\/lequartierimmobilier.com\/en\/wp-json\/wp\/v2\/property_status?post=23147"},{"taxonomy":"property_feature","embeddable":true,"href":"https:\/\/lequartierimmobilier.com\/en\/wp-json\/wp\/v2\/property_feature?post=23147"},{"taxonomy":"property_label","embeddable":true,"href":"https:\/\/lequartierimmobilier.com\/en\/wp-json\/wp\/v2\/property_label?post=23147"},{"taxonomy":"property_country","embeddable":true,"href":"https:\/\/lequartierimmobilier.com\/en\/wp-json\/wp\/v2\/property_country?post=23147"},{"taxonomy":"property_state","embeddable":true,"href":"https:\/\/lequartierimmobilier.com\/en\/wp-json\/wp\/v2\/property_state?post=23147"},{"taxonomy":"property_city","embeddable":true,"href":"https:\/\/lequartierimmobilier.com\/en\/wp-json\/wp\/v2\/property_city?post=23147"},{"taxonomy":"property_area","embeddable":true,"href":"https:\/\/lequartierimmobilier.com\/en\/wp-json\/wp\/v2\/property_area?post=23147"}],"curies":[{"name":"wp","href":"https:\/\/api.w.org\/{rel}","templated":true}]}}