{"id":22175,"date":"2025-11-25T14:32:58","date_gmt":"2025-11-25T14:32:58","guid":{"rendered":"https:\/\/lequartierimmobilier.fr\/paris-15e-immobilier\/"},"modified":"2026-02-26T13:13:51","modified_gmt":"2026-02-26T13:13:51","slug":"paris-properties","status":"publish","type":"page","link":"https:\/\/lequartierimmobilier.com\/en\/paris-properties\/","title":{"rendered":"Paris 15th: all our properties"},"content":{"rendered":"","protected":false},"excerpt":{"rendered":"","protected":false},"author":1,"featured_media":0,"parent":0,"menu_order":0,"comment_status":"closed","ping_status":"closed","template":"template\/properties-parallax.php","meta":{"footnotes":""},"class_list":["post-22175","page","type-page","status-publish","hentry"],"yoast_head":"<!-- This site is optimized with the Yoast SEO Premium plugin v27.2 (Yoast SEO v27.2) - https:\/\/yoast.com\/product\/yoast-seo-premium-wordpress\/ -->\n<title>Paris 15th: all our properties - Le Quartier Immobilier<\/title>\n<meta name=\"robots\" content=\"index, follow, max-snippet:-1, max-image-preview:large, max-video-preview:-1\" \/>\n<link rel=\"canonical\" href=\"https:\/\/lequartierimmobilier.com\/en\/paris-properties\/\" \/>\n<meta property=\"og:locale\" content=\"en_US\" \/>\n<meta property=\"og:type\" content=\"article\" \/>\n<meta property=\"og:title\" content=\"Paris 15th: all our properties Le Quartier Immobilier\" \/>\n<meta property=\"og:url\" content=\"https:\/\/lequartierimmobilier.com\/en\/paris-properties\/\" \/>\n<meta property=\"og:site_name\" content=\"Le Quartier Immobilier\" \/>\n<meta property=\"article:publisher\" content=\"https:\/\/www.facebook.com\/profile.php?id=100091943688290\" \/>\n<meta property=\"article:modified_time\" content=\"2026-02-26T13:13:51+00:00\" \/>\n<meta property=\"og:image\" content=\"https:\/\/lequartierimmobilier.com\/wp-content\/uploads\/2026\/03\/0fe8f2013b462a76b82fc6bf64854fe0.jpg\" \/>\n\t<meta property=\"og:image:width\" content=\"1200\" \/>\n\t<meta property=\"og:image:height\" content=\"801\" \/>\n\t<meta property=\"og:image:type\" content=\"image\/jpeg\" \/>\n<meta name=\"twitter:card\" content=\"summary_large_image\" \/>\n<script type=\"application\/ld+json\" class=\"yoast-schema-graph\">{\"@context\":\"https:\/\/schema.org\",\"@graph\":[{\"@type\":[\"Article\",\"BlogPosting\"],\"@id\":\"https:\/\/lequartierimmobilier.com\/en\/paris-properties\/#article\",\"isPartOf\":{\"@id\":\"https:\/\/lequartierimmobilier.com\/en\/paris-properties\/\"},\"author\":{\"name\":\"Le Quartier Immobilier\",\"@id\":\"https:\/\/lequartierimmobilier.com\/en\/#\/schema\/person\/ebfa808657ddd0a276387830ad56f756\"},\"headline\":\"Paris 15th: all our properties\",\"datePublished\":\"2025-11-25T14:32:58+00:00\",\"dateModified\":\"2026-02-26T13:13:51+00:00\",\"mainEntityOfPage\":{\"@id\":\"https:\/\/lequartierimmobilier.com\/en\/paris-properties\/\"},\"wordCount\":5,\"publisher\":{\"@id\":\"https:\/\/lequartierimmobilier.com\/en\/#organization\"},\"inLanguage\":\"en-US\"},{\"@type\":\"WebPage\",\"@id\":\"https:\/\/lequartierimmobilier.com\/en\/paris-properties\/\",\"url\":\"https:\/\/lequartierimmobilier.com\/en\/paris-properties\/\",\"name\":\"Paris 15th: all our properties - Le Quartier Immobilier\",\"isPartOf\":{\"@id\":\"https:\/\/lequartierimmobilier.com\/en\/#website\"},\"datePublished\":\"2025-11-25T14:32:58+00:00\",\"dateModified\":\"2026-02-26T13:13:51+00:00\",\"breadcrumb\":{\"@id\":\"https:\/\/lequartierimmobilier.com\/en\/paris-properties\/#breadcrumb\"},\"inLanguage\":\"en-US\",\"potentialAction\":[{\"@type\":\"ReadAction\",\"target\":[\"https:\/\/lequartierimmobilier.com\/en\/paris-properties\/\"]}]},{\"@type\":\"BreadcrumbList\",\"@id\":\"https:\/\/lequartierimmobilier.com\/en\/paris-properties\/#breadcrumb\",\"itemListElement\":[{\"@type\":\"ListItem\",\"position\":1,\"name\":\"Accueil\",\"item\":\"https:\/\/lequartierimmobilier.com\/en\/accueil\/\"},{\"@type\":\"ListItem\",\"position\":2,\"name\":\"Paris 15th: all our properties\"}]},{\"@type\":\"WebSite\",\"@id\":\"https:\/\/lequartierimmobilier.com\/en\/#website\",\"url\":\"https:\/\/lequartierimmobilier.com\/en\/\",\"name\":\"Le Quartier Immobilier\",\"description\":\"Agence immobili\u00e8re Paris 15e\",\"publisher\":{\"@id\":\"https:\/\/lequartierimmobilier.com\/en\/#organization\"},\"alternateName\":\"LQI\",\"potentialAction\":[{\"@type\":\"SearchAction\",\"target\":{\"@type\":\"EntryPoint\",\"urlTemplate\":\"https:\/\/lequartierimmobilier.com\/en\/?s={search_term_string}\"},\"query-input\":{\"@type\":\"PropertyValueSpecification\",\"valueRequired\":true,\"valueName\":\"search_term_string\"}}],\"inLanguage\":\"en-US\"},{\"@type\":[\"Organization\",\"Place\"],\"@id\":\"https:\/\/lequartierimmobilier.com\/en\/#organization\",\"name\":\"Le Quartier Immobilier\",\"url\":\"https:\/\/lequartierimmobilier.com\/en\/\",\"logo\":{\"@id\":\"https:\/\/lequartierimmobilier.com\/en\/paris-properties\/#local-main-organization-logo\"},\"image\":{\"@id\":\"https:\/\/lequartierimmobilier.com\/en\/paris-properties\/#local-main-organization-logo\"},\"sameAs\":[\"https:\/\/www.facebook.com\/profile.php?id=100091943688290\",\"https:\/\/www.instagram.com\/le_quartier_immobilier\/\"],\"description\":\"Agence immobili\u00e8re bas\u00e9e dans le 15\u00e8me arrondissement, \u00e0 Paris.\",\"legalName\":\"AVENIR IMMOBILIER\",\"foundingDate\":\"2015-07-08\",\"numberOfEmployees\":{\"@type\":\"QuantitativeValue\",\"minValue\":\"1\",\"maxValue\":\"10\"},\"address\":{\"@id\":\"https:\/\/lequartierimmobilier.com\/en\/paris-properties\/#local-main-place-address\"},\"geo\":{\"@type\":\"GeoCoordinates\",\"latitude\":\"48.845620802643225\",\"longitude\":\"2.2844735210014395\"},\"telephone\":[\"01 87 75 50 00\"],\"contactPoint\":{\"@type\":\"ContactPoint\",\"telephone\":\"01 87 75 50 00\",\"email\":\"contact@lequartierimmobilier.com\"},\"openingHoursSpecification\":[{\"@type\":\"OpeningHoursSpecification\",\"dayOfWeek\":[\"Monday\",\"Tuesday\",\"Wednesday\",\"Thursday\",\"Friday\"],\"opens\":\"10:00\",\"closes\":\"19:00\"},{\"@type\":\"OpeningHoursSpecification\",\"dayOfWeek\":[\"Saturday\"],\"opens\":\"10:00\",\"closes\":\"18:00\"},{\"@type\":\"OpeningHoursSpecification\",\"dayOfWeek\":[\"Sunday\"],\"opens\":\"00:00\",\"closes\":\"00:00\"}],\"email\":\"contact@lequartierimmobilier.com\",\"vatID\":\"FR67812477321\",\"taxID\":\"81247732100028\"},{\"@type\":\"Person\",\"@id\":\"https:\/\/lequartierimmobilier.com\/en\/#\/schema\/person\/ebfa808657ddd0a276387830ad56f756\",\"name\":\"Le Quartier Immobilier\",\"image\":{\"@type\":\"ImageObject\",\"inLanguage\":\"en-US\",\"@id\":\"https:\/\/secure.gravatar.com\/avatar\/62ecccd7a9ff21c271481da1c20be9fa7a3997e422d86d63dac6014b292f4d8b?s=96&d=mm&r=g\",\"url\":\"https:\/\/secure.gravatar.com\/avatar\/62ecccd7a9ff21c271481da1c20be9fa7a3997e422d86d63dac6014b292f4d8b?s=96&d=mm&r=g\",\"contentUrl\":\"https:\/\/secure.gravatar.com\/avatar\/62ecccd7a9ff21c271481da1c20be9fa7a3997e422d86d63dac6014b292f4d8b?s=96&d=mm&r=g\",\"caption\":\"Le Quartier Immobilier\"},\"sameAs\":[\"https:\/\/lequartierimmobilier.fr\"]},{\"@type\":\"PostalAddress\",\"@id\":\"https:\/\/lequartierimmobilier.com\/en\/paris-properties\/#local-main-place-address\",\"streetAddress\":\"98 RUE SAINT-CHARLES\",\"addressLocality\":\"PARIS\",\"postalCode\":\"75015\",\"addressCountry\":\"FR\"},{\"@type\":\"ImageObject\",\"inLanguage\":\"en-US\",\"@id\":\"https:\/\/lequartierimmobilier.com\/en\/paris-properties\/#local-main-organization-logo\",\"url\":\"https:\/\/lequartierimmobilier.com\/wp-content\/uploads\/2025\/11\/logo-dore-Virginie-1-e1763134176550.png\",\"contentUrl\":\"https:\/\/lequartierimmobilier.com\/wp-content\/uploads\/2025\/11\/logo-dore-Virginie-1-e1763134176550.png\",\"width\":1024,\"height\":280,\"caption\":\"Le Quartier Immobilier\"}]}<\/script>\n<meta name=\"geo.placename\" content=\"PARIS\" \/>\n<meta name=\"geo.position\" content=\"48.845620802643225;2.2844735210014395\" \/>\n<meta name=\"geo.region\" content=\"France\" \/>\n<!-- \/ Yoast SEO Premium plugin. -->","yoast_head_json":{"title":"Paris 15th: all our properties - Le Quartier Immobilier","robots":{"index":"index","follow":"follow","max-snippet":"max-snippet:-1","max-image-preview":"max-image-preview:large","max-video-preview":"max-video-preview:-1"},"canonical":"https:\/\/lequartierimmobilier.com\/en\/paris-properties\/","og_locale":"en_US","og_type":"article","og_title":"Paris 15th: all our properties Le Quartier Immobilier","og_url":"https:\/\/lequartierimmobilier.com\/en\/paris-properties\/","og_site_name":"Le Quartier Immobilier","article_publisher":"https:\/\/www.facebook.com\/profile.php?id=100091943688290","article_modified_time":"2026-02-26T13:13:51+00:00","og_image":[{"width":1200,"height":801,"url":"https:\/\/lequartierimmobilier.com\/wp-content\/uploads\/2026\/03\/0fe8f2013b462a76b82fc6bf64854fe0.jpg","type":"image\/jpeg"}],"twitter_card":"summary_large_image","schema":{"@context":"https:\/\/schema.org","@graph":[{"@type":["Article","BlogPosting"],"@id":"https:\/\/lequartierimmobilier.com\/en\/paris-properties\/#article","isPartOf":{"@id":"https:\/\/lequartierimmobilier.com\/en\/paris-properties\/"},"author":{"name":"Le Quartier Immobilier","@id":"https:\/\/lequartierimmobilier.com\/en\/#\/schema\/person\/ebfa808657ddd0a276387830ad56f756"},"headline":"Paris 15th: all our properties","datePublished":"2025-11-25T14:32:58+00:00","dateModified":"2026-02-26T13:13:51+00:00","mainEntityOfPage":{"@id":"https:\/\/lequartierimmobilier.com\/en\/paris-properties\/"},"wordCount":5,"publisher":{"@id":"https:\/\/lequartierimmobilier.com\/en\/#organization"},"inLanguage":"en-US"},{"@type":"WebPage","@id":"https:\/\/lequartierimmobilier.com\/en\/paris-properties\/","url":"https:\/\/lequartierimmobilier.com\/en\/paris-properties\/","name":"Paris 15th: all our properties - Le Quartier Immobilier","isPartOf":{"@id":"https:\/\/lequartierimmobilier.com\/en\/#website"},"datePublished":"2025-11-25T14:32:58+00:00","dateModified":"2026-02-26T13:13:51+00:00","breadcrumb":{"@id":"https:\/\/lequartierimmobilier.com\/en\/paris-properties\/#breadcrumb"},"inLanguage":"en-US","potentialAction":[{"@type":"ReadAction","target":["https:\/\/lequartierimmobilier.com\/en\/paris-properties\/"]}]},{"@type":"BreadcrumbList","@id":"https:\/\/lequartierimmobilier.com\/en\/paris-properties\/#breadcrumb","itemListElement":[{"@type":"ListItem","position":1,"name":"Accueil","item":"https:\/\/lequartierimmobilier.com\/en\/accueil\/"},{"@type":"ListItem","position":2,"name":"Paris 15th: all our properties"}]},{"@type":"WebSite","@id":"https:\/\/lequartierimmobilier.com\/en\/#website","url":"https:\/\/lequartierimmobilier.com\/en\/","name":"Le Quartier Immobilier","description":"Agence immobili\u00e8re Paris 15e","publisher":{"@id":"https:\/\/lequartierimmobilier.com\/en\/#organization"},"alternateName":"LQI","potentialAction":[{"@type":"SearchAction","target":{"@type":"EntryPoint","urlTemplate":"https:\/\/lequartierimmobilier.com\/en\/?s={search_term_string}"},"query-input":{"@type":"PropertyValueSpecification","valueRequired":true,"valueName":"search_term_string"}}],"inLanguage":"en-US"},{"@type":["Organization","Place"],"@id":"https:\/\/lequartierimmobilier.com\/en\/#organization","name":"Le Quartier Immobilier","url":"https:\/\/lequartierimmobilier.com\/en\/","logo":{"@id":"https:\/\/lequartierimmobilier.com\/en\/paris-properties\/#local-main-organization-logo"},"image":{"@id":"https:\/\/lequartierimmobilier.com\/en\/paris-properties\/#local-main-organization-logo"},"sameAs":["https:\/\/www.facebook.com\/profile.php?id=100091943688290","https:\/\/www.instagram.com\/le_quartier_immobilier\/"],"description":"Agence immobili\u00e8re bas\u00e9e dans le 15\u00e8me arrondissement, \u00e0 Paris.","legalName":"AVENIR IMMOBILIER","foundingDate":"2015-07-08","numberOfEmployees":{"@type":"QuantitativeValue","minValue":"1","maxValue":"10"},"address":{"@id":"https:\/\/lequartierimmobilier.com\/en\/paris-properties\/#local-main-place-address"},"geo":{"@type":"GeoCoordinates","latitude":"48.845620802643225","longitude":"2.2844735210014395"},"telephone":["01 87 75 50 00"],"contactPoint":{"@type":"ContactPoint","telephone":"01 87 75 50 00","email":"contact@lequartierimmobilier.com"},"openingHoursSpecification":[{"@type":"OpeningHoursSpecification","dayOfWeek":["Monday","Tuesday","Wednesday","Thursday","Friday"],"opens":"10:00","closes":"19:00"},{"@type":"OpeningHoursSpecification","dayOfWeek":["Saturday"],"opens":"10:00","closes":"18:00"},{"@type":"OpeningHoursSpecification","dayOfWeek":["Sunday"],"opens":"00:00","closes":"00:00"}],"email":"contact@lequartierimmobilier.com","vatID":"FR67812477321","taxID":"81247732100028"},{"@type":"Person","@id":"https:\/\/lequartierimmobilier.com\/en\/#\/schema\/person\/ebfa808657ddd0a276387830ad56f756","name":"Le Quartier Immobilier","image":{"@type":"ImageObject","inLanguage":"en-US","@id":"https:\/\/secure.gravatar.com\/avatar\/62ecccd7a9ff21c271481da1c20be9fa7a3997e422d86d63dac6014b292f4d8b?s=96&d=mm&r=g","url":"https:\/\/secure.gravatar.com\/avatar\/62ecccd7a9ff21c271481da1c20be9fa7a3997e422d86d63dac6014b292f4d8b?s=96&d=mm&r=g","contentUrl":"https:\/\/secure.gravatar.com\/avatar\/62ecccd7a9ff21c271481da1c20be9fa7a3997e422d86d63dac6014b292f4d8b?s=96&d=mm&r=g","caption":"Le Quartier Immobilier"},"sameAs":["https:\/\/lequartierimmobilier.fr"]},{"@type":"PostalAddress","@id":"https:\/\/lequartierimmobilier.com\/en\/paris-properties\/#local-main-place-address","streetAddress":"98 RUE SAINT-CHARLES","addressLocality":"PARIS","postalCode":"75015","addressCountry":"FR"},{"@type":"ImageObject","inLanguage":"en-US","@id":"https:\/\/lequartierimmobilier.com\/en\/paris-properties\/#local-main-organization-logo","url":"https:\/\/lequartierimmobilier.com\/wp-content\/uploads\/2025\/11\/logo-dore-Virginie-1-e1763134176550.png","contentUrl":"https:\/\/lequartierimmobilier.com\/wp-content\/uploads\/2025\/11\/logo-dore-Virginie-1-e1763134176550.png","width":1024,"height":280,"caption":"Le Quartier Immobilier"}]},"geo.placename":"PARIS","geo.position":{"lat":"48.845620802643225","long":"2.2844735210014395"},"geo.region":"France"},"_links":{"self":[{"href":"https:\/\/lequartierimmobilier.com\/en\/wp-json\/wp\/v2\/pages\/22175","targetHints":{"allow":["GET"]}}],"collection":[{"href":"https:\/\/lequartierimmobilier.com\/en\/wp-json\/wp\/v2\/pages"}],"about":[{"href":"https:\/\/lequartierimmobilier.com\/en\/wp-json\/wp\/v2\/types\/page"}],"author":[{"embeddable":true,"href":"https:\/\/lequartierimmobilier.com\/en\/wp-json\/wp\/v2\/users\/1"}],"replies":[{"embeddable":true,"href":"https:\/\/lequartierimmobilier.com\/en\/wp-json\/wp\/v2\/comments?post=22175"}],"version-history":[{"count":3,"href":"https:\/\/lequartierimmobilier.com\/en\/wp-json\/wp\/v2\/pages\/22175\/revisions"}],"predecessor-version":[{"id":22987,"href":"https:\/\/lequartierimmobilier.com\/en\/wp-json\/wp\/v2\/pages\/22175\/revisions\/22987"}],"wp:attachment":[{"href":"https:\/\/lequartierimmobilier.com\/en\/wp-json\/wp\/v2\/media?parent=22175"}],"curies":[{"name":"wp","href":"https:\/\/api.w.org\/{rel}","templated":true}]}}